{"id":4645,"date":"2024-02-01T16:43:04","date_gmt":"2024-02-01T16:43:04","guid":{"rendered":"https:\/\/fundacioferrersustainability.org\/home\/"},"modified":"2026-03-06T14:12:29","modified_gmt":"2026-03-06T14:12:29","slug":"home","status":"publish","type":"page","link":"https:\/\/fundacioferrergreenforgood.org\/es\/","title":{"rendered":"Inicio"},"content":{"rendered":"\n<style type=\"text\/css\" data-created_by=\"avia_inline_auto\" id=\"style-css-av-lsdt6od7-fed87fe684631e098c054066095dcfb1\">\n#top .hr.av-lsdt6od7-fed87fe684631e098c054066095dcfb1{\nmargin-top:0px;\nmargin-bottom:20px;\n}\n.hr.av-lsdt6od7-fed87fe684631e098c054066095dcfb1 .hr-inner{\nwidth:100%;\nborder-color:#e2e7e1;\n}\n<\/style>\n<div  class='hr av-lsdt6od7-fed87fe684631e098c054066095dcfb1 hr-custom  avia-builder-el-0  el_before_av_section  avia-builder-el-no-sibling  hr-left hr-icon-no'><span class='hr-inner inner-border-av-border-thin'><span class=\"hr-inner-style\"><\/span><\/span><\/div>\n<\/div><\/div><\/div><!-- close content main div --><\/div><\/div>\n<style type=\"text\/css\" data-created_by=\"avia_inline_auto\" id=\"style-css-av-4nanov-3232096bedfa7ab469a7c09de124d7f9\">\n.avia-section.av-4nanov-3232096bedfa7ab469a7c09de124d7f9{\nmargin-top:30px;\nmargin-bottom:30px;\n}\n<\/style>\n<div id='av_section_1'  class='avia-section av-4nanov-3232096bedfa7ab469a7c09de124d7f9 main_color avia-section-default avia-no-border-styling  avia-builder-el-1  el_after_av_hr  el_before_av_section  avia-bg-style-scroll container_wrap fullsize'  ><div class='container av-section-cont-open' ><div class='template-page content  av-content-full alpha units'><div class='post-entry post-entry-type-page post-entry-4645'><div class='entry-content-wrapper clearfix'>\n<section  class='av_textblock_section av-mhxhszng-773cb8fce7ed28de2384c6b8399ef809 '   itemscope=\"itemscope\" itemtype=\"https:\/\/schema.org\/CreativeWork\" ><div class='avia_textblock textmaxwidth'  itemprop=\"text\" ><h1 style=\"text-align: center;\"><strong>Fomentamos ciudades m\u00e1s verdes, justas e inclusivas<\/strong><\/h1>\n<\/div><\/section>\n<section  class='av_textblock_section av-mih9pgfz-97fec1b2675469c7f1d43e3f4e51c448 '   itemscope=\"itemscope\" itemtype=\"https:\/\/schema.org\/CreativeWork\" ><div class='avia_textblock textmaxwidth'  itemprop=\"text\" ><h5 style=\"text-align: center;\"><strong>Impulsamos huertos urbanos sociales en r\u00e9gimen de permacultura para la pr\u00e1ctica e investigaci\u00f3n en agricultura regenerativa<\/strong><\/h5>\n<\/div><\/section>\n<div class='flex_column_table av-31mm1b-63aee47d530dd2bd58507a2955113ce2 sc-av_one_third av-equal-height-column-flextable'>\n<style type=\"text\/css\" data-created_by=\"avia_inline_auto\" id=\"style-css-av-31mm1b-63aee47d530dd2bd58507a2955113ce2\">\n.flex_column.av-31mm1b-63aee47d530dd2bd58507a2955113ce2{\nwidth:32.666666666667%;\nmargin-left:0;\n}\n#top .flex_column_table.av-equal-height-column-flextable.av-31mm1b-63aee47d530dd2bd58507a2955113ce2 .av-flex-placeholder{\nwidth:1%;\n}\n<\/style>\n<div  class='flex_column av-31mm1b-63aee47d530dd2bd58507a2955113ce2 av_one_third  avia-builder-el-4  el_after_av_textblock  el_before_av_one_third  first flex_column_table_cell av-equal-height-column av-align-top avia-link-column av-column-link  column-top-margin'    data-link-column-url=\"https:\/\/fundacioferrergreenforgood.org\/es\/quien-somos\/\"   ><a class=\"av-screen-reader-only\" href=https:\/\/fundacioferrergreenforgood.org\/es\/quien-somos\/ >Link to: Qui\u00e9nes somos<\/a><p>\n<style type=\"text\/css\" data-created_by=\"avia_inline_auto\" id=\"style-css-av-gahj3-93062893a90f6a61ad0b0fd74f4f62f9\">\n.avia-image-container.av-gahj3-93062893a90f6a61ad0b0fd74f4f62f9 img.avia_image{\nbox-shadow:none;\n}\n.avia-image-container.av-gahj3-93062893a90f6a61ad0b0fd74f4f62f9 .av-image-caption-overlay-center{\ncolor:#ffffff;\n}\n<\/style>\n<div  class='avia-image-container av-gahj3-93062893a90f6a61ad0b0fd74f4f62f9 av-styling-no-styling av-img-linked avia-align-left  avia-builder-el-5  el_before_av_hr  avia-builder-el-first '   itemprop=\"image\" itemscope=\"itemscope\" itemtype=\"https:\/\/schema.org\/ImageObject\" ><div class=\"avia-image-container-inner\"><div class=\"avia-image-overlay-wrap\"><a href=\"https:\/\/fundacioferrergreenforgood.org\/es\/quien-somos\/\" class='avia_image '  aria-label='Fundacion_Ferrer_Sustainability'><img decoding=\"async\" fetchpriority=\"high\" class='wp-image-7256 avia-img-lazy-loading-not-7256 avia_image ' src=\"https:\/\/fundacioferrergreenforgood.org\/wp-content\/uploads\/2025\/12\/Home-1.png\" alt='La Fundaci\u00f3n Ferrer Sustainability tiene por objectivo transformar vidas y trabajar para una sociedad m\u00e1s justa y equitativa' title='Fundacion_Ferrer_Sustainability'  height=\"740\" width=\"585\"  itemprop=\"thumbnailUrl\" srcset=\"https:\/\/fundacioferrergreenforgood.org\/wp-content\/uploads\/2025\/12\/Home-1.png 585w, https:\/\/fundacioferrergreenforgood.org\/wp-content\/uploads\/2025\/12\/Home-1-237x300.png 237w, https:\/\/fundacioferrergreenforgood.org\/wp-content\/uploads\/2025\/12\/Home-1-557x705.png 557w\" sizes=\"(max-width: 585px) 100vw, 585px\" \/><\/a><\/div><\/div><\/div><br \/>\n\n<style type=\"text\/css\" data-created_by=\"avia_inline_auto\" id=\"style-css-av-6fxh4f-8cd7861f2f999a2487eb20663a6f670d\">\n#top .hr.hr-invisible.av-6fxh4f-8cd7861f2f999a2487eb20663a6f670d{\nheight:20px;\n}\n<\/style>\n<div  class='hr av-6fxh4f-8cd7861f2f999a2487eb20663a6f670d hr-invisible  avia-builder-el-6  el_after_av_image  el_before_av_textblock '><span class='hr-inner '><span class=\"hr-inner-style\"><\/span><\/span><\/div><br \/>\n<section  class='av_textblock_section av-v7z291-c1eb05d92b8459c24b3f7c673cf6180b '   itemscope=\"itemscope\" itemtype=\"https:\/\/schema.org\/CreativeWork\" ><div class='avia_textblock'  itemprop=\"text\" ><h3><strong>La Fundaci\u00f3n<\/strong><\/h3>\n<p>Conoce nuestra misi\u00f3n<\/p>\n<\/div><\/section><br \/>\n<div  class='avia-button-wrap av-1uc039-4eccad55996c014034f10c2de1eb0528-wrap avia-button-left  avia-builder-el-8  el_after_av_textblock  avia-builder-el-last '><a href='https:\/\/fundacioferrergreenforgood.org\/es\/quien-somos\/'  class='avia-button av-1uc039-4eccad55996c014034f10c2de1eb0528 av-link-btn avia-icon_select-no avia-size-medium avia-position-left avia-color-theme-color'   aria-label=\"QUI\u00c9NES SOMOS\"><span class='avia_iconbox_title' >QUI\u00c9NES SOMOS<\/span><\/a><\/div><\/p><\/div><div class='av-flex-placeholder'><\/div>\n<style type=\"text\/css\" data-created_by=\"avia_inline_auto\" id=\"style-css-av-qdanwv-fa9b9a0eaecb151ce191a4fcfaf12499\">\n.flex_column.av-qdanwv-fa9b9a0eaecb151ce191a4fcfaf12499{\nwidth:32.666666666667%;\nmargin-left:0;\n}\n#top .flex_column_table.av-equal-height-column-flextable.av-qdanwv-fa9b9a0eaecb151ce191a4fcfaf12499 .av-flex-placeholder{\nwidth:1%;\n}\n<\/style>\n<div  class='flex_column av-qdanwv-fa9b9a0eaecb151ce191a4fcfaf12499 av_one_third  avia-builder-el-9  el_after_av_one_third  el_before_av_one_third  flex_column_table_cell av-equal-height-column av-align-top avia-link-column av-column-link  column-top-margin'    data-link-column-url=\"https:\/\/fundacioferrergreenforgood.org\/es\/green-for-good\/huertosgreenforgood\/\"   ><a class=\"av-screen-reader-only\" href=https:\/\/fundacioferrergreenforgood.org\/es\/green-for-good\/huertosgreenforgood\/ >Follow a manual added link<\/a><p>\n<style type=\"text\/css\" data-created_by=\"avia_inline_auto\" id=\"style-css-av-o2q20v-9582d31efcff6a986ee7babfd5275ca8\">\n.avia-image-container.av-o2q20v-9582d31efcff6a986ee7babfd5275ca8 img.avia_image{\nbox-shadow:none;\n}\n.avia-image-container.av-o2q20v-9582d31efcff6a986ee7babfd5275ca8 .av-image-caption-overlay-center{\ncolor:#ffffff;\n}\n<\/style>\n<div  class='avia-image-container av-o2q20v-9582d31efcff6a986ee7babfd5275ca8 av-styling-no-styling av-img-linked avia-align-left  avia-builder-el-10  el_before_av_hr  avia-builder-el-first '   itemprop=\"image\" itemscope=\"itemscope\" itemtype=\"https:\/\/schema.org\/ImageObject\" ><div class=\"avia-image-container-inner\"><div class=\"avia-image-overlay-wrap\"><a href=\"https:\/\/fundacioferrergreenforgood.org\/es\/green-for-good\/huertosgreenforgood\/\" class='avia_image '  aria-label='Fundacio_Ferrer_Proyectos'><img decoding=\"async\" fetchpriority=\"high\" class='wp-image-7258 avia-img-lazy-loading-not-7258 avia_image ' src=\"https:\/\/fundacioferrergreenforgood.org\/wp-content\/uploads\/2025\/12\/Home-2.png\" alt='Los poryectos que tiene la Fundaci\u00f3 Ferrer Sustainability' title='Fundacio_Ferrer_Proyectos'  height=\"740\" width=\"585\"  itemprop=\"thumbnailUrl\" srcset=\"https:\/\/fundacioferrergreenforgood.org\/wp-content\/uploads\/2025\/12\/Home-2.png 585w, https:\/\/fundacioferrergreenforgood.org\/wp-content\/uploads\/2025\/12\/Home-2-237x300.png 237w, https:\/\/fundacioferrergreenforgood.org\/wp-content\/uploads\/2025\/12\/Home-2-557x705.png 557w\" sizes=\"(max-width: 585px) 100vw, 585px\" \/><\/a><\/div><\/div><\/div><br \/>\n\n<style type=\"text\/css\" data-created_by=\"avia_inline_auto\" id=\"style-css-av-cjvun-a49ee215b172d83a69aeb44783880031\">\n#top .hr.hr-invisible.av-cjvun-a49ee215b172d83a69aeb44783880031{\nheight:20px;\n}\n<\/style>\n<div  class='hr av-cjvun-a49ee215b172d83a69aeb44783880031 hr-invisible  avia-builder-el-11  el_after_av_image  el_before_av_textblock '><span class='hr-inner '><span class=\"hr-inner-style\"><\/span><\/span><\/div><br \/>\n<section  class='av_textblock_section av-20q5yn-e15bef0bb07ac033d5f8f904b4ed36d3 '   itemscope=\"itemscope\" itemtype=\"https:\/\/schema.org\/CreativeWork\" ><div class='avia_textblock'  itemprop=\"text\" ><h3><strong>Huertos Green for Good<\/strong><\/h3>\n<p>\u00bfQu\u00e9 hacemos para generar un cambio real?<\/p>\n<\/div><\/section><br \/>\n<div  class='avia-button-wrap av-jsguwf-94ef9443de6fe80f1a260b299119ef5a-wrap avia-button-left  avia-builder-el-13  el_after_av_textblock  avia-builder-el-last '><a href='https:\/\/fundacioferrergreenforgood.org\/es\/green-for-good\/huertosgreenforgood\/'  class='avia-button av-jsguwf-94ef9443de6fe80f1a260b299119ef5a av-link-btn avia-icon_select-no avia-size-medium avia-position-left avia-color-theme-color'   aria-label=\"IMPLICACI\u00d3N\"><span class='avia_iconbox_title' >IMPLICACI\u00d3N<\/span><\/a><\/div><\/p><\/div><div class='av-flex-placeholder'><\/div>\n<style type=\"text\/css\" data-created_by=\"avia_inline_auto\" id=\"style-css-av-h5dpvj-66718be92904dbcf822528752fff9d5f\">\n.flex_column.av-h5dpvj-66718be92904dbcf822528752fff9d5f{\nwidth:32.666666666667%;\nmargin-left:0;\n}\n#top .flex_column_table.av-equal-height-column-flextable.av-h5dpvj-66718be92904dbcf822528752fff9d5f .av-flex-placeholder{\nwidth:1%;\n}\n<\/style>\n<div  class='flex_column av-h5dpvj-66718be92904dbcf822528752fff9d5f av_one_third  avia-builder-el-14  el_after_av_one_third  avia-builder-el-last  flex_column_table_cell av-equal-height-column av-align-top avia-link-column av-column-link  column-top-margin'    data-link-column-url=\"https:\/\/fundacioferrergreenforgood.org\/es\/contacto\/\"   ><a class=\"av-screen-reader-only\" href=https:\/\/fundacioferrergreenforgood.org\/es\/contacto\/ >Follow a manual added link<\/a><p>\n<style type=\"text\/css\" data-created_by=\"avia_inline_auto\" id=\"style-css-av-g4ozkv-09ac8851d81bc889223d5a20738070d3\">\n.avia-image-container.av-g4ozkv-09ac8851d81bc889223d5a20738070d3 img.avia_image{\nbox-shadow:none;\n}\n.avia-image-container.av-g4ozkv-09ac8851d81bc889223d5a20738070d3 .av-image-caption-overlay-center{\ncolor:#ffffff;\n}\n<\/style>\n<div  class='avia-image-container av-g4ozkv-09ac8851d81bc889223d5a20738070d3 av-styling-no-styling av-img-linked avia-align-left  avia-builder-el-15  el_before_av_hr  avia-builder-el-first '   itemprop=\"image\" itemscope=\"itemscope\" itemtype=\"https:\/\/schema.org\/ImageObject\" ><div class=\"avia-image-container-inner\"><div class=\"avia-image-overlay-wrap\"><a href=\"https:\/\/fundacioferrergreenforgood.org\/es\/contacto\/\" class='avia_image '  aria-label='Contacto y voluntariado'><img decoding=\"async\" fetchpriority=\"high\" class='wp-image-7260 avia-img-lazy-loading-not-7260 avia_image ' src=\"https:\/\/fundacioferrergreenforgood.org\/wp-content\/uploads\/2025\/12\/Home-3.png\" alt='Contacto y voluntariado' title='Contacto y voluntariado'  height=\"740\" width=\"585\"  itemprop=\"thumbnailUrl\" srcset=\"https:\/\/fundacioferrergreenforgood.org\/wp-content\/uploads\/2025\/12\/Home-3.png 585w, https:\/\/fundacioferrergreenforgood.org\/wp-content\/uploads\/2025\/12\/Home-3-237x300.png 237w, https:\/\/fundacioferrergreenforgood.org\/wp-content\/uploads\/2025\/12\/Home-3-557x705.png 557w\" sizes=\"(max-width: 585px) 100vw, 585px\" \/><\/a><\/div><\/div><\/div><br \/>\n\n<style type=\"text\/css\" data-created_by=\"avia_inline_auto\" id=\"style-css-av-2txwm7-302842dc4b2bcc352cb716ea7f12d30b\">\n#top .hr.hr-invisible.av-2txwm7-302842dc4b2bcc352cb716ea7f12d30b{\nheight:20px;\n}\n<\/style>\n<div  class='hr av-2txwm7-302842dc4b2bcc352cb716ea7f12d30b hr-invisible  avia-builder-el-16  el_after_av_image  el_before_av_textblock '><span class='hr-inner '><span class=\"hr-inner-style\"><\/span><\/span><\/div><br \/>\n<section  class='av_textblock_section av-cvdb3z-c302aa75c998cf73e2af1d1c868aedc4 '   itemscope=\"itemscope\" itemtype=\"https:\/\/schema.org\/CreativeWork\" ><div class='avia_textblock'  itemprop=\"text\" ><h3><strong>Contacto y voluntariado<\/strong><\/h3>\n<p>\u00bfC\u00f3mo ayudar?<\/p>\n<\/div><\/section><br \/>\n<div  class='avia-button-wrap av-ac5wy7-d438fe8b30d07a604630632207dc06a1-wrap avia-button-left  avia-builder-el-18  el_after_av_textblock  avia-builder-el-last '><a href='https:\/\/fundacioferrergreenforgood.org\/es\/contacto\/'  class='avia-button av-ac5wy7-d438fe8b30d07a604630632207dc06a1 av-link-btn avia-icon_select-no avia-size-medium avia-position-left avia-color-theme-color'   aria-label=\"\u00daNETE\"><span class='avia_iconbox_title' >\u00daNETE<\/span><\/a><\/div><\/p><\/div><\/div><!--close column table wrapper. Autoclose: 1 -->\n\n<\/div><\/div><\/div><!-- close content main div --><\/div><\/div>\n<style type=\"text\/css\" data-created_by=\"avia_inline_auto\" id=\"style-css-av-sk8rw5-4491ebb95e5f929ecc7876665630d3d3\">\n.avia-section.av-sk8rw5-4491ebb95e5f929ecc7876665630d3d3{\nmargin-top:30px;\nmargin-bottom:30px;\n}\n<\/style>\n<div id='av_section_2'  class='avia-section av-sk8rw5-4491ebb95e5f929ecc7876665630d3d3 main_color avia-section-default avia-no-border-styling  avia-builder-el-19  el_after_av_section  el_before_av_section  avia-bg-style-scroll container_wrap fullsize'  ><div class='container av-section-cont-open' ><div class='template-page content  av-content-full alpha units'><div class='post-entry post-entry-type-page post-entry-4645'><div class='entry-content-wrapper clearfix'>\n\n<style type=\"text\/css\" data-created_by=\"avia_inline_auto\" id=\"style-css-av-miouksbx-f77c9c177d156e78792606c5765b8e2e\">\n#top .hr.hr-invisible.av-miouksbx-f77c9c177d156e78792606c5765b8e2e{\nheight:20px;\n}\n<\/style>\n<div  class='hr av-miouksbx-f77c9c177d156e78792606c5765b8e2e hr-invisible  avia-builder-el-20  el_before_av_textblock  avia-builder-el-first '><span class='hr-inner '><span class=\"hr-inner-style\"><\/span><\/span><\/div>\n<section  class='av_textblock_section av-2uh727-12598db42849ec92e901963a4e5bd9d4 '   itemscope=\"itemscope\" itemtype=\"https:\/\/schema.org\/CreativeWork\" ><div class='avia_textblock'  itemprop=\"text\" ><h3 style=\"text-align: center;\"><strong>La Fundaci\u00f3n en cifras<\/strong><\/h3>\n<\/div><\/section>\n<div  class='flex_column av-qpfxth-6fb6e5955fc8b84b29d5e7d19d1c0289 av_one_third  avia-builder-el-22  el_after_av_textblock  el_before_av_one_third  first flex_column_div  column-top-margin'     ><div  class=\"avia-animated-number av-2mx8k5-1416126e8e1fb681306d0cd2eb0aa3b7 av-force-default-color avia_animate_when_visible  avia-builder-el-23  avia-builder-el-no-sibling  \" data-timer=\"3000\"><strong class=\"heading avia-animated-number-title\"><span class=\"avia-single-number __av-single-number\" data-number_format=\"\" data-number=\"5\" data-start_from=\"0\">5<\/span><\/strong><div class=\"avia-animated-number-content\"><p>HUERTOS EN R\u00c9GIMEN DE PERMACULTURA EN LA ACTUALIDAD<\/p>\n<\/div><\/div><\/div><div  class='flex_column av-omplyt-8828448fe4ac9bf122b2c9d9881b273f av_one_third  avia-builder-el-24  el_after_av_one_third  el_before_av_one_third  flex_column_div  column-top-margin'     ><div  class=\"avia-animated-number av-lrvu2t-67938271a084b00af4ae921a51d7d731 av-force-default-color avia_animate_when_visible  avia-builder-el-25  avia-builder-el-no-sibling  \" data-timer=\"3000\"><strong class=\"heading avia-animated-number-title\"><span class=\"avia-single-number __av-single-number\" data-number_format=\"\" data-number=\"7\" data-start_from=\"0\">7<\/span><span class=\"avia-no-number\">.<\/span><span class=\"avia-single-number __av-single-number\" data-number_format=\"\" data-number=\"205\" data-start_from=\"0\">205<\/span><\/strong><div class=\"avia-animated-number-content\"><p>METROS CUADRADOS DE CULTIVOS AUTOREGENERATIVOS EN LA ACTUALIDAD<\/p>\n<\/div><\/div><\/div><div  class='flex_column av-lbqzl1-9baad9e1a3e3481c55c20ceb3e0878bf av_one_third  avia-builder-el-26  el_after_av_one_third  el_before_av_one_third  flex_column_div  column-top-margin'     ><div  class=\"avia-animated-number av-ij7385-711095be2aafcdebf1f0757d84e12b39 av-force-default-color avia_animate_when_visible  avia-builder-el-27  avia-builder-el-no-sibling  \" data-timer=\"3000\"><strong class=\"heading avia-animated-number-title\"><span class=\"avia-single-number __av-single-number\" data-number_format=\"\" data-number=\"109\" data-start_from=\"0\">109<\/span><span class=\"avia-no-number\">.<\/span><span class=\"avia-single-number __av-single-number\" data-number_format=\"\" data-number=\"065\" data-start_from=\"0\">065<\/span><\/strong><div class=\"avia-animated-number-content\"><p>KG. DE FRUTAS Y HORTALIZAS ECOL\u00d3GICAS RECOLECTADAS DESDE 2022<\/p>\n<\/div><\/div><\/div><div  class='flex_column av-22oa9x-371b4fc537dd21d88dc1234e4fe4e4e1 av_one_third  avia-builder-el-28  el_after_av_one_third  el_before_av_one_third  first flex_column_div  column-top-margin'     ><div  class=\"avia-animated-number av-mk3wzoxn-3920a31275dd23b5f24f13027f284320 av-force-default-color avia_animate_when_visible  avia-builder-el-29  avia-builder-el-no-sibling  \" data-timer=\"3000\"><strong class=\"heading avia-animated-number-title\"><span class=\"avia-single-number __av-single-number\" data-number_format=\"\" data-number=\"21\" data-start_from=\"0\">21<\/span><span class=\"avia-no-number\">.<\/span><span class=\"avia-single-number __av-single-number\" data-number_format=\"\" data-number=\"865\" data-start_from=\"0\">865<\/span><\/strong><div class=\"avia-animated-number-content\"><p>KG. DE FRUTAS Y HORTALIZAS ECOL\u00d3GICAS RECOLECTADAS EN 2025<\/p>\n<\/div><\/div><\/div><div  class='flex_column av-i1rqcl-205bf709d9fac53176947a913a582cf3 av_one_third  avia-builder-el-30  el_after_av_one_third  el_before_av_one_third  flex_column_div  column-top-margin'     ><div  class=\"avia-animated-number av-f7q19h-2d378f73511af744da15815dc31c1eb7 av-force-default-color avia_animate_when_visible  avia-builder-el-31  avia-builder-el-no-sibling  \" data-timer=\"3000\"><strong class=\"heading avia-animated-number-title\"><span class=\"avia-single-number __av-single-number\" data-number_format=\"\" data-number=\"23\" data-start_from=\"0\">23<\/span><\/strong><div class=\"avia-animated-number-content\"><p>ALIANZAS Y ENTIDADES COLABORADORAS<\/p>\n<\/div><\/div><\/div><div  class='flex_column av-dk9wid-f015513c218632b9031cf9370293137a av_one_third  avia-builder-el-32  el_after_av_one_third  el_before_av_one_third  flex_column_div  column-top-margin'     ><div  class=\"avia-animated-number av-brgvb9-2125a1088dbd3884b2b428593a706abd av-force-default-color avia_animate_when_visible  avia-builder-el-33  avia-builder-el-no-sibling  \" data-timer=\"3000\"><strong class=\"heading avia-animated-number-title\"><span class=\"avia-single-number __av-single-number\" data-number_format=\"\" data-number=\"171\" data-start_from=\"0\">171<\/span><\/strong><div class=\"avia-animated-number-content\"><p>PERSONAS USUARIAS CADA A\u00d1O<\/p>\n<\/div><\/div><\/div><div  class='flex_column av-adkyj9-9b45b7b5b423e52271b674074e3c865c av_one_third  avia-builder-el-34  el_after_av_one_third  el_before_av_one_third  first flex_column_div  column-top-margin'     ><div  class=\"avia-animated-number av-9nggid-d4a978a7b27af33431bb8cfa123c8582 av-force-default-color avia_animate_when_visible  avia-builder-el-35  avia-builder-el-no-sibling  \" data-timer=\"3000\"><strong class=\"heading avia-animated-number-title\"><span class=\"avia-single-number __av-single-number\" data-number_format=\"\" data-number=\"445\" data-start_from=\"0\">445<\/span><\/strong><div class=\"avia-animated-number-content\"><p>FAMILIAS BENEFICIARIAS CADA A\u00d1O<\/p>\n<\/div><\/div><\/div><div  class='flex_column av-6tqc39-25e5cc3276e76ad82f4cb36912493ad2 av_one_third  avia-builder-el-36  el_after_av_one_third  el_before_av_one_third  flex_column_div  column-top-margin'     ><div  class=\"avia-animated-number av-5yeait-53e80c65d9acc5fcac0b711bc4c21e80 av-force-default-color avia_animate_when_visible  avia-builder-el-37  avia-builder-el-no-sibling  \" data-timer=\"3000\"><strong class=\"heading avia-animated-number-title\"><span class=\"avia-single-number __av-single-number\" data-number_format=\"\" data-number=\"967\" data-start_from=\"0\">967<\/span><\/strong><div class=\"avia-animated-number-content\"><p>PERSONAS VOLUNTARIAS DESDE 2022<\/p>\n<\/div><\/div><\/div><div  class='flex_column av-4501fp-04b1f212ca2623f4c6b0cdbd127a5d59 av_one_third  avia-builder-el-38  el_after_av_one_third  el_before_av_hr  flex_column_div  column-top-margin'     ><div  class=\"avia-animated-number av-2nybfp-d04e2a389315924e50ff470717ac8d30 av-force-default-color avia_animate_when_visible  avia-builder-el-39  avia-builder-el-no-sibling  \" data-timer=\"3000\"><strong class=\"heading avia-animated-number-title\"><span class=\"avia-single-number __av-single-number\" data-number_format=\"\" data-number=\"3\" data-start_from=\"0\">3<\/span><span class=\"avia-no-number\">.<\/span><span class=\"avia-single-number __av-single-number\" data-number_format=\"\" data-number=\"726\" data-start_from=\"0\">726<\/span><\/strong><div class=\"avia-animated-number-content\"><p>HORAS DE VOLUNTARIADO DESDE 2022<\/p>\n<\/div><\/div><\/div>\n<style type=\"text\/css\" data-created_by=\"avia_inline_auto\" id=\"style-css-av-mioul5hb-f271f5989fc84b4d514fa58a0882f8e2\">\n#top .hr.hr-invisible.av-mioul5hb-f271f5989fc84b4d514fa58a0882f8e2{\nheight:50px;\n}\n<\/style>\n<div  class='hr av-mioul5hb-f271f5989fc84b4d514fa58a0882f8e2 hr-invisible  avia-builder-el-40  el_after_av_one_third  avia-builder-el-last '><span class='hr-inner '><span class=\"hr-inner-style\"><\/span><\/span><\/div>\n<\/div><\/div><\/div><!-- close content main div --><\/div><\/div>\n<style type=\"text\/css\" data-created_by=\"avia_inline_auto\" id=\"style-css-av-d4gmol-6f4005db9e5e4de19402afefa27fb120\">\n.avia-section.av-d4gmol-6f4005db9e5e4de19402afefa27fb120{\nbackground-color:#e3e8e0;\nbackground-image:url(https:\/\/fundacioferrergreenforgood.org\/wp-content\/uploads\/2024\/02\/00-separadorgran-1.jpg);\nbackground-repeat:no-repeat;\nbackground-position:50% 0%;\nbackground-attachment:scroll;\n}\n<\/style>\n<div id='av_section_3'  class='avia-section av-d4gmol-6f4005db9e5e4de19402afefa27fb120 main_color avia-section-huge avia-no-border-styling  avia-builder-el-41  el_after_av_section  el_before_av_section  avia-full-contain avia-bg-style-scroll container_wrap fullsize'  data-section-bg-repeat='contain'><div class='container av-section-cont-open' ><div class='template-page content  av-content-full alpha units'><div class='post-entry post-entry-type-page post-entry-4645'><div class='entry-content-wrapper clearfix'>\n\n<style type=\"text\/css\" data-created_by=\"avia_inline_auto\" id=\"style-css-av-adgghx-80a46a3c17692f58bc9c8255c24e415e\">\n#top .hr.hr-invisible.av-adgghx-80a46a3c17692f58bc9c8255c24e415e{\nheight:50px;\n}\n<\/style>\n<div  class='hr av-adgghx-80a46a3c17692f58bc9c8255c24e415e hr-invisible  avia-builder-el-42  el_before_av_textblock  avia-builder-el-first '><span class='hr-inner '><span class=\"hr-inner-style\"><\/span><\/span><\/div>\n<section  class='av_textblock_section av-lvv1v3n5-4a1a46ea4baf5b76f1946b2924df6d1e '   itemscope=\"itemscope\" itemtype=\"https:\/\/schema.org\/CreativeWork\" ><div class='avia_textblock nouh2'  itemprop=\"text\" ><p style=\"text-align: center;\"><strong>Fundacions Ferrer<\/strong><\/p>\n<\/div><\/section>\n<section  class='av_textblock_section av-lvv1vfko-405dfcbf78cf72e6ee10a393ff3c70fb '   itemscope=\"itemscope\" itemtype=\"https:\/\/schema.org\/CreativeWork\" ><div class='avia_textblock footer-legal textmaxwidth'  itemprop=\"text\" ><p style=\"text-align: center;\"><span class=\"textcaveat\" style=\"color: #f9ae22;\">Aproximadamente el 50% de los beneficios netos de Ferrer se destinan a proyectos sociales, culturales y medioambientales.<\/span><\/p>\n<\/div><\/section>\n<section  class='av_textblock_section av-lvv1vmpk-40b2de9aaca2b96399d63f54c8a1b744 '   itemscope=\"itemscope\" itemtype=\"https:\/\/schema.org\/CreativeWork\" ><div class='avia_textblock textmaxwidth'  itemprop=\"text\" ><h6 style=\"text-align: center;\">La Fundaci\u00f3 Ferrer Green for Good es una de las Fundacions Ferrer, cinco organizaciones inspiradoras nacidas del firme compromiso de la farmac\u00e9utica Ferrer, compa\u00f1\u00eda B Corp que tiene como prop\u00f3sito utilizar su negocio para luchar por la justicia social. Las Fundacions Ferrer contribuyen a la socializaci\u00f3n de la riqueza a trav\u00e9s de proyectos que facilitan la igualdad de oportunidades y promueven la creaci\u00f3n, el conocimiento y el pensamiento cr\u00edtico desde \u00e1mbitos como el medio ambiente, la cultura, la educaci\u00f3n, los derechos humanos y el deporte.<\/h6>\n<\/div><\/section>\n\n<style type=\"text\/css\" data-created_by=\"avia_inline_auto\" id=\"style-css-av-8ykyut-666c185d43b98f53679031f5ad28670d\">\n#top .hr.hr-invisible.av-8ykyut-666c185d43b98f53679031f5ad28670d{\nheight:50px;\n}\n<\/style>\n<div  class='hr av-8ykyut-666c185d43b98f53679031f5ad28670d hr-invisible  avia-builder-el-46  el_after_av_textblock  avia-builder-el-last '><span class='hr-inner '><span class=\"hr-inner-style\"><\/span><\/span><\/div>\n<\/p>\n<\/div><\/div><\/div><!-- close content main div --><\/div><\/div>\n<style type=\"text\/css\" data-created_by=\"avia_inline_auto\" id=\"style-css-av-1vdxtx-74acbc742ee1fe6fa45cc136f0ed382f\">\n.avia-section.av-1vdxtx-74acbc742ee1fe6fa45cc136f0ed382f{\nbackground-repeat:repeat-x;\nbackground-image:url(https:\/\/fundacioferrergreenforgood.org\/wp-content\/uploads\/2024\/02\/00-separador-reves.jpg);\nbackground-position:50% 0%;\nbackground-attachment:scroll;\n}\n<\/style>\n<div id='av_section_4'  class='avia-section av-1vdxtx-74acbc742ee1fe6fa45cc136f0ed382f main_color avia-section-no-padding avia-no-border-styling  avia-builder-el-47  el_after_av_section  el_before_av_section  avia-bg-style-scroll av-minimum-height av-minimum-height-custom av-height-custom  container_wrap fullsize'  data-section-bg-repeat='repeat-x' data-av_minimum_height_px='80'><div class='container av-section-cont-open' style='height:80px'><div class='template-page content  av-content-full alpha units'><div class='post-entry post-entry-type-page post-entry-4645'><div class='entry-content-wrapper clearfix'>\n<\/div><\/div><\/div><!-- close content main div --><\/div><\/div><div id='av_section_5'  class='avia-section av-724jpx-1ed7792d4943e97fcf035ac83bfe07f3 main_color avia-section-default avia-no-border-styling  avia-builder-el-48  el_after_av_section  avia-builder-el-last  avia-bg-style-scroll container_wrap fullsize'  ><div class='container av-section-cont-open' ><div class='template-page content  av-content-full alpha units'><div class='post-entry post-entry-type-page post-entry-4645'><div class='entry-content-wrapper clearfix'>\n<section  class='av_textblock_section av-miounrrq-5cafc8bf939b732f511d29914878844f '   itemscope=\"itemscope\" itemtype=\"https:\/\/schema.org\/CreativeWork\" ><div class='avia_textblock nouh2'  itemprop=\"text\" ><p style=\"text-align: center;\"><strong>Noticias<\/strong><\/p>\n<\/div><\/section>\n<div id='av-masonry-1' class='av-masonry av-5qyl6d-8fa5c2c979c887c3f4926d37325f1e2a noHover av-fixed-size av-large-gap av-hover-overlay-active av-masonry-animation-active av-masonry-col-3 av-caption-always av-caption-style-overlay av-masonry-entries av-orientation-square ' data-post_id=\"4645\"><div class=\"av-masonry-container isotope av-js-disabled\"><div class='av-masonry-entry isotope-item av-masonry-item-no-image '><\/div><a href=\"https:\/\/fundacioferrergreenforgood.org\/es\/entrevista-creaf\/\"  id='av-masonry-1-item-7622' data-av-masonry-item='7622' class='av-masonry-entry isotope-item post-7622 post type-post status-publish format-standard has-post-thumbnail hentry category-huerto-ie-la-mina category-huerto-la-florida category-investigacion  av-masonry-item-with-image' title=\"Corina Basnou i Sandra Calduch\"   itemscope=\"itemscope\" itemtype=\"https:\/\/schema.org\/CreativeWork\" ><div class='av-inner-masonry-sizer'><\/div><figure class='av-inner-masonry main_color'><div class=\"av-masonry-outerimage-container\"><div class='av-masonry-image-container' style=\"background-image: url(https:\/\/fundacioferrergreenforgood.org\/wp-content\/uploads\/2026\/04\/Corina-Basnou-i-Sandra-Calduch-705x529.png);\"  title=\"Corina Basnou i Sandra Calduch\" ><\/div><\/div><figcaption class='av-inner-masonry-content site-background'><div class='av-inner-masonry-content-pos'><div class='av-inner-masonry-content-pos-content'><div class='avia-arrow'><\/div><div class='av-masonry-entry-content entry-content'  itemprop=\"text\" >Hablamos con las investigadoras del CREAF que realizan un estudio en los Huertos Green for Good<\/div><span class='av-masonry-date meta-color updated'>27 abril 2026<\/span><span class=\"av-masonry-text-sep text-sep-author\">\/<\/span><span class='av-masonry-author meta-color author'><span class='fn'>por comunicacioff<\/span><\/span><\/div><\/div><\/figcaption><\/figure><\/a><!--end av-masonry entry--><a href=\"https:\/\/fundacioferrergreenforgood.org\/es\/la-fundacio-ferrer-green-for-good-participa-en-una-accion-comunitaria-para-renaturalizar-el-barrio-de-la-mina\/\"  id='av-masonry-1-item-7602' data-av-masonry-item='7602' class='av-masonry-entry isotope-item post-7602 post type-post status-publish format-standard has-post-thumbnail hentry category-huerto-ie-la-mina  av-masonry-item-with-image' title=\"Taller bombes de llavors La Mina\"   itemscope=\"itemscope\" itemtype=\"https:\/\/schema.org\/CreativeWork\" ><div class='av-inner-masonry-sizer'><\/div><figure class='av-inner-masonry main_color'><div class=\"av-masonry-outerimage-container\"><div class='av-masonry-image-container' style=\"background-image: url(https:\/\/fundacioferrergreenforgood.org\/wp-content\/uploads\/2026\/03\/Taller-bombes-de-llavors-La-Mina-705x529.png);\"  title=\"Taller bombes de llavors La Mina\" ><\/div><\/div><figcaption class='av-inner-masonry-content site-background'><div class='av-inner-masonry-content-pos'><div class='av-inner-masonry-content-pos-content'><div class='avia-arrow'><\/div><div class='av-masonry-entry-content entry-content'  itemprop=\"text\" >La Fundaci\u00f3 Ferrer Green for Good participa en una acci\u00f3n comunitaria para renaturalizar el barrio de La Mina<\/div><span class='av-masonry-date meta-color updated'>26 marzo 2026<\/span><span class=\"av-masonry-text-sep text-sep-author\">\/<\/span><span class='av-masonry-author meta-color author'><span class='fn'>por comunicacioff<\/span><\/span><\/div><\/div><\/figcaption><\/figure><\/a><!--end av-masonry entry--><a href=\"https:\/\/fundacioferrergreenforgood.org\/es\/la-fundacio-ferrer-green-for-good-y-el-creaf-convierten-huertos-urbanos-sociales-en-laboratorios-vivos-para-entender-la-salud-ambiental-de-barcelona\/\"  id='av-masonry-1-item-7569' data-av-masonry-item='7569' class='av-masonry-entry isotope-item post-7569 post type-post status-publish format-standard has-post-thumbnail hentry category-huerto-ie-la-mina category-huerto-la-florida category-investigacion  av-masonry-item-with-image' title=\"PORTADA CREAF WEB\"   itemscope=\"itemscope\" itemtype=\"https:\/\/schema.org\/CreativeWork\" ><div class='av-inner-masonry-sizer'><\/div><figure class='av-inner-masonry main_color'><div class=\"av-masonry-outerimage-container\"><div class='av-masonry-image-container' style=\"background-image: url(https:\/\/fundacioferrergreenforgood.org\/wp-content\/uploads\/2026\/02\/PORTADA-CREAF-WEB-705x529.png);\"  title=\"PORTADA CREAF WEB\" ><\/div><\/div><figcaption class='av-inner-masonry-content site-background'><div class='av-inner-masonry-content-pos'><div class='av-inner-masonry-content-pos-content'><div class='avia-arrow'><\/div><div class='av-masonry-entry-content entry-content'  itemprop=\"text\" >La Fundaci\u00f3 Ferrer Green for Good y el CREAF presentan el proyecto de investigaci\u00f3n HealthyCities4All<\/div><span class='av-masonry-date meta-color updated'>18 febrero 2026<\/span><span class=\"av-masonry-text-sep text-sep-author\">\/<\/span><span class='av-masonry-author meta-color author'><span class='fn'>por comunicacioff<\/span><\/span><\/div><\/div><\/figcaption><\/figure><\/a><!--end av-masonry entry--><\/div><\/div>\n<div  class='avia-button-wrap av-ls3g948k-8d71f177badae31c7881a76f6cf9c228-wrap avia-button-center  avia-builder-el-51  el_after_av_masonry_entries  el_before_av_one_full  avia-builder-el-first '>\n<style type=\"text\/css\" data-created_by=\"avia_inline_auto\" id=\"style-css-av-ls3g948k-8d71f177badae31c7881a76f6cf9c228\">\n#top #wrap_all .avia-button.av-ls3g948k-8d71f177badae31c7881a76f6cf9c228{\nmargin:15px 0 0 0;\n}\n<\/style>\n<a href='https:\/\/fundacioferrergreenforgood.org\/es\/noticies\/'  class='avia-button av-ls3g948k-8d71f177badae31c7881a76f6cf9c228 av-link-btn avia-icon_select-no avia-size-medium avia-position-center avia-color-theme-color'   aria-label=\"M\u00c1S NOTICIAS\"><span class='avia_iconbox_title' >M\u00c1S NOTICIAS<\/span><\/a><\/div>\n<div class='flex_column_table av-4f7711-678f80f8893f593f931f917f87173ac7 sc-av_one_full av-equal-height-column-flextable'><div  class='flex_column av-4f7711-678f80f8893f593f931f917f87173ac7 av_one_full  avia-builder-el-52  el_after_av_button  avia-builder-el-last  first no_margin flex_column_table_cell av-equal-height-column av-align-middle  '     ><section  class='av_textblock_section av-miouo0vc-7cd98640cfc25e02da2901b5cae47d58 '   itemscope=\"itemscope\" itemtype=\"https:\/\/schema.org\/CreativeWork\" ><div class='avia_textblock'  itemprop=\"text\" ><h4 style=\"text-align: center;\"><strong>Tambi\u00e9n nos encontrar\u00e1s en&#8230;<\/strong><\/h4>\n<\/div><\/section><br \/>\n<section  class='av_textblock_section av-27fytx-8f319bea28181de903127fe932497a1b '   itemscope=\"itemscope\" itemtype=\"https:\/\/schema.org\/CreativeWork\" ><div class='avia_textblock nouh2'  itemprop=\"text\" >\n<div id=\"sb_instagram\"  class=\"sbi sbi_mob_col_2 sbi_tab_col_3 sbi_col_5 sbi_width_resp sbi-theme sbi-default_theme sbi-style-regular\" style=\"padding-bottom: 12px;\" data-post-style=\"regular\" data-feedid=\"*1\"  data-res=\"auto\" data-cols=\"5\" data-colsmobile=\"2\" data-colstablet=\"3\" data-num=\"10\" data-nummobile=\"8\" data-header-size=\"medium\" data-item-padding=\"6\" data-shortcode-atts=\"{&quot;feed&quot;:&quot;1&quot;}\"  data-postid=\"4645\" data-locatornonce=\"1547093cc5\" data-options=\"{&quot;grid&quot;:true,&quot;avatars&quot;:{&quot;ffgreenforgood&quot;:&quot;https:\\\/\\\/scontent-lhr6-1.cdninstagram.com\\\/v\\\/t51.75761-19\\\/504492127_18047685233609580_190411476099131421_n.jpg?stp=dst-jpg_s206x206_tt6&amp;_nc_cat=110&amp;ccb=7-5&amp;_nc_sid=bf7eb4&amp;efg=eyJ2ZW5jb2RlX3RhZyI6InByb2ZpbGVfcGljLnd3dy44NjAuQzMifQ%3D%3D&amp;_nc_ohc=7YkQSxce17EQ7kNvwFdpDOZ&amp;_nc_oc=Adk16rbXONmv9WoHdZQ6qwrB-SI4h0Pl89pGYiCCrXk_p5kjOUbidaUs6DLVRGh4lj4&amp;_nc_zt=24&amp;_nc_ht=scontent-lhr6-1.cdninstagram.com&amp;edm=AP4hL3IEAAAA&amp;_nc_gid=SIr5PfSA7ZcpIXtSaB1j2g&amp;_nc_tpa=Q5bMBQFh7gIqpI5icvkMBqmYHv2zcze12n0V-rQbfu9oJ6z_JOBiGBZWoroPGjPqNGcroDUJtoFXe5lsww&amp;oh=00_AfkZidvXlctRYmWtOItTmCjbuHZga4nqIo46z71Zl-CqWQ&amp;oe=6934C17F&quot;,&quot;LCLffgreenforgood&quot;:&quot;https:\\\/\\\/fundacioferrergreenforgood.org\\\/wp-content\\\/uploads\\\/sb-instagram-feed-images\\\/ffgreenforgood.webp&quot;},&quot;lightboxcomments&quot;:20,&quot;colsmobile&quot;:2,&quot;colstablet&quot;:&quot;3&quot;,&quot;feedtheme&quot;:&quot;default_theme&quot;,&quot;imageaspectratio&quot;:&quot;1:1&quot;}\" data-sbi-flags=\"favorLocal,gdpr\">\n\n\n    <div id=\"sbi_images\" style=\"gap: 12px;\">\n\t\t<div class=\"sbi_item sbi_type_carousel sbi_new sbi_transition\" id=\"sbi_18099228479282415\" data-date=\"1776867531\" data-numcomments=\"0\"data-template=ft_simple_grid>\n    <div class=\"sbi_inner_wrap\" >\n        \n\t\t<div class=\"sbi_photo_wrap\"  style=\"border-radius: inherit;\">\n        <svg class=\"svg-inline--fa fa-clone fa-w-16 sbi_lightbox_carousel_icon\" aria-hidden=\"true\" aria-label=\"Clone\" data-fa-pro\u0192cessed=\"\" data-prefix=\"far\" data-icon=\"clone\" role=\"img\" xmlns=\"http:\/\/www.w3.org\/2000\/svg\" viewBox=\"0 0 512 512\">\n\t                <path fill=\"currentColor\" d=\"M464 0H144c-26.51 0-48 21.49-48 48v48H48c-26.51 0-48 21.49-48 48v320c0 26.51 21.49 48 48 48h320c26.51 0 48-21.49 48-48v-48h48c26.51 0 48-21.49 48-48V48c0-26.51-21.49-48-48-48zM362 464H54a6 6 0 0 1-6-6V150a6 6 0 0 1 6-6h42v224c0 26.51 21.49 48 48 48h224v42a6 6 0 0 1-6 6zm96-96H150a6 6 0 0 1-6-6V54a6 6 0 0 1 6-6h308a6 6 0 0 1 6 6v308a6 6 0 0 1-6 6z\"><\/path>\n\t            <\/svg>    \n    <div   class=\"sbi_link \" >\n        <div class=\"sbi_hover_top\">\n            \n            \n                <p class=\"sbi_hover_caption_wrap\" \n        >\n        <span class=\"sbi_caption\">\ud83c\udf0d Avui, Dia Internacional de la Terra, el planeta ens parla ben clar. I les dades tamb\u00e9.<br><br><br>Els \u00faltims informes internacionals ens mostren que els ecosistemes que sostenen la vida estan sota una pressi\u00f3 creixent. Els fen\u00f2mens clim\u00e0tics extrems s\u2019intensifiquen, els ecosistemes es degraden i la seva restauraci\u00f3 \u00e9s clau per afrontar tant la crisi clim\u00e0tica com les desigualtats socials.<br><br><br>A aquesta realitat s\u2019hi suma un fet especialment rellevant en entorns urbans. Segons WWF, les ciutats generen gaireb\u00e9 el 70% de les emissions globals de carboni. I, al mateix temps, la responsabilitat no es distribueix de manera equitativa. Una part molt redu\u00efda de la poblaci\u00f3 concentra una gran part de les emissions, mentre que les comunitats m\u00e9s vulnerables en pateixen les conseq\u00fc\u00e8ncies de manera desproporcionada.<br><br><br>Davant d\u2019aquest context, des de la Fundaci\u00f3 Ferrer Green for Good defensem que la regeneraci\u00f3 tamb\u00e9 es construeix des de les ciutats. A trav\u00e9s dels horts urbans socials i la permacultura, impulsem espais que recuperen la vida del s\u00f2l, fomenten la biodiversitat i reforcen el teixit comunitari. Perqu\u00e8 cuidar la terra \u00e9s tamb\u00e9 cuidar les persones, i perqu\u00e8 la transici\u00f3 cap a ciutats m\u00e9s verdes, justes i inclusives comen\u00e7a amb accions concretes i compartides.<br><br><br>\ud83d\udcf8NASA (Imatge de portada)<br><br><br>#DiaDeLaTerra #GreenForGood<\/span>\n    <\/p>\n\n        <\/div>\n        \n        \n        <div class=\"sbi_hover_bottom \">\n\n            \n                            <div class=\"sbi_meta\">\n                    \n                        <span class=\"sbi_likes\" style=\"font-size: 13px;\" >\n        <svg  style=\"font-size: 13px;\" class=\"svg-inline--fa fa-heart fa-w-18\" aria-hidden=\"true\" data-fa-processed=\"\" data-prefix=\"fa\" data-icon=\"heart\" role=\"presentation\" xmlns=\"http:\/\/www.w3.org\/2000\/svg\" viewBox=\"0 0 576 512\"><path fill=\"currentColor\" d=\"M414.9 24C361.8 24 312 65.7 288 89.3 264 65.7 214.2 24 161.1 24 70.3 24 16 76.9 16 165.5c0 72.6 66.8 133.3 69.2 135.4l187 180.8c8.8 8.5 22.8 8.5 31.6 0l186.7-180.2c2.7-2.7 69.5-63.5 69.5-136C560 76.9 505.7 24 414.9 24z\"><\/path><\/svg>        17    <\/span>\n\n\n\n\n    <span class=\"sbi_comments\" style=\"font-size: 13px;\" >\n        <svg  style=\"font-size: 13px;\" class=\"svg-inline--fa fa-comment fa-w-18\" aria-hidden=\"true\" data-fa-processed=\"\" data-prefix=\"fa\" data-icon=\"comment\" role=\"presentation\" xmlns=\"http:\/\/www.w3.org\/2000\/svg\" viewBox=\"0 0 576 512\"><path fill=\"currentColor\" d=\"M576 240c0 115-129 208-288 208-48.3 0-93.9-8.6-133.9-23.8-40.3 31.2-89.8 50.3-142.4 55.7-5.2.6-10.2-2.8-11.5-7.7-1.3-5 2.7-8.1 6.6-11.8 19.3-18.4 42.7-32.8 51.9-94.6C21.9 330.9 0 287.3 0 240 0 125.1 129 32 288 32s288 93.1 288 208z\"><\/path><\/svg>        0    <\/span>\n\n\n\n\n                <\/div>\n            \n        <\/div>\n\n        <a class=\"sbi_link_area nofancybox\" rel=\"nofollow noopener\" href=\"https:\/\/scontent-lhr8-2.cdninstagram.com\/v\/t51.82787-15\/672492699_18084028649609580_959217030170325185_n.jpg?stp=dst-jpg_e35_tt6&#038;_nc_cat=106&#038;ccb=7-5&#038;_nc_sid=18de74&#038;efg=eyJlZmdfdGFnIjoiQ0FST1VTRUxfSVRFTS5iZXN0X2ltYWdlX3VybGdlbi5DMyJ9&#038;_nc_ohc=jAusg-v93-IQ7kNvwHf1x0W&#038;_nc_oc=AdoJqCMqC2R9TDy-qgwO4G6qgLLPC29H7LnWPi0TF2erFZyssCmX8Iw4yzupj1p0gw8&#038;_nc_zt=23&#038;_nc_ht=scontent-lhr8-2.cdninstagram.com&#038;edm=ANo9K5cEAAAA&#038;_nc_gid=fVWYxcAnk7tq524bhAI9BA&#038;_nc_tpa=Q5bMBQGfJc2zH4p9wtZIdjx7IXmb2wA1DcmFgP6GhoNLOwgVXTUwyZWu6M-4PqQIqXBczcBNJiSSkzqY7g&#038;oh=00_Af48NPEdKwn-cxUK1qJg0IR22mVSQz2cDRAyb88FDVBUzw&#038;oe=69FAE7AA\" data-lightbox-sbi=\"\" data-title=\"\ud83c\udf0d Avui, Dia Internacional de la Terra, el planeta ens parla ben clar. I les dades tamb\u00e9.&lt;br&gt;\n\r&lt;br&gt;\nEls \u00faltims informes internacionals ens mostren que els ecosistemes que sostenen la vida estan sota una pressi\u00f3 creixent. Els fen\u00f2mens clim\u00e0tics extrems s\u2019intensifiquen, els ecosistemes es degraden i la seva restauraci\u00f3 \u00e9s clau per afrontar tant la crisi clim\u00e0tica com les desigualtats socials.&lt;br&gt;\n\r&lt;br&gt;\nA aquesta realitat s\u2019hi suma un fet especialment rellevant en entorns urbans. Segons WWF, les ciutats generen gaireb\u00e9 el 70% de les emissions globals de carboni. I, al mateix temps, la responsabilitat no es distribueix de manera equitativa. Una part molt redu\u00efda de la poblaci\u00f3 concentra una gran part de les emissions, mentre que les comunitats m\u00e9s vulnerables en pateixen les conseq\u00fc\u00e8ncies de manera desproporcionada.&lt;br&gt;\n\r&lt;br&gt;\nDavant d\u2019aquest context, des de la Fundaci\u00f3 Ferrer Green for Good defensem que la regeneraci\u00f3 tamb\u00e9 es construeix des de les ciutats. A trav\u00e9s dels horts urbans socials i la permacultura, impulsem espais que recuperen la vida del s\u00f2l, fomenten la biodiversitat i reforcen el teixit comunitari. Perqu\u00e8 cuidar la terra \u00e9s tamb\u00e9 cuidar les persones, i perqu\u00e8 la transici\u00f3 cap a ciutats m\u00e9s verdes, justes i inclusives comen\u00e7a amb accions concretes i compartides.&lt;br&gt;\n\r&lt;br&gt;\n\ud83d\udcf8NASA (Imatge de portada)&lt;br&gt;\n\r&lt;br&gt;\n#DiaDeLaTerra #GreenForGood\" data-video=\"\" data-carousel=\"{&quot;data&quot;:[{&quot;type&quot;:&quot;image&quot;,&quot;media&quot;:&quot;https:\\\/\\\/scontent-lhr8-2.cdninstagram.com\\\/v\\\/t51.82787-15\\\/672492699_18084028649609580_959217030170325185_n.jpg?stp=dst-jpg_e35_tt6&amp;_nc_cat=106&amp;ccb=7-5&amp;_nc_sid=18de74&amp;efg=eyJlZmdfdGFnIjoiQ0FST1VTRUxfSVRFTS5iZXN0X2ltYWdlX3VybGdlbi5DMyJ9&amp;_nc_ohc=jAusg-v93-IQ7kNvwHf1x0W&amp;_nc_oc=AdoJqCMqC2R9TDy-qgwO4G6qgLLPC29H7LnWPi0TF2erFZyssCmX8Iw4yzupj1p0gw8&amp;_nc_zt=23&amp;_nc_ht=scontent-lhr8-2.cdninstagram.com&amp;edm=ANo9K5cEAAAA&amp;_nc_gid=fVWYxcAnk7tq524bhAI9BA&amp;_nc_tpa=Q5bMBQG528jpHQgYkkqnqZ1reeeKmKu3BAymlz3T8Z8wqyAaoMi9N7PWnoRAyFavn2rUbkcUv9AKK78s5g&amp;oh=00_Af49VuJk_idKyj_KJXQ4prbs_4Px92BO4c-TaYY-xRXlOA&amp;oe=69FAE7AA&quot;},{&quot;type&quot;:&quot;image&quot;,&quot;media&quot;:&quot;https:\\\/\\\/scontent-lhr6-1.cdninstagram.com\\\/v\\\/t51.82787-15\\\/672344434_18084028658609580_1082688488690082682_n.jpg?stp=dst-jpg_e35_tt6&amp;_nc_cat=109&amp;ccb=7-5&amp;_nc_sid=18de74&amp;efg=eyJlZmdfdGFnIjoiQ0FST1VTRUxfSVRFTS5iZXN0X2ltYWdlX3VybGdlbi5DMyJ9&amp;_nc_ohc=403FvEUKtBkQ7kNvwF8L0fx&amp;_nc_oc=AdqgXyqXov-XYeZQJGmAkD_VLbHgnJCVcCLTi1GlVDMFyoRMhrgOuWf4v-fpr1deO6Q&amp;_nc_zt=23&amp;_nc_ht=scontent-lhr6-1.cdninstagram.com&amp;edm=ANo9K5cEAAAA&amp;_nc_gid=fVWYxcAnk7tq524bhAI9BA&amp;_nc_tpa=Q5bMBQEnCPKX5tgcfTXwBoo7qJA5_YNlG9Qlka_wndPB-g6HyHbzyGFJg1tuTxSUcyC6Xt4GlmMfY_er9w&amp;oh=00_Af4Gt4krQPimq_-F3sKFjZ4pG3_dR47QAgf-Vh3Wc75z0A&amp;oe=69FAE7C6&quot;},{&quot;type&quot;:&quot;image&quot;,&quot;media&quot;:&quot;https:\\\/\\\/scontent-lhr6-2.cdninstagram.com\\\/v\\\/t51.82787-15\\\/670638017_18084028634609580_8930003024680986652_n.jpg?stp=dst-jpg_e35_tt6&amp;_nc_cat=105&amp;ccb=7-5&amp;_nc_sid=18de74&amp;efg=eyJlZmdfdGFnIjoiQ0FST1VTRUxfSVRFTS5iZXN0X2ltYWdlX3VybGdlbi5DMyJ9&amp;_nc_ohc=SqMd-K-4frgQ7kNvwHQ_Qkq&amp;_nc_oc=Adp2wQXdtPqs8RzK5fAXD-k2ypUHJPqutmkBwmNRTqJXF015zbCLPWZ1G0-DlRXzEts&amp;_nc_zt=23&amp;_nc_ht=scontent-lhr6-2.cdninstagram.com&amp;edm=ANo9K5cEAAAA&amp;_nc_gid=fVWYxcAnk7tq524bhAI9BA&amp;_nc_tpa=Q5bMBQEkvDqFDCzJl_gyKW5c2XiDFP8rsMVUjM3MK0L44lWvfSi4PRFFp57e8FOZLsqsSJAJXkkPkhYHvQ&amp;oh=00_Af6CvnFYOCzM0w76AaKYN9x1UewNxAnIOw2rs9VetP2YEg&amp;oe=69FAD002&quot;},{&quot;type&quot;:&quot;image&quot;,&quot;media&quot;:&quot;https:\\\/\\\/scontent-lhr8-1.cdninstagram.com\\\/v\\\/t51.82787-15\\\/671867260_18084028601609580_4923217888930234787_n.jpg?stp=dst-jpg_e35_tt6&amp;_nc_cat=107&amp;ccb=7-5&amp;_nc_sid=18de74&amp;efg=eyJlZmdfdGFnIjoiQ0FST1VTRUxfSVRFTS5iZXN0X2ltYWdlX3VybGdlbi5DMyJ9&amp;_nc_ohc=RofcdAlkXd4Q7kNvwGMy2g4&amp;_nc_oc=Ado67hWeU1ni24an1kRRvJKgrZcPRNXUhlCqQkPSmnJ40g1ayEoGW7NWmZNbrU4Y9hY&amp;_nc_zt=23&amp;_nc_ht=scontent-lhr8-1.cdninstagram.com&amp;edm=ANo9K5cEAAAA&amp;_nc_gid=fVWYxcAnk7tq524bhAI9BA&amp;_nc_tpa=Q5bMBQHVxfmW62UNf-xURvI5iWf-wZXUSB27_4TVYwJgvk2FkrEAMG_fPUJtMw-OxV0BTMlujequa2tj5g&amp;oh=00_Af74_70bM22OkTNttq_taxe2Lc46NTgbeIuhjjB4mYrHGQ&amp;oe=69FAD4CF&quot;},{&quot;type&quot;:&quot;image&quot;,&quot;media&quot;:&quot;https:\\\/\\\/scontent-lhr8-1.cdninstagram.com\\\/v\\\/t51.82787-15\\\/670899699_18084028628609580_2394416265148098954_n.jpg?stp=dst-jpg_e35_tt6&amp;_nc_cat=108&amp;ccb=7-5&amp;_nc_sid=18de74&amp;efg=eyJlZmdfdGFnIjoiQ0FST1VTRUxfSVRFTS5iZXN0X2ltYWdlX3VybGdlbi5DMyJ9&amp;_nc_ohc=tAZFM17N2-8Q7kNvwE2QQTF&amp;_nc_oc=AdoyU1ar5fMv_3yS2R_AWj2g8YXh7E0K8ocnJAc7b3h_Q7UeH9glux_nBLpTZyTnd0c&amp;_nc_zt=23&amp;_nc_ht=scontent-lhr8-1.cdninstagram.com&amp;edm=ANo9K5cEAAAA&amp;_nc_gid=fVWYxcAnk7tq524bhAI9BA&amp;_nc_tpa=Q5bMBQEMsjL8z71W-qz0q0TrM1BL4C16DeUn-QYzSK-rudL6WJKXg-WIVi-xdMKPHWId1hQXy_K5R5qR7w&amp;oh=00_Af4IYoOqr_P5ti8iyLZTX1pbYmUh06CwoayPa9UFGq_SXQ&amp;oe=69FAD379&quot;},{&quot;type&quot;:&quot;image&quot;,&quot;media&quot;:&quot;https:\\\/\\\/scontent-lhr6-1.cdninstagram.com\\\/v\\\/t51.82787-15\\\/670925382_18084028643609580_6727932573255050784_n.jpg?stp=dst-jpg_e35_tt6&amp;_nc_cat=109&amp;ccb=7-5&amp;_nc_sid=18de74&amp;efg=eyJlZmdfdGFnIjoiQ0FST1VTRUxfSVRFTS5iZXN0X2ltYWdlX3VybGdlbi5DMyJ9&amp;_nc_ohc=-ZMJQZhFEw4Q7kNvwE4N9qn&amp;_nc_oc=Adr-s263Prw8FF9-t5hxGhL06L1f29PiuaW31Bwu51oR4ZvP1PNHQiTTOvegp7qdilk&amp;_nc_zt=23&amp;_nc_ht=scontent-lhr6-1.cdninstagram.com&amp;edm=ANo9K5cEAAAA&amp;_nc_gid=fVWYxcAnk7tq524bhAI9BA&amp;_nc_tpa=Q5bMBQE08d6H0bHnAJNVo7R2Mzg-iExBmBFYtOCePEIzsufEPiLNVDo25yGwnl6Cac7Rtc1amAES2aXPhg&amp;oh=00_Af7m1xPE48ZbON3HP_oU_H_TJrAR8AUMKc66Ay53ZLo_oQ&amp;oe=69FAD89C&quot;},{&quot;type&quot;:&quot;image&quot;,&quot;media&quot;:&quot;https:\\\/\\\/scontent-lhr8-1.cdninstagram.com\\\/v\\\/t51.82787-15\\\/670505163_18084028646609580_9108198297775309915_n.jpg?stp=dst-jpg_e35_tt6&amp;_nc_cat=107&amp;ccb=7-5&amp;_nc_sid=18de74&amp;efg=eyJlZmdfdGFnIjoiQ0FST1VTRUxfSVRFTS5iZXN0X2ltYWdlX3VybGdlbi5DMyJ9&amp;_nc_ohc=whd3FsPP664Q7kNvwFkaHPE&amp;_nc_oc=Adod0BSv70eiXlfpTMkXTnJ4_uVyMwX0brO7CDkS7UBQA8VvDZ2fVCi6sbhu1qJkFGc&amp;_nc_zt=23&amp;_nc_ht=scontent-lhr8-1.cdninstagram.com&amp;edm=ANo9K5cEAAAA&amp;_nc_gid=fVWYxcAnk7tq524bhAI9BA&amp;_nc_tpa=Q5bMBQEpKpRkqXmR2RcfQRgPa1oPO9DGo3fWoJDShJZfvE17Sc4TzGVcPa6Y76rWhhT1rmaOVU4GAKr3Kw&amp;oh=00_Af55KS4S4SisOHxCYcgAdZtSvrh6_OR3ca8r3ksasJDUPw&amp;oe=69FAC082&quot;},{&quot;type&quot;:&quot;image&quot;,&quot;media&quot;:&quot;https:\\\/\\\/scontent-lhr8-1.cdninstagram.com\\\/v\\\/t51.82787-15\\\/671736576_18084028604609580_890007425430061209_n.jpg?stp=dst-jpg_e35_tt6&amp;_nc_cat=107&amp;ccb=7-5&amp;_nc_sid=18de74&amp;efg=eyJlZmdfdGFnIjoiQ0FST1VTRUxfSVRFTS5iZXN0X2ltYWdlX3VybGdlbi5DMyJ9&amp;_nc_ohc=rlVfAPdj2rkQ7kNvwGSqGXw&amp;_nc_oc=AdpMcfwaP_Zxb5cs-vlvfvcWME2P4cKMajSN8nKSiSEfEFz5I9MoFalGX6KoM8Cyhi4&amp;_nc_zt=23&amp;_nc_ht=scontent-lhr8-1.cdninstagram.com&amp;edm=ANo9K5cEAAAA&amp;_nc_gid=fVWYxcAnk7tq524bhAI9BA&amp;_nc_tpa=Q5bMBQFXy3z7ZtIX_xUAqkTjFxfXGg536uB5_KdmSmDB3kX23d7NhIhQFMa865je_DqhlbLwDeKYTagE5g&amp;oh=00_Af5YZqszH5UTQyVI0NPy2sKJ-kDWk-bGz_jjxc9QWDVcvA&amp;oe=69FAEDBB&quot;}],&quot;vid_first&quot;:false}\" data-id=\"sbi_18099228479282415\" data-user=\"ffgreenforgood\" data-url=\"https:\/\/www.instagram.com\/p\/DXb-GESiJYL\/\" data-avatar=\"https:\/\/scontent-lhr6-1.cdninstagram.com\/v\/t51.75761-19\/504492127_18047685233609580_190411476099131421_n.jpg?stp=dst-jpg_s206x206_tt6&amp;_nc_cat=110&amp;ccb=7-5&amp;_nc_sid=bf7eb4&amp;efg=eyJ2ZW5jb2RlX3RhZyI6InByb2ZpbGVfcGljLnd3dy44NjAuQzMifQ%3D%3D&amp;_nc_ohc=7YkQSxce17EQ7kNvwFdpDOZ&amp;_nc_oc=Adk16rbXONmv9WoHdZQ6qwrB-SI4h0Pl89pGYiCCrXk_p5kjOUbidaUs6DLVRGh4lj4&amp;_nc_zt=24&amp;_nc_ht=scontent-lhr6-1.cdninstagram.com&amp;edm=AP4hL3IEAAAA&amp;_nc_gid=SIr5PfSA7ZcpIXtSaB1j2g&amp;_nc_tpa=Q5bMBQFh7gIqpI5icvkMBqmYHv2zcze12n0V-rQbfu9oJ6z_JOBiGBZWoroPGjPqNGcroDUJtoFXe5lsww&amp;oh=00_AfkZidvXlctRYmWtOItTmCjbuHZga4nqIo46z71Zl-CqWQ&amp;oe=6934C17F\" data-account-type=\"business\" data-iframe='' data-media-type=\"feed\" data-posted-on=\"\" data-custom-avatar=\"\">\n            <span class=\"sbi-screenreader\">\n                Open            <\/span>\n                    <\/a>\n    <\/div>\n\n    <a class=\"sbi_photo\" target=\"_blank\" rel=\"nofollow noopener\" href=\"https:\/\/www.instagram.com\/p\/DXb-GESiJYL\/\" data-full-res=\"https:\/\/scontent-lhr8-2.cdninstagram.com\/v\/t51.82787-15\/672492699_18084028649609580_959217030170325185_n.jpg?stp=dst-jpg_e35_tt6&#038;_nc_cat=106&#038;ccb=7-5&#038;_nc_sid=18de74&#038;efg=eyJlZmdfdGFnIjoiQ0FST1VTRUxfSVRFTS5iZXN0X2ltYWdlX3VybGdlbi5DMyJ9&#038;_nc_ohc=jAusg-v93-IQ7kNvwHf1x0W&#038;_nc_oc=AdoJqCMqC2R9TDy-qgwO4G6qgLLPC29H7LnWPi0TF2erFZyssCmX8Iw4yzupj1p0gw8&#038;_nc_zt=23&#038;_nc_ht=scontent-lhr8-2.cdninstagram.com&#038;edm=ANo9K5cEAAAA&#038;_nc_gid=fVWYxcAnk7tq524bhAI9BA&#038;_nc_tpa=Q5bMBQGfJc2zH4p9wtZIdjx7IXmb2wA1DcmFgP6GhoNLOwgVXTUwyZWu6M-4PqQIqXBczcBNJiSSkzqY7g&#038;oh=00_Af48NPEdKwn-cxUK1qJg0IR22mVSQz2cDRAyb88FDVBUzw&#038;oe=69FAE7AA\" data-img-src-set=\"{&quot;d&quot;:&quot;https:\\\/\\\/scontent-lhr8-2.cdninstagram.com\\\/v\\\/t51.82787-15\\\/672492699_18084028649609580_959217030170325185_n.jpg?stp=dst-jpg_e35_tt6&amp;_nc_cat=106&amp;ccb=7-5&amp;_nc_sid=18de74&amp;efg=eyJlZmdfdGFnIjoiQ0FST1VTRUxfSVRFTS5iZXN0X2ltYWdlX3VybGdlbi5DMyJ9&amp;_nc_ohc=jAusg-v93-IQ7kNvwHf1x0W&amp;_nc_oc=AdoJqCMqC2R9TDy-qgwO4G6qgLLPC29H7LnWPi0TF2erFZyssCmX8Iw4yzupj1p0gw8&amp;_nc_zt=23&amp;_nc_ht=scontent-lhr8-2.cdninstagram.com&amp;edm=ANo9K5cEAAAA&amp;_nc_gid=fVWYxcAnk7tq524bhAI9BA&amp;_nc_tpa=Q5bMBQGfJc2zH4p9wtZIdjx7IXmb2wA1DcmFgP6GhoNLOwgVXTUwyZWu6M-4PqQIqXBczcBNJiSSkzqY7g&amp;oh=00_Af48NPEdKwn-cxUK1qJg0IR22mVSQz2cDRAyb88FDVBUzw&amp;oe=69FAE7AA&quot;,&quot;150&quot;:&quot;https:\\\/\\\/scontent-lhr8-2.cdninstagram.com\\\/v\\\/t51.82787-15\\\/672492699_18084028649609580_959217030170325185_n.jpg?stp=dst-jpg_e35_tt6&amp;_nc_cat=106&amp;ccb=7-5&amp;_nc_sid=18de74&amp;efg=eyJlZmdfdGFnIjoiQ0FST1VTRUxfSVRFTS5iZXN0X2ltYWdlX3VybGdlbi5DMyJ9&amp;_nc_ohc=jAusg-v93-IQ7kNvwHf1x0W&amp;_nc_oc=AdoJqCMqC2R9TDy-qgwO4G6qgLLPC29H7LnWPi0TF2erFZyssCmX8Iw4yzupj1p0gw8&amp;_nc_zt=23&amp;_nc_ht=scontent-lhr8-2.cdninstagram.com&amp;edm=ANo9K5cEAAAA&amp;_nc_gid=fVWYxcAnk7tq524bhAI9BA&amp;_nc_tpa=Q5bMBQGfJc2zH4p9wtZIdjx7IXmb2wA1DcmFgP6GhoNLOwgVXTUwyZWu6M-4PqQIqXBczcBNJiSSkzqY7g&amp;oh=00_Af48NPEdKwn-cxUK1qJg0IR22mVSQz2cDRAyb88FDVBUzw&amp;oe=69FAE7AA&quot;,&quot;320&quot;:&quot;https:\\\/\\\/scontent-lhr8-2.cdninstagram.com\\\/v\\\/t51.82787-15\\\/672492699_18084028649609580_959217030170325185_n.jpg?stp=dst-jpg_e35_tt6&amp;_nc_cat=106&amp;ccb=7-5&amp;_nc_sid=18de74&amp;efg=eyJlZmdfdGFnIjoiQ0FST1VTRUxfSVRFTS5iZXN0X2ltYWdlX3VybGdlbi5DMyJ9&amp;_nc_ohc=jAusg-v93-IQ7kNvwHf1x0W&amp;_nc_oc=AdoJqCMqC2R9TDy-qgwO4G6qgLLPC29H7LnWPi0TF2erFZyssCmX8Iw4yzupj1p0gw8&amp;_nc_zt=23&amp;_nc_ht=scontent-lhr8-2.cdninstagram.com&amp;edm=ANo9K5cEAAAA&amp;_nc_gid=fVWYxcAnk7tq524bhAI9BA&amp;_nc_tpa=Q5bMBQGfJc2zH4p9wtZIdjx7IXmb2wA1DcmFgP6GhoNLOwgVXTUwyZWu6M-4PqQIqXBczcBNJiSSkzqY7g&amp;oh=00_Af48NPEdKwn-cxUK1qJg0IR22mVSQz2cDRAyb88FDVBUzw&amp;oe=69FAE7AA&quot;,&quot;640&quot;:&quot;https:\\\/\\\/scontent-lhr8-2.cdninstagram.com\\\/v\\\/t51.82787-15\\\/672492699_18084028649609580_959217030170325185_n.jpg?stp=dst-jpg_e35_tt6&amp;_nc_cat=106&amp;ccb=7-5&amp;_nc_sid=18de74&amp;efg=eyJlZmdfdGFnIjoiQ0FST1VTRUxfSVRFTS5iZXN0X2ltYWdlX3VybGdlbi5DMyJ9&amp;_nc_ohc=jAusg-v93-IQ7kNvwHf1x0W&amp;_nc_oc=AdoJqCMqC2R9TDy-qgwO4G6qgLLPC29H7LnWPi0TF2erFZyssCmX8Iw4yzupj1p0gw8&amp;_nc_zt=23&amp;_nc_ht=scontent-lhr8-2.cdninstagram.com&amp;edm=ANo9K5cEAAAA&amp;_nc_gid=fVWYxcAnk7tq524bhAI9BA&amp;_nc_tpa=Q5bMBQGfJc2zH4p9wtZIdjx7IXmb2wA1DcmFgP6GhoNLOwgVXTUwyZWu6M-4PqQIqXBczcBNJiSSkzqY7g&amp;oh=00_Af48NPEdKwn-cxUK1qJg0IR22mVSQz2cDRAyb88FDVBUzw&amp;oe=69FAE7AA&quot;}\">\n        <img decoding=\"async\" src=\"https:\/\/fundacioferrergreenforgood.org\/wp-content\/plugins\/instagram-feed-pro\/img\/placeholder.png\" alt=\"\ud83c\udf0d Avui, Dia Internacional de la Terra, el planeta ens parla ben clar. I les dades tamb\u00e9.\n\r\nEls \u00faltims informes internacionals ens mostren que els ecosistemes que sostenen la vida estan sota una pressi\u00f3 creixent. Els fen\u00f2mens clim\u00e0tics extrems s\u2019intensifiquen, els ecosistemes es degraden i la seva restauraci\u00f3 \u00e9s clau per afrontar tant la crisi clim\u00e0tica com les desigualtats socials.\n\r\nA aquesta realitat s\u2019hi suma un fet especialment rellevant en entorns urbans. Segons WWF, les ciutats generen gaireb\u00e9 el 70% de les emissions globals de carboni. I, al mateix temps, la responsabilitat no es distribueix de manera equitativa. Una part molt redu\u00efda de la poblaci\u00f3 concentra una gran part de les emissions, mentre que les comunitats m\u00e9s vulnerables en pateixen les conseq\u00fc\u00e8ncies de manera desproporcionada.\n\r\nDavant d\u2019aquest context, des de la Fundaci\u00f3 Ferrer Green for Good defensem que la regeneraci\u00f3 tamb\u00e9 es construeix des de les ciutats. A trav\u00e9s dels horts urbans socials i la permacultura, impulsem espais que recuperen la vida del s\u00f2l, fomenten la biodiversitat i reforcen el teixit comunitari. Perqu\u00e8 cuidar la terra \u00e9s tamb\u00e9 cuidar les persones, i perqu\u00e8 la transici\u00f3 cap a ciutats m\u00e9s verdes, justes i inclusives comen\u00e7a amb accions concretes i compartides.\n\r\n\ud83d\udcf8NASA (Imatge de portada)\n\r\n#DiaDeLaTerra #GreenForGood\">\n    <\/a>\n<\/div>\n\n\n\n\n\t    \n        <div class=\"sbi_info_wrapper\">\n            <div class=\"sbi_info \">\n\n\t\t        \n                <div class=\"sbi_meta_wrap\">\n\t\t        \n\t\t\t\t                <\/div>\n            <\/div>\n        <\/div>\n    <\/div>\n\n    <div class=\"sbi-divider\"><\/div>\n<\/div>\n<div class=\"sbi_item sbi_type_carousel sbi_new sbi_transition\" id=\"sbi_18078926429620032\" data-date=\"1776261946\" data-numcomments=\"2\"data-template=ft_simple_grid>\n    <div class=\"sbi_inner_wrap\" >\n        \n\t\t<div class=\"sbi_photo_wrap\"  style=\"border-radius: inherit;\">\n        <svg class=\"svg-inline--fa fa-clone fa-w-16 sbi_lightbox_carousel_icon\" aria-hidden=\"true\" aria-label=\"Clone\" data-fa-pro\u0192cessed=\"\" data-prefix=\"far\" data-icon=\"clone\" role=\"img\" xmlns=\"http:\/\/www.w3.org\/2000\/svg\" viewBox=\"0 0 512 512\">\n\t                <path fill=\"currentColor\" d=\"M464 0H144c-26.51 0-48 21.49-48 48v48H48c-26.51 0-48 21.49-48 48v320c0 26.51 21.49 48 48 48h320c26.51 0 48-21.49 48-48v-48h48c26.51 0 48-21.49 48-48V48c0-26.51-21.49-48-48-48zM362 464H54a6 6 0 0 1-6-6V150a6 6 0 0 1 6-6h42v224c0 26.51 21.49 48 48 48h224v42a6 6 0 0 1-6 6zm96-96H150a6 6 0 0 1-6-6V54a6 6 0 0 1 6-6h308a6 6 0 0 1 6 6v308a6 6 0 0 1-6 6z\"><\/path>\n\t            <\/svg>    \n    <div   class=\"sbi_link \" >\n        <div class=\"sbi_hover_top\">\n            \n            \n                <p class=\"sbi_hover_caption_wrap\" \n        >\n        <span class=\"sbi_caption\">\ud83c\udf31\ud83c\udf0d Avui hem rebut una visita molt especial al Jard\u00ed comestible de Rubi\u00f3 i Tudur\u00ed a la Torre de Santa Caterina (Pedralbes)<br><br><br>Un grup de 8 estudiants de l\u2019Institut Forat del Vent de Cerdanyola del Vall\u00e8s (@ins_foratdelvent), juntament amb 8 alumnes d\u2019intercanvi de l\u2019institut St. Leonard Gymnasium NRW d\u2019Aachen (Alemanya), han vingut a con\u00e8ixer de prop aquest espai dins del seu projecte sobre alimentaci\u00f3 sostenible en el marc del programa Erasmus+.<br><br><br>Des de la Fundaci\u00f3 Ferrer Green for Good, ens alegra poder compartir aquest espai com a aula viva, on la teoria es transforma en experi\u00e8ncia. Al llarg de la visita, els estudiants han pogut descobrir com la natura, la biodiversitat i les pr\u00e0ctiques d\u2019agricultura regenerativa es connecten directament amb la manera com produ\u00efm i consumim aliments.<br><br><br>\ud83c\udf3f Espais com aquest no nom\u00e9s produeixen aliments: generen coneixement, consci\u00e8ncia i comprom\u00eds amb un futur m\u00e9s sostenible.<br><br><br>Gr\u00e0cies per la visita i per l\u2019inter\u00e8s en construir un model alimentari m\u00e9s respectu\u00f3s amb el planeta i les persones!<br><br><br>#GreenForGood #ErasmusPlus #AgriculturaRegenerativa #Biodiversitat<\/span>\n    <\/p>\n\n        <\/div>\n        \n        \n        <div class=\"sbi_hover_bottom \">\n\n            \n                            <div class=\"sbi_meta\">\n                    \n                        <span class=\"sbi_likes\" style=\"font-size: 13px;\" >\n        <svg  style=\"font-size: 13px;\" class=\"svg-inline--fa fa-heart fa-w-18\" aria-hidden=\"true\" data-fa-processed=\"\" data-prefix=\"fa\" data-icon=\"heart\" role=\"presentation\" xmlns=\"http:\/\/www.w3.org\/2000\/svg\" viewBox=\"0 0 576 512\"><path fill=\"currentColor\" d=\"M414.9 24C361.8 24 312 65.7 288 89.3 264 65.7 214.2 24 161.1 24 70.3 24 16 76.9 16 165.5c0 72.6 66.8 133.3 69.2 135.4l187 180.8c8.8 8.5 22.8 8.5 31.6 0l186.7-180.2c2.7-2.7 69.5-63.5 69.5-136C560 76.9 505.7 24 414.9 24z\"><\/path><\/svg>        100    <\/span>\n\n\n\n\n    <span class=\"sbi_comments\" style=\"font-size: 13px;\" >\n        <svg  style=\"font-size: 13px;\" class=\"svg-inline--fa fa-comment fa-w-18\" aria-hidden=\"true\" data-fa-processed=\"\" data-prefix=\"fa\" data-icon=\"comment\" role=\"presentation\" xmlns=\"http:\/\/www.w3.org\/2000\/svg\" viewBox=\"0 0 576 512\"><path fill=\"currentColor\" d=\"M576 240c0 115-129 208-288 208-48.3 0-93.9-8.6-133.9-23.8-40.3 31.2-89.8 50.3-142.4 55.7-5.2.6-10.2-2.8-11.5-7.7-1.3-5 2.7-8.1 6.6-11.8 19.3-18.4 42.7-32.8 51.9-94.6C21.9 330.9 0 287.3 0 240 0 125.1 129 32 288 32s288 93.1 288 208z\"><\/path><\/svg>        2    <\/span>\n\n\n\n\n                <\/div>\n            \n        <\/div>\n\n        <a class=\"sbi_link_area nofancybox\" rel=\"nofollow noopener\" href=\"https:\/\/scontent-lhr8-1.cdninstagram.com\/v\/t51.82787-15\/671036935_18083143283609580_1474921827273495995_n.jpg?stp=dst-jpg_e35_tt6&#038;_nc_cat=111&#038;ccb=7-5&#038;_nc_sid=18de74&#038;efg=eyJlZmdfdGFnIjoiQ0FST1VTRUxfSVRFTS5iZXN0X2ltYWdlX3VybGdlbi5DMyJ9&#038;_nc_ohc=6IWFUuw05t4Q7kNvwEIytgy&#038;_nc_oc=Adr8iATgeAtO7AO2ZZdZqctYpOzRX1979-9CrZI4An_AShnoXTEXhQJhRajZywOGARc&#038;_nc_zt=23&#038;_nc_ht=scontent-lhr8-1.cdninstagram.com&#038;edm=ANo9K5cEAAAA&#038;_nc_gid=fVWYxcAnk7tq524bhAI9BA&#038;_nc_tpa=Q5bMBQGdfM57MResMK2rh2bD_nZtHMHUWkIGSGgpOFbUjdNX_ISTvHyxoyWEcQQShjhrrzIHkRGFEjAlag&#038;oh=00_Af7mJ_xZSTkiqjEJIKbbqsm0eDqHzc5wiL-2pYJ1Yqd_Bw&#038;oe=69FAC5F3\" data-lightbox-sbi=\"\" data-title=\"\ud83c\udf31\ud83c\udf0d Avui hem rebut una visita molt especial al Jard\u00ed comestible de Rubi\u00f3 i Tudur\u00ed a la Torre de Santa Caterina (Pedralbes)&lt;br&gt;\n\r&lt;br&gt;\nUn grup de 8 estudiants de l\u2019Institut Forat del Vent de Cerdanyola del Vall\u00e8s (@ins_foratdelvent), juntament amb 8 alumnes d\u2019intercanvi de l\u2019institut St. Leonard Gymnasium NRW d\u2019Aachen (Alemanya), han vingut a con\u00e8ixer de prop aquest espai dins del seu projecte sobre alimentaci\u00f3 sostenible en el marc del programa Erasmus+.&lt;br&gt;\n\r&lt;br&gt;\nDes de la Fundaci\u00f3 Ferrer Green for Good, ens alegra poder compartir aquest espai com a aula viva, on la teoria es transforma en experi\u00e8ncia. Al llarg de la visita, els estudiants han pogut descobrir com la natura, la biodiversitat i les pr\u00e0ctiques d\u2019agricultura regenerativa es connecten directament amb la manera com produ\u00efm i consumim aliments.&lt;br&gt;\n\r&lt;br&gt;\n\ud83c\udf3f Espais com aquest no nom\u00e9s produeixen aliments: generen coneixement, consci\u00e8ncia i comprom\u00eds amb un futur m\u00e9s sostenible.&lt;br&gt;\n\r&lt;br&gt;\nGr\u00e0cies per la visita i per l\u2019inter\u00e8s en construir un model alimentari m\u00e9s respectu\u00f3s amb el planeta i les persones!&lt;br&gt;\n\r&lt;br&gt;\n#GreenForGood #ErasmusPlus #AgriculturaRegenerativa #Biodiversitat\" data-video=\"\" data-carousel=\"{&quot;data&quot;:[{&quot;type&quot;:&quot;image&quot;,&quot;media&quot;:&quot;https:\\\/\\\/scontent-lhr8-1.cdninstagram.com\\\/v\\\/t51.82787-15\\\/671036935_18083143283609580_1474921827273495995_n.jpg?stp=dst-jpg_e35_tt6&amp;_nc_cat=111&amp;ccb=7-5&amp;_nc_sid=18de74&amp;efg=eyJlZmdfdGFnIjoiQ0FST1VTRUxfSVRFTS5iZXN0X2ltYWdlX3VybGdlbi5DMyJ9&amp;_nc_ohc=6IWFUuw05t4Q7kNvwEIytgy&amp;_nc_oc=Adr8iATgeAtO7AO2ZZdZqctYpOzRX1979-9CrZI4An_AShnoXTEXhQJhRajZywOGARc&amp;_nc_zt=23&amp;_nc_ht=scontent-lhr8-1.cdninstagram.com&amp;edm=ANo9K5cEAAAA&amp;_nc_gid=fVWYxcAnk7tq524bhAI9BA&amp;_nc_tpa=Q5bMBQEEiDFhwZGURgUEY4iUgGdfww7fqQySvMavRUvu57rVB9oh4eVrYV0asrXNW1tooFY9_RzybfEFzQ&amp;oh=00_Af7gNKArusRtHw2eycKyM_IU7kwonHSYfmBCCY_IwLiGsA&amp;oe=69FAC5F3&quot;},{&quot;type&quot;:&quot;image&quot;,&quot;media&quot;:&quot;https:\\\/\\\/scontent-lhr8-2.cdninstagram.com\\\/v\\\/t51.82787-15\\\/669875896_18083143286609580_5432814147010871063_n.jpg?stp=dst-jpg_e35_tt6&amp;_nc_cat=106&amp;ccb=7-5&amp;_nc_sid=18de74&amp;efg=eyJlZmdfdGFnIjoiQ0FST1VTRUxfSVRFTS5iZXN0X2ltYWdlX3VybGdlbi5DMyJ9&amp;_nc_ohc=5n6N0KqxCNoQ7kNvwHBza7P&amp;_nc_oc=AdrJfHmz2AB3U8oYgWjDL0cbtAag8ZACBnHJNOF5tnrAD1vjXaqCk-ToVz0lP0VVf4k&amp;_nc_zt=23&amp;_nc_ht=scontent-lhr8-2.cdninstagram.com&amp;edm=ANo9K5cEAAAA&amp;_nc_gid=fVWYxcAnk7tq524bhAI9BA&amp;_nc_tpa=Q5bMBQE7GNN-n2f7eGuGoS-7tuIH0aYiQ7N-g4CURsLxIZKs_QQnC-e2LC5muNEy9_aUHWlaLybgwiZ7pg&amp;oh=00_Af43W4izK3zDLfwEYrcXgf5zRosjLAdoCs0kq1b38xusig&amp;oe=69FAE38F&quot;},{&quot;type&quot;:&quot;video&quot;,&quot;media&quot;:&quot;https:\\\/\\\/scontent-lhr6-2.cdninstagram.com\\\/o1\\\/v\\\/t16\\\/f2\\\/m84\\\/AQMsB1XG2R2t_u00ajACREAuRxzxi3Mbjyth1gUb1aHkKrp99rsbTneIiDuPlWJ7MBW0Rn31QAiU6fL4WxdypKOsHSkv5yYFrDA3D0s.mp4?_nc_cat=105&amp;_nc_sid=5e9851&amp;_nc_ht=scontent-lhr6-2.cdninstagram.com&amp;_nc_ohc=166avnN-UKgQ7kNvwF3BbSf&amp;efg=eyJ2ZW5jb2RlX3RhZyI6Inhwdl9wcm9ncmVzc2l2ZS5JTlNUQUdSQU0uQ0FST1VTRUxfSVRFTS5DMy45MDAuZGFzaF9iYXNlbGluZV8xX3YxIiwieHB2X2Fzc2V0X2lkIjoxODA4MzE0MzMwMTYwOTU4MCwiYXNzZXRfYWdlX2RheXMiOjE2LCJ2aV91c2VjYXNlX2lkIjoxMDE0NiwiZHVyYXRpb25fcyI6NywidXJsZ2VuX3NvdXJjZSI6Ind3dyJ9&amp;ccb=17-1&amp;vs=5792859750329ab1&amp;_nc_vs=HBksFQIYTGlnX2JhY2tmaWxsX3RpbWVsaW5lX3ZvZC9CQTQ0MzQxMjMzMzgyMkFEMjM1RTBGNjJDNDFBMkFCRV92aWRlb19kYXNoaW5pdC5tcDQVAALIARIAFQIYUWlnX3hwdl9wbGFjZW1lbnRfcGVybWFuZW50X3YyL0RDNEY5MDc3QjgzMURGNEQwRDgwQzJBNkQxNzQ1RjhBX2F1ZGlvX2Rhc2hpbml0Lm1wNBUCAsgBEgAoABgAGwKIB3VzZV9vaWwBMRJwcm9ncmVzc2l2ZV9yZWNpcGUBMRUAACbY4dHOvKGfQBUCKAJDMywXQBwhysCDEm8YEmRhc2hfYmFzZWxpbmVfMV92MREAde4HZcSeAQA&amp;_nc_gid=fVWYxcAnk7tq524bhAI9BA&amp;edm=ANo9K5cEAAAA&amp;_nc_zt=28&amp;_nc_tpa=Q5bMBQHBZmADaq815Z6tQ5Uw-BZKrfPumMrh9gjlTfLW3wSKaY-V1PLZi01agOs1O-ltVDVU5cf5emXZag&amp;oh=00_Af6j8KbBCFCOvNB2crXzpxwkH9xUB6eybLRaOgilThjZMA&amp;oe=69F6F257&quot;},{&quot;type&quot;:&quot;image&quot;,&quot;media&quot;:&quot;https:\\\/\\\/scontent-lhr6-2.cdninstagram.com\\\/v\\\/t51.82787-15\\\/670279563_18083143295609580_1319682036610948187_n.jpg?stp=dst-jpg_e35_tt6&amp;_nc_cat=100&amp;ccb=7-5&amp;_nc_sid=18de74&amp;efg=eyJlZmdfdGFnIjoiQ0FST1VTRUxfSVRFTS5iZXN0X2ltYWdlX3VybGdlbi5DMyJ9&amp;_nc_ohc=Nud3d_jIvDQQ7kNvwHm4VEv&amp;_nc_oc=AdoaYyMLrypLaI6SSSZAuO_9kXI9P0n-PCWZIPeXVVDH64fU04ymksa2eb9rQrIt1JM&amp;_nc_zt=23&amp;_nc_ht=scontent-lhr6-2.cdninstagram.com&amp;edm=ANo9K5cEAAAA&amp;_nc_gid=fVWYxcAnk7tq524bhAI9BA&amp;_nc_tpa=Q5bMBQFdZjGb5UdaehO-CHNyW0g3fJgU9JuU6KYKvUhzBCHYn-ay5PF9BqszVE827WCUC8ZHPU6iJX5sgA&amp;oh=00_Af4LwVq6T2Iynb6SuxlB-7pSWzfZSHsW4tV5kRHZNsC3oQ&amp;oe=69FADF29&quot;},{&quot;type&quot;:&quot;image&quot;,&quot;media&quot;:&quot;https:\\\/\\\/scontent-lhr6-1.cdninstagram.com\\\/v\\\/t51.82787-15\\\/670672501_18083143316609580_3410715904182449931_n.jpg?stp=dst-jpg_e35_tt6&amp;_nc_cat=102&amp;ccb=7-5&amp;_nc_sid=18de74&amp;efg=eyJlZmdfdGFnIjoiQ0FST1VTRUxfSVRFTS5iZXN0X2ltYWdlX3VybGdlbi5DMyJ9&amp;_nc_ohc=fdoaQ31FfDAQ7kNvwGcFvH9&amp;_nc_oc=AdoD3Yfs1gFYPBWQ235hGdrdmvGRIv_RVIlGO7qq-Af8mxO0yCLw8EPcv0oU2oFNxiI&amp;_nc_zt=23&amp;_nc_ht=scontent-lhr6-1.cdninstagram.com&amp;edm=ANo9K5cEAAAA&amp;_nc_gid=fVWYxcAnk7tq524bhAI9BA&amp;_nc_tpa=Q5bMBQGIKI6oss7fpiCxIinIDT3w1DeiDlZrD0SYTHVrML51-fuhYIQ-aBSvQ1Tm4yO6CrHdZ38iFksuiQ&amp;oh=00_Af6JJ6vKwslJV121ZJkxAaekK7mgz_pIhmFDk2mc2UwrMw&amp;oe=69FADD81&quot;}],&quot;vid_first&quot;:false}\" data-id=\"sbi_18078926429620032\" data-user=\"ffgreenforgood\" data-url=\"https:\/\/www.instagram.com\/p\/DXJ7CHDiACn\/\" data-avatar=\"https:\/\/scontent-lhr6-1.cdninstagram.com\/v\/t51.75761-19\/504492127_18047685233609580_190411476099131421_n.jpg?stp=dst-jpg_s206x206_tt6&amp;_nc_cat=110&amp;ccb=7-5&amp;_nc_sid=bf7eb4&amp;efg=eyJ2ZW5jb2RlX3RhZyI6InByb2ZpbGVfcGljLnd3dy44NjAuQzMifQ%3D%3D&amp;_nc_ohc=7YkQSxce17EQ7kNvwFdpDOZ&amp;_nc_oc=Adk16rbXONmv9WoHdZQ6qwrB-SI4h0Pl89pGYiCCrXk_p5kjOUbidaUs6DLVRGh4lj4&amp;_nc_zt=24&amp;_nc_ht=scontent-lhr6-1.cdninstagram.com&amp;edm=AP4hL3IEAAAA&amp;_nc_gid=SIr5PfSA7ZcpIXtSaB1j2g&amp;_nc_tpa=Q5bMBQFh7gIqpI5icvkMBqmYHv2zcze12n0V-rQbfu9oJ6z_JOBiGBZWoroPGjPqNGcroDUJtoFXe5lsww&amp;oh=00_AfkZidvXlctRYmWtOItTmCjbuHZga4nqIo46z71Zl-CqWQ&amp;oe=6934C17F\" data-account-type=\"business\" data-iframe='' data-media-type=\"feed\" data-posted-on=\"\" data-custom-avatar=\"\">\n            <span class=\"sbi-screenreader\">\n                Open            <\/span>\n                    <\/a>\n    <\/div>\n\n    <a class=\"sbi_photo\" target=\"_blank\" rel=\"nofollow noopener\" href=\"https:\/\/www.instagram.com\/p\/DXJ7CHDiACn\/\" data-full-res=\"https:\/\/scontent-lhr8-1.cdninstagram.com\/v\/t51.82787-15\/671036935_18083143283609580_1474921827273495995_n.jpg?stp=dst-jpg_e35_tt6&#038;_nc_cat=111&#038;ccb=7-5&#038;_nc_sid=18de74&#038;efg=eyJlZmdfdGFnIjoiQ0FST1VTRUxfSVRFTS5iZXN0X2ltYWdlX3VybGdlbi5DMyJ9&#038;_nc_ohc=6IWFUuw05t4Q7kNvwEIytgy&#038;_nc_oc=Adr8iATgeAtO7AO2ZZdZqctYpOzRX1979-9CrZI4An_AShnoXTEXhQJhRajZywOGARc&#038;_nc_zt=23&#038;_nc_ht=scontent-lhr8-1.cdninstagram.com&#038;edm=ANo9K5cEAAAA&#038;_nc_gid=fVWYxcAnk7tq524bhAI9BA&#038;_nc_tpa=Q5bMBQGdfM57MResMK2rh2bD_nZtHMHUWkIGSGgpOFbUjdNX_ISTvHyxoyWEcQQShjhrrzIHkRGFEjAlag&#038;oh=00_Af7mJ_xZSTkiqjEJIKbbqsm0eDqHzc5wiL-2pYJ1Yqd_Bw&#038;oe=69FAC5F3\" data-img-src-set=\"{&quot;d&quot;:&quot;https:\\\/\\\/scontent-lhr8-1.cdninstagram.com\\\/v\\\/t51.82787-15\\\/671036935_18083143283609580_1474921827273495995_n.jpg?stp=dst-jpg_e35_tt6&amp;_nc_cat=111&amp;ccb=7-5&amp;_nc_sid=18de74&amp;efg=eyJlZmdfdGFnIjoiQ0FST1VTRUxfSVRFTS5iZXN0X2ltYWdlX3VybGdlbi5DMyJ9&amp;_nc_ohc=6IWFUuw05t4Q7kNvwEIytgy&amp;_nc_oc=Adr8iATgeAtO7AO2ZZdZqctYpOzRX1979-9CrZI4An_AShnoXTEXhQJhRajZywOGARc&amp;_nc_zt=23&amp;_nc_ht=scontent-lhr8-1.cdninstagram.com&amp;edm=ANo9K5cEAAAA&amp;_nc_gid=fVWYxcAnk7tq524bhAI9BA&amp;_nc_tpa=Q5bMBQGdfM57MResMK2rh2bD_nZtHMHUWkIGSGgpOFbUjdNX_ISTvHyxoyWEcQQShjhrrzIHkRGFEjAlag&amp;oh=00_Af7mJ_xZSTkiqjEJIKbbqsm0eDqHzc5wiL-2pYJ1Yqd_Bw&amp;oe=69FAC5F3&quot;,&quot;150&quot;:&quot;https:\\\/\\\/scontent-lhr8-1.cdninstagram.com\\\/v\\\/t51.82787-15\\\/671036935_18083143283609580_1474921827273495995_n.jpg?stp=dst-jpg_e35_tt6&amp;_nc_cat=111&amp;ccb=7-5&amp;_nc_sid=18de74&amp;efg=eyJlZmdfdGFnIjoiQ0FST1VTRUxfSVRFTS5iZXN0X2ltYWdlX3VybGdlbi5DMyJ9&amp;_nc_ohc=6IWFUuw05t4Q7kNvwEIytgy&amp;_nc_oc=Adr8iATgeAtO7AO2ZZdZqctYpOzRX1979-9CrZI4An_AShnoXTEXhQJhRajZywOGARc&amp;_nc_zt=23&amp;_nc_ht=scontent-lhr8-1.cdninstagram.com&amp;edm=ANo9K5cEAAAA&amp;_nc_gid=fVWYxcAnk7tq524bhAI9BA&amp;_nc_tpa=Q5bMBQGdfM57MResMK2rh2bD_nZtHMHUWkIGSGgpOFbUjdNX_ISTvHyxoyWEcQQShjhrrzIHkRGFEjAlag&amp;oh=00_Af7mJ_xZSTkiqjEJIKbbqsm0eDqHzc5wiL-2pYJ1Yqd_Bw&amp;oe=69FAC5F3&quot;,&quot;320&quot;:&quot;https:\\\/\\\/scontent-lhr8-1.cdninstagram.com\\\/v\\\/t51.82787-15\\\/671036935_18083143283609580_1474921827273495995_n.jpg?stp=dst-jpg_e35_tt6&amp;_nc_cat=111&amp;ccb=7-5&amp;_nc_sid=18de74&amp;efg=eyJlZmdfdGFnIjoiQ0FST1VTRUxfSVRFTS5iZXN0X2ltYWdlX3VybGdlbi5DMyJ9&amp;_nc_ohc=6IWFUuw05t4Q7kNvwEIytgy&amp;_nc_oc=Adr8iATgeAtO7AO2ZZdZqctYpOzRX1979-9CrZI4An_AShnoXTEXhQJhRajZywOGARc&amp;_nc_zt=23&amp;_nc_ht=scontent-lhr8-1.cdninstagram.com&amp;edm=ANo9K5cEAAAA&amp;_nc_gid=fVWYxcAnk7tq524bhAI9BA&amp;_nc_tpa=Q5bMBQGdfM57MResMK2rh2bD_nZtHMHUWkIGSGgpOFbUjdNX_ISTvHyxoyWEcQQShjhrrzIHkRGFEjAlag&amp;oh=00_Af7mJ_xZSTkiqjEJIKbbqsm0eDqHzc5wiL-2pYJ1Yqd_Bw&amp;oe=69FAC5F3&quot;,&quot;640&quot;:&quot;https:\\\/\\\/scontent-lhr8-1.cdninstagram.com\\\/v\\\/t51.82787-15\\\/671036935_18083143283609580_1474921827273495995_n.jpg?stp=dst-jpg_e35_tt6&amp;_nc_cat=111&amp;ccb=7-5&amp;_nc_sid=18de74&amp;efg=eyJlZmdfdGFnIjoiQ0FST1VTRUxfSVRFTS5iZXN0X2ltYWdlX3VybGdlbi5DMyJ9&amp;_nc_ohc=6IWFUuw05t4Q7kNvwEIytgy&amp;_nc_oc=Adr8iATgeAtO7AO2ZZdZqctYpOzRX1979-9CrZI4An_AShnoXTEXhQJhRajZywOGARc&amp;_nc_zt=23&amp;_nc_ht=scontent-lhr8-1.cdninstagram.com&amp;edm=ANo9K5cEAAAA&amp;_nc_gid=fVWYxcAnk7tq524bhAI9BA&amp;_nc_tpa=Q5bMBQGdfM57MResMK2rh2bD_nZtHMHUWkIGSGgpOFbUjdNX_ISTvHyxoyWEcQQShjhrrzIHkRGFEjAlag&amp;oh=00_Af7mJ_xZSTkiqjEJIKbbqsm0eDqHzc5wiL-2pYJ1Yqd_Bw&amp;oe=69FAC5F3&quot;}\">\n        <img decoding=\"async\" src=\"https:\/\/fundacioferrergreenforgood.org\/wp-content\/plugins\/instagram-feed-pro\/img\/placeholder.png\" alt=\"\ud83c\udf31\ud83c\udf0d Avui hem rebut una visita molt especial al Jard\u00ed comestible de Rubi\u00f3 i Tudur\u00ed a la Torre de Santa Caterina (Pedralbes)\n\r\nUn grup de 8 estudiants de l\u2019Institut Forat del Vent de Cerdanyola del Vall\u00e8s (@ins_foratdelvent), juntament amb 8 alumnes d\u2019intercanvi de l\u2019institut St. Leonard Gymnasium NRW d\u2019Aachen (Alemanya), han vingut a con\u00e8ixer de prop aquest espai dins del seu projecte sobre alimentaci\u00f3 sostenible en el marc del programa Erasmus+.\n\r\nDes de la Fundaci\u00f3 Ferrer Green for Good, ens alegra poder compartir aquest espai com a aula viva, on la teoria es transforma en experi\u00e8ncia. Al llarg de la visita, els estudiants han pogut descobrir com la natura, la biodiversitat i les pr\u00e0ctiques d\u2019agricultura regenerativa es connecten directament amb la manera com produ\u00efm i consumim aliments.\n\r\n\ud83c\udf3f Espais com aquest no nom\u00e9s produeixen aliments: generen coneixement, consci\u00e8ncia i comprom\u00eds amb un futur m\u00e9s sostenible.\n\r\nGr\u00e0cies per la visita i per l\u2019inter\u00e8s en construir un model alimentari m\u00e9s respectu\u00f3s amb el planeta i les persones!\n\r\n#GreenForGood #ErasmusPlus #AgriculturaRegenerativa #Biodiversitat\">\n    <\/a>\n<\/div>\n\n\n\n\n\t    \n        <div class=\"sbi_info_wrapper\">\n            <div class=\"sbi_info \">\n\n\t\t        \n                <div class=\"sbi_meta_wrap\">\n\t\t        \n\t\t\t\t                <\/div>\n            <\/div>\n        <\/div>\n    <\/div>\n\n    <div class=\"sbi-divider\"><\/div>\n<\/div>\n<div class=\"sbi_item sbi_type_carousel sbi_new sbi_transition\" id=\"sbi_18094435973139561\" data-date=\"1775808907\" data-numcomments=\"3\"data-template=ft_simple_grid>\n    <div class=\"sbi_inner_wrap\" >\n        \n\t\t<div class=\"sbi_photo_wrap\"  style=\"border-radius: inherit;\">\n        <svg class=\"svg-inline--fa fa-clone fa-w-16 sbi_lightbox_carousel_icon\" aria-hidden=\"true\" aria-label=\"Clone\" data-fa-pro\u0192cessed=\"\" data-prefix=\"far\" data-icon=\"clone\" role=\"img\" xmlns=\"http:\/\/www.w3.org\/2000\/svg\" viewBox=\"0 0 512 512\">\n\t                <path fill=\"currentColor\" d=\"M464 0H144c-26.51 0-48 21.49-48 48v48H48c-26.51 0-48 21.49-48 48v320c0 26.51 21.49 48 48 48h320c26.51 0 48-21.49 48-48v-48h48c26.51 0 48-21.49 48-48V48c0-26.51-21.49-48-48-48zM362 464H54a6 6 0 0 1-6-6V150a6 6 0 0 1 6-6h42v224c0 26.51 21.49 48 48 48h224v42a6 6 0 0 1-6 6zm96-96H150a6 6 0 0 1-6-6V54a6 6 0 0 1 6-6h308a6 6 0 0 1 6 6v308a6 6 0 0 1-6 6z\"><\/path>\n\t            <\/svg>    \n    <div   class=\"sbi_link \" >\n        <div class=\"sbi_hover_top\">\n            \n            \n                <p class=\"sbi_hover_caption_wrap\" \n        >\n        <span class=\"sbi_caption\">El territori no \u00e9s infinit. I tampoc ho \u00e9s la seva capacitat de resistir.<br><br><br>Des de la Fundaci\u00f3 Ferrer Green for Good compartim el comprom\u00eds de SOS Costa Brava (@soscostabrava) amb la defensa del territori, la biodiversitat i el patrimoni col\u00b7lectiu. El seu \u00faltim informe identifica els 10 focus de m\u00e9s risc que marcaran el futur de la Costa Brava aquest 2026, que us compartim en aquest carrusel: casos que evidencien com la pressi\u00f3 urban\u00edstica continua afectant espais fr\u00e0gils, sovint en contradicci\u00f3 amb criteris ambientals i normatives de protecci\u00f3.<br><br><br>No parlem nom\u00e9s de projectes a\u00efllats, sin\u00f3 d\u2019un model que encara posa en risc s\u00f2ls forestals, zones inundables o ecosistemes litorals d\u2019alt valor. Davant d\u2019aix\u00f2, cal repensar com volem habitar el territori i quines prioritats col\u00b7lectives volem defensar.<br><br><br>Des de la Fundaci\u00f3 Ferrer Green for Good treballem per regenerar espais i reconnectar persones i natura. Per\u00f2 aquesta transformaci\u00f3 nom\u00e9s t\u00e9 sentit si tamb\u00e9 protegim all\u00f2 que encara es mant\u00e9 viu.<br><br><br>\ud83c\udf31 Cuidar la terra \u00e9s cuidar el futur<br><br>\ud83c\udf0d I fer-ho \u00e9s una responsabilitat compartida<br><br><br><br>#GreenForGood #SOSCostaBrava #CostaBrava<\/span>\n    <\/p>\n\n        <\/div>\n        \n        \n        <div class=\"sbi_hover_bottom \">\n\n            \n                            <div class=\"sbi_meta\">\n                    \n                        <span class=\"sbi_likes\" style=\"font-size: 13px;\" >\n        <svg  style=\"font-size: 13px;\" class=\"svg-inline--fa fa-heart fa-w-18\" aria-hidden=\"true\" data-fa-processed=\"\" data-prefix=\"fa\" data-icon=\"heart\" role=\"presentation\" xmlns=\"http:\/\/www.w3.org\/2000\/svg\" viewBox=\"0 0 576 512\"><path fill=\"currentColor\" d=\"M414.9 24C361.8 24 312 65.7 288 89.3 264 65.7 214.2 24 161.1 24 70.3 24 16 76.9 16 165.5c0 72.6 66.8 133.3 69.2 135.4l187 180.8c8.8 8.5 22.8 8.5 31.6 0l186.7-180.2c2.7-2.7 69.5-63.5 69.5-136C560 76.9 505.7 24 414.9 24z\"><\/path><\/svg>        58    <\/span>\n\n\n\n\n    <span class=\"sbi_comments\" style=\"font-size: 13px;\" >\n        <svg  style=\"font-size: 13px;\" class=\"svg-inline--fa fa-comment fa-w-18\" aria-hidden=\"true\" data-fa-processed=\"\" data-prefix=\"fa\" data-icon=\"comment\" role=\"presentation\" xmlns=\"http:\/\/www.w3.org\/2000\/svg\" viewBox=\"0 0 576 512\"><path fill=\"currentColor\" d=\"M576 240c0 115-129 208-288 208-48.3 0-93.9-8.6-133.9-23.8-40.3 31.2-89.8 50.3-142.4 55.7-5.2.6-10.2-2.8-11.5-7.7-1.3-5 2.7-8.1 6.6-11.8 19.3-18.4 42.7-32.8 51.9-94.6C21.9 330.9 0 287.3 0 240 0 125.1 129 32 288 32s288 93.1 288 208z\"><\/path><\/svg>        3    <\/span>\n\n\n\n\n                <\/div>\n            \n        <\/div>\n\n        <a class=\"sbi_link_area nofancybox\" rel=\"nofollow noopener\" href=\"https:\/\/scontent-lhr8-1.cdninstagram.com\/v\/t51.82787-15\/660641931_18082526294609580_4862984541305312921_n.jpg?stp=dst-jpg_e35_tt6&#038;_nc_cat=111&#038;ccb=7-5&#038;_nc_sid=18de74&#038;efg=eyJlZmdfdGFnIjoiQ0FST1VTRUxfSVRFTS5iZXN0X2ltYWdlX3VybGdlbi5DMyJ9&#038;_nc_ohc=m37vMCH-HzsQ7kNvwH0FqAX&#038;_nc_oc=AdqY4Xc5aXL7JcBOvHpkBIfjUoJq0sg_dN5Pq7iwOwSsKhO_37iTYQO9SF9ff31jObY&#038;_nc_zt=23&#038;_nc_ht=scontent-lhr8-1.cdninstagram.com&#038;edm=ANo9K5cEAAAA&#038;_nc_gid=fVWYxcAnk7tq524bhAI9BA&#038;_nc_tpa=Q5bMBQGrZPFUuUcNHTOteHRV2WTdZRndV2vzOT3qjV1BGOoTiUmMV-oSMERV21E2BiRF7m78B1w6KYDIMw&#038;oh=00_Af4uRgho-IWhbVOSLv7f2ygsjmJTaywnB2MGB6jvksGyFA&#038;oe=69FAC65C\" data-lightbox-sbi=\"\" data-title=\"El territori no \u00e9s infinit. I tampoc ho \u00e9s la seva capacitat de resistir.&lt;br&gt;\n\r&lt;br&gt;\nDes de la Fundaci\u00f3 Ferrer Green for Good compartim el comprom\u00eds de SOS Costa Brava (@soscostabrava) amb la defensa del territori, la biodiversitat i el patrimoni col\u00b7lectiu. El seu \u00faltim informe identifica els 10 focus de m\u00e9s risc que marcaran el futur de la Costa Brava aquest 2026, que us compartim en aquest carrusel: casos que evidencien com la pressi\u00f3 urban\u00edstica continua afectant espais fr\u00e0gils, sovint en contradicci\u00f3 amb criteris ambientals i normatives de protecci\u00f3.&lt;br&gt;\n\r&lt;br&gt;\nNo parlem nom\u00e9s de projectes a\u00efllats, sin\u00f3 d\u2019un model que encara posa en risc s\u00f2ls forestals, zones inundables o ecosistemes litorals d\u2019alt valor. Davant d\u2019aix\u00f2, cal repensar com volem habitar el territori i quines prioritats col\u00b7lectives volem defensar.&lt;br&gt;\n\r&lt;br&gt;\nDes de la Fundaci\u00f3 Ferrer Green for Good treballem per regenerar espais i reconnectar persones i natura. Per\u00f2 aquesta transformaci\u00f3 nom\u00e9s t\u00e9 sentit si tamb\u00e9 protegim all\u00f2 que encara es mant\u00e9 viu.&lt;br&gt;\n\r&lt;br&gt;\n\ud83c\udf31 Cuidar la terra \u00e9s cuidar el futur&lt;br&gt;\r\n\ud83c\udf0d I fer-ho \u00e9s una responsabilitat compartida&lt;br&gt;\r\n&lt;br&gt;\r\n#GreenForGood #SOSCostaBrava #CostaBrava\" data-video=\"\" data-carousel=\"{&quot;data&quot;:[{&quot;type&quot;:&quot;image&quot;,&quot;media&quot;:&quot;https:\\\/\\\/scontent-lhr8-1.cdninstagram.com\\\/v\\\/t51.82787-15\\\/660641931_18082526294609580_4862984541305312921_n.jpg?stp=dst-jpg_e35_tt6&amp;_nc_cat=111&amp;ccb=7-5&amp;_nc_sid=18de74&amp;efg=eyJlZmdfdGFnIjoiQ0FST1VTRUxfSVRFTS5iZXN0X2ltYWdlX3VybGdlbi5DMyJ9&amp;_nc_ohc=m37vMCH-HzsQ7kNvwH0FqAX&amp;_nc_oc=AdqY4Xc5aXL7JcBOvHpkBIfjUoJq0sg_dN5Pq7iwOwSsKhO_37iTYQO9SF9ff31jObY&amp;_nc_zt=23&amp;_nc_ht=scontent-lhr8-1.cdninstagram.com&amp;edm=ANo9K5cEAAAA&amp;_nc_gid=fVWYxcAnk7tq524bhAI9BA&amp;_nc_tpa=Q5bMBQGsaMAb3gaYYNxhNAldY_0sSZBJWFjRZ35yyzLFTE9e9G_I7D1HXEJwKJNrkm8iR-VOrDl5T1C8zw&amp;oh=00_Af4QZEaSmoavAjygSddfuovYySTWuZG-RtKlCq8fl13uvA&amp;oe=69FAC65C&quot;},{&quot;type&quot;:&quot;image&quot;,&quot;media&quot;:&quot;https:\\\/\\\/scontent-lhr6-1.cdninstagram.com\\\/v\\\/t51.82787-15\\\/669548103_18082526309609580_7418687774380121313_n.jpg?stp=dst-jpg_e35_tt6&amp;_nc_cat=109&amp;ccb=7-5&amp;_nc_sid=18de74&amp;efg=eyJlZmdfdGFnIjoiQ0FST1VTRUxfSVRFTS5iZXN0X2ltYWdlX3VybGdlbi5DMyJ9&amp;_nc_ohc=sXmRUqFux4EQ7kNvwGvPEx3&amp;_nc_oc=AdryzjpeyH3P3hEyGciLDJ_bMzkzwwQRJzpldjMC415OnvByjKv0S2AOXhtC2xusaZc&amp;_nc_zt=23&amp;_nc_ht=scontent-lhr6-1.cdninstagram.com&amp;edm=ANo9K5cEAAAA&amp;_nc_gid=fVWYxcAnk7tq524bhAI9BA&amp;_nc_tpa=Q5bMBQGnhKM7ot1X53o2qc_2424IuKUkfrJsFdIu9dGisWPfgSJ6MsDhqD9xQioTpmjXO3Gco3qYivFWqA&amp;oh=00_Af7iueX3JK1yG3lgW4CgmatKXV1hODT_lyaiwtMFwoQQxA&amp;oe=69FAD034&quot;},{&quot;type&quot;:&quot;image&quot;,&quot;media&quot;:&quot;https:\\\/\\\/scontent-lhr8-2.cdninstagram.com\\\/v\\\/t51.82787-15\\\/669931922_18082526342609580_8057716655152680448_n.jpg?stp=dst-jpg_e35_tt6&amp;_nc_cat=106&amp;ccb=7-5&amp;_nc_sid=18de74&amp;efg=eyJlZmdfdGFnIjoiQ0FST1VTRUxfSVRFTS5iZXN0X2ltYWdlX3VybGdlbi5DMyJ9&amp;_nc_ohc=x4S-1J4FDIcQ7kNvwH1j_gG&amp;_nc_oc=AdocswZzE9oCvfnigzfYbqiqw5JIGoKkp6yV_-oBtBD2lcWXBkslyPzxhQQ7o2nn2WI&amp;_nc_zt=23&amp;_nc_ht=scontent-lhr8-2.cdninstagram.com&amp;edm=ANo9K5cEAAAA&amp;_nc_gid=fVWYxcAnk7tq524bhAI9BA&amp;_nc_tpa=Q5bMBQG5SQqWKBjbnw7EUw4aNbUJiBeGRrpvCZaXQj3GKMpPmwazamytVVyx2yX8o83eDpLan7SBuSP6rw&amp;oh=00_Af7k6IXDT7yZPax9gNHcXxBj61Vo-HwBmE6MWfgwNg2zUA&amp;oe=69FAD15E&quot;},{&quot;type&quot;:&quot;image&quot;,&quot;media&quot;:&quot;https:\\\/\\\/scontent-lhr8-2.cdninstagram.com\\\/v\\\/t51.82787-15\\\/670505968_18082526330609580_8297456621668316932_n.jpg?stp=dst-jpg_e35_tt6&amp;_nc_cat=103&amp;ccb=7-5&amp;_nc_sid=18de74&amp;efg=eyJlZmdfdGFnIjoiQ0FST1VTRUxfSVRFTS5iZXN0X2ltYWdlX3VybGdlbi5DMyJ9&amp;_nc_ohc=aHcVp7_Cx8wQ7kNvwH7vT4Q&amp;_nc_oc=Adr1a8mbRJN7IizR0zRAenRN0yGVNl2xQUHUXxWzJO6oGR8xUbPIjzYvQrsDNGaC6n8&amp;_nc_zt=23&amp;_nc_ht=scontent-lhr8-2.cdninstagram.com&amp;edm=ANo9K5cEAAAA&amp;_nc_gid=fVWYxcAnk7tq524bhAI9BA&amp;_nc_tpa=Q5bMBQEvYv7xxojfauHLkzZSEEjo58RGzoLrJoohddDHM2x0BdCYMdBxfvWkgPgYnmv1LbL_oe_kNx4yKA&amp;oh=00_Af49WXHereZmaiGvfLTFIbWDXQr4K8HpqzC0ATaj9xD9og&amp;oe=69FADFBE&quot;},{&quot;type&quot;:&quot;image&quot;,&quot;media&quot;:&quot;https:\\\/\\\/scontent-lhr8-2.cdninstagram.com\\\/v\\\/t51.82787-15\\\/669793152_18082526297609580_4887944192996941539_n.jpg?stp=dst-jpg_e35_tt6&amp;_nc_cat=101&amp;ccb=7-5&amp;_nc_sid=18de74&amp;efg=eyJlZmdfdGFnIjoiQ0FST1VTRUxfSVRFTS5iZXN0X2ltYWdlX3VybGdlbi5DMyJ9&amp;_nc_ohc=LWz0DbuElQsQ7kNvwGmLCSI&amp;_nc_oc=AdrCGbXcgFuAx1KsMOC5igzraESdVQ37Th-drpqUxijImj38U-OTVeL227yF2PZj1rw&amp;_nc_zt=23&amp;_nc_ht=scontent-lhr8-2.cdninstagram.com&amp;edm=ANo9K5cEAAAA&amp;_nc_gid=fVWYxcAnk7tq524bhAI9BA&amp;_nc_tpa=Q5bMBQFq84s93UxM56KOiqiFeQrINWvW6VtWr6yJMBaMT1MuP9LGwbWsOkA7ggKpEk6t37IJG5n-L7FDaA&amp;oh=00_Af4YB2KdpvqFZAgOYJb4KgUv0Bnns6RFkiy9bZw36ftnpQ&amp;oe=69FAD81C&quot;},{&quot;type&quot;:&quot;image&quot;,&quot;media&quot;:&quot;https:\\\/\\\/scontent-lhr8-1.cdninstagram.com\\\/v\\\/t51.82787-15\\\/670389113_18082526315609580_593533523426753139_n.jpg?stp=dst-jpg_e35_tt6&amp;_nc_cat=108&amp;ccb=7-5&amp;_nc_sid=18de74&amp;efg=eyJlZmdfdGFnIjoiQ0FST1VTRUxfSVRFTS5iZXN0X2ltYWdlX3VybGdlbi5DMyJ9&amp;_nc_ohc=GgG1lavN6kMQ7kNvwHR7u5O&amp;_nc_oc=AdrbEvOnWRelB46iSS3vaLUe8TJzIOn7xCnp5vnmUkMkAkewHY227xfu6s-Fc7MtHV8&amp;_nc_zt=23&amp;_nc_ht=scontent-lhr8-1.cdninstagram.com&amp;edm=ANo9K5cEAAAA&amp;_nc_gid=fVWYxcAnk7tq524bhAI9BA&amp;_nc_tpa=Q5bMBQFaquxZHpC6blu_RfSql2PuvzJ1GTuVR37kSX9NVZJTZiHTX_xvMPdaek6Pk7UNfROf3tJhbPfkzw&amp;oh=00_Af4ShEEEJXi8Kz-wq3fNo2F4wqcIjtDYpMbgfPtPlvd7LA&amp;oe=69FAD9C4&quot;},{&quot;type&quot;:&quot;image&quot;,&quot;media&quot;:&quot;https:\\\/\\\/scontent-lhr8-2.cdninstagram.com\\\/v\\\/t51.82787-15\\\/662511828_18082526339609580_2153122165402078560_n.jpg?stp=dst-jpg_e35_tt6&amp;_nc_cat=106&amp;ccb=7-5&amp;_nc_sid=18de74&amp;efg=eyJlZmdfdGFnIjoiQ0FST1VTRUxfSVRFTS5iZXN0X2ltYWdlX3VybGdlbi5DMyJ9&amp;_nc_ohc=Q-FAmYEj1a8Q7kNvwH65ObV&amp;_nc_oc=AdpW3SVVHlsev-HDzxN2qnaVu7mfkD_NDExfJ-5T5rX_aCvf2PzCy0TsHArsetFOmEg&amp;_nc_zt=23&amp;_nc_ht=scontent-lhr8-2.cdninstagram.com&amp;edm=ANo9K5cEAAAA&amp;_nc_gid=fVWYxcAnk7tq524bhAI9BA&amp;_nc_tpa=Q5bMBQHNc8BT8YVsdh_leiDNsd2-h2deQHzwHt3y8Dhn-Fw4a5jmC_eUCkOupIjq6oBycVXHSDTaPXIgzg&amp;oh=00_Af6ePXbgsDjUpBNFmd_-Pf3WhD0fU9icAC5IzP7H5Ivz7g&amp;oe=69FAE6E2&quot;},{&quot;type&quot;:&quot;image&quot;,&quot;media&quot;:&quot;https:\\\/\\\/scontent-lhr8-1.cdninstagram.com\\\/v\\\/t51.82787-15\\\/670872681_18082526360609580_1000621699162289226_n.jpg?stp=dst-jpg_e35_tt6&amp;_nc_cat=107&amp;ccb=7-5&amp;_nc_sid=18de74&amp;efg=eyJlZmdfdGFnIjoiQ0FST1VTRUxfSVRFTS5iZXN0X2ltYWdlX3VybGdlbi5DMyJ9&amp;_nc_ohc=l8AAM_m2EJ0Q7kNvwH-1rh7&amp;_nc_oc=AdovyjNMTCcUKLggnASmhc2dO5R1QDv-YCpykOjXBemQDxnODwpamzlOSMkZEEpvK_I&amp;_nc_zt=23&amp;_nc_ht=scontent-lhr8-1.cdninstagram.com&amp;edm=ANo9K5cEAAAA&amp;_nc_gid=fVWYxcAnk7tq524bhAI9BA&amp;_nc_tpa=Q5bMBQHtyakgv8p89beYG8ui8N3jt_IfH5adtHFnOW72_jqErP-RWcTbI0AG1BKP-cmWAmvPG06oIHhrRA&amp;oh=00_Af6kGe1zBh5munJcOnObAI5ltNhre-tiElLPNK1GL9af-A&amp;oe=69FAED32&quot;},{&quot;type&quot;:&quot;image&quot;,&quot;media&quot;:&quot;https:\\\/\\\/scontent-lhr6-1.cdninstagram.com\\\/v\\\/t51.82787-15\\\/662284231_18082526369609580_3008165680655352940_n.jpg?stp=dst-jpg_e35_tt6&amp;_nc_cat=109&amp;ccb=7-5&amp;_nc_sid=18de74&amp;efg=eyJlZmdfdGFnIjoiQ0FST1VTRUxfSVRFTS5iZXN0X2ltYWdlX3VybGdlbi5DMyJ9&amp;_nc_ohc=H1nLHxYZVL0Q7kNvwFAS4yD&amp;_nc_oc=Adr55DlsDZMTrNF2YcVnlPhipLzRDuMhAqY_cCknQpJ68W4K2PbtYU-RLZB5XxpL_ok&amp;_nc_zt=23&amp;_nc_ht=scontent-lhr6-1.cdninstagram.com&amp;edm=ANo9K5cEAAAA&amp;_nc_gid=fVWYxcAnk7tq524bhAI9BA&amp;_nc_tpa=Q5bMBQFxCd5SBQZvDplqGXFXJ-ciCGQaDpH9ntjb6DuPl1hIJejl1JitBxzlT5L-Sb9HaQBAXAr6LXyUew&amp;oh=00_Af6ziGGx3cyJdkDRT5__WVWq6WN4XSMRvxXaGwcVwgeFDQ&amp;oe=69FAD28F&quot;},{&quot;type&quot;:&quot;image&quot;,&quot;media&quot;:&quot;https:\\\/\\\/scontent-lhr8-1.cdninstagram.com\\\/v\\\/t51.82787-15\\\/669504151_18082526357609580_4843752495928024264_n.jpg?stp=dst-jpg_e35_tt6&amp;_nc_cat=107&amp;ccb=7-5&amp;_nc_sid=18de74&amp;efg=eyJlZmdfdGFnIjoiQ0FST1VTRUxfSVRFTS5iZXN0X2ltYWdlX3VybGdlbi5DMyJ9&amp;_nc_ohc=1d-XmVppeLkQ7kNvwHYcQ-a&amp;_nc_oc=Adp-pL_TZl9lqKXSrIeEaGbMg2Eix4d1hZK_gyrwp50zbEtxE18MZbP9nDhLqLAZoe4&amp;_nc_zt=23&amp;_nc_ht=scontent-lhr8-1.cdninstagram.com&amp;edm=ANo9K5cEAAAA&amp;_nc_gid=fVWYxcAnk7tq524bhAI9BA&amp;_nc_tpa=Q5bMBQFpC8eU3gHsgXCSHhOJdwd55EHezDETrpB9-hHHz-iHRnFrMshWGO5ogJAa_RV8QtUGy0oXWqNxqA&amp;oh=00_Af7mUK9I2q5J4ZltKEkXUFlC-P8buA5zOKfrsbbuoVmIRw&amp;oe=69FAD132&quot;},{&quot;type&quot;:&quot;image&quot;,&quot;media&quot;:&quot;https:\\\/\\\/scontent-lhr6-2.cdninstagram.com\\\/v\\\/t51.82787-15\\\/663282782_18082526378609580_7692952108004491685_n.jpg?stp=dst-jpg_e35_tt6&amp;_nc_cat=100&amp;ccb=7-5&amp;_nc_sid=18de74&amp;efg=eyJlZmdfdGFnIjoiQ0FST1VTRUxfSVRFTS5iZXN0X2ltYWdlX3VybGdlbi5DMyJ9&amp;_nc_ohc=aIMzsIRciW0Q7kNvwEOaFvn&amp;_nc_oc=AdraaFKkE7VOnvv952vRNv6Z1C0Q-ELA7rIR6nMrbIkP9ON7khiHvQQJ_xbKfPeSfus&amp;_nc_zt=23&amp;_nc_ht=scontent-lhr6-2.cdninstagram.com&amp;edm=ANo9K5cEAAAA&amp;_nc_gid=fVWYxcAnk7tq524bhAI9BA&amp;_nc_tpa=Q5bMBQG0MLt59d1Ig6ynCnP_GK2uW413DnU6aOC_-ii-w4BAuuKhht11QImMYbANuqHpxIQ7afpr6qe_sw&amp;oh=00_Af6mm0PNDIphq0Ef27SF9phOh7QxFlynC-nBp3ksjyfq3A&amp;oe=69FAD1AA&quot;}],&quot;vid_first&quot;:false}\" data-id=\"sbi_18094435973139561\" data-user=\"ffgreenforgood\" data-url=\"https:\/\/www.instagram.com\/p\/DW8a7iWCNZ_\/\" data-avatar=\"https:\/\/scontent-lhr6-1.cdninstagram.com\/v\/t51.75761-19\/504492127_18047685233609580_190411476099131421_n.jpg?stp=dst-jpg_s206x206_tt6&amp;_nc_cat=110&amp;ccb=7-5&amp;_nc_sid=bf7eb4&amp;efg=eyJ2ZW5jb2RlX3RhZyI6InByb2ZpbGVfcGljLnd3dy44NjAuQzMifQ%3D%3D&amp;_nc_ohc=7YkQSxce17EQ7kNvwFdpDOZ&amp;_nc_oc=Adk16rbXONmv9WoHdZQ6qwrB-SI4h0Pl89pGYiCCrXk_p5kjOUbidaUs6DLVRGh4lj4&amp;_nc_zt=24&amp;_nc_ht=scontent-lhr6-1.cdninstagram.com&amp;edm=AP4hL3IEAAAA&amp;_nc_gid=SIr5PfSA7ZcpIXtSaB1j2g&amp;_nc_tpa=Q5bMBQFh7gIqpI5icvkMBqmYHv2zcze12n0V-rQbfu9oJ6z_JOBiGBZWoroPGjPqNGcroDUJtoFXe5lsww&amp;oh=00_AfkZidvXlctRYmWtOItTmCjbuHZga4nqIo46z71Zl-CqWQ&amp;oe=6934C17F\" data-account-type=\"business\" data-iframe='' data-media-type=\"feed\" data-posted-on=\"\" data-custom-avatar=\"\">\n            <span class=\"sbi-screenreader\">\n                Open            <\/span>\n                    <\/a>\n    <\/div>\n\n    <a class=\"sbi_photo\" target=\"_blank\" rel=\"nofollow noopener\" href=\"https:\/\/www.instagram.com\/p\/DW8a7iWCNZ_\/\" data-full-res=\"https:\/\/scontent-lhr8-1.cdninstagram.com\/v\/t51.82787-15\/660641931_18082526294609580_4862984541305312921_n.jpg?stp=dst-jpg_e35_tt6&#038;_nc_cat=111&#038;ccb=7-5&#038;_nc_sid=18de74&#038;efg=eyJlZmdfdGFnIjoiQ0FST1VTRUxfSVRFTS5iZXN0X2ltYWdlX3VybGdlbi5DMyJ9&#038;_nc_ohc=m37vMCH-HzsQ7kNvwH0FqAX&#038;_nc_oc=AdqY4Xc5aXL7JcBOvHpkBIfjUoJq0sg_dN5Pq7iwOwSsKhO_37iTYQO9SF9ff31jObY&#038;_nc_zt=23&#038;_nc_ht=scontent-lhr8-1.cdninstagram.com&#038;edm=ANo9K5cEAAAA&#038;_nc_gid=fVWYxcAnk7tq524bhAI9BA&#038;_nc_tpa=Q5bMBQGrZPFUuUcNHTOteHRV2WTdZRndV2vzOT3qjV1BGOoTiUmMV-oSMERV21E2BiRF7m78B1w6KYDIMw&#038;oh=00_Af4uRgho-IWhbVOSLv7f2ygsjmJTaywnB2MGB6jvksGyFA&#038;oe=69FAC65C\" data-img-src-set=\"{&quot;d&quot;:&quot;https:\\\/\\\/scontent-lhr8-1.cdninstagram.com\\\/v\\\/t51.82787-15\\\/660641931_18082526294609580_4862984541305312921_n.jpg?stp=dst-jpg_e35_tt6&amp;_nc_cat=111&amp;ccb=7-5&amp;_nc_sid=18de74&amp;efg=eyJlZmdfdGFnIjoiQ0FST1VTRUxfSVRFTS5iZXN0X2ltYWdlX3VybGdlbi5DMyJ9&amp;_nc_ohc=m37vMCH-HzsQ7kNvwH0FqAX&amp;_nc_oc=AdqY4Xc5aXL7JcBOvHpkBIfjUoJq0sg_dN5Pq7iwOwSsKhO_37iTYQO9SF9ff31jObY&amp;_nc_zt=23&amp;_nc_ht=scontent-lhr8-1.cdninstagram.com&amp;edm=ANo9K5cEAAAA&amp;_nc_gid=fVWYxcAnk7tq524bhAI9BA&amp;_nc_tpa=Q5bMBQGrZPFUuUcNHTOteHRV2WTdZRndV2vzOT3qjV1BGOoTiUmMV-oSMERV21E2BiRF7m78B1w6KYDIMw&amp;oh=00_Af4uRgho-IWhbVOSLv7f2ygsjmJTaywnB2MGB6jvksGyFA&amp;oe=69FAC65C&quot;,&quot;150&quot;:&quot;https:\\\/\\\/scontent-lhr8-1.cdninstagram.com\\\/v\\\/t51.82787-15\\\/660641931_18082526294609580_4862984541305312921_n.jpg?stp=dst-jpg_e35_tt6&amp;_nc_cat=111&amp;ccb=7-5&amp;_nc_sid=18de74&amp;efg=eyJlZmdfdGFnIjoiQ0FST1VTRUxfSVRFTS5iZXN0X2ltYWdlX3VybGdlbi5DMyJ9&amp;_nc_ohc=m37vMCH-HzsQ7kNvwH0FqAX&amp;_nc_oc=AdqY4Xc5aXL7JcBOvHpkBIfjUoJq0sg_dN5Pq7iwOwSsKhO_37iTYQO9SF9ff31jObY&amp;_nc_zt=23&amp;_nc_ht=scontent-lhr8-1.cdninstagram.com&amp;edm=ANo9K5cEAAAA&amp;_nc_gid=fVWYxcAnk7tq524bhAI9BA&amp;_nc_tpa=Q5bMBQGrZPFUuUcNHTOteHRV2WTdZRndV2vzOT3qjV1BGOoTiUmMV-oSMERV21E2BiRF7m78B1w6KYDIMw&amp;oh=00_Af4uRgho-IWhbVOSLv7f2ygsjmJTaywnB2MGB6jvksGyFA&amp;oe=69FAC65C&quot;,&quot;320&quot;:&quot;https:\\\/\\\/scontent-lhr8-1.cdninstagram.com\\\/v\\\/t51.82787-15\\\/660641931_18082526294609580_4862984541305312921_n.jpg?stp=dst-jpg_e35_tt6&amp;_nc_cat=111&amp;ccb=7-5&amp;_nc_sid=18de74&amp;efg=eyJlZmdfdGFnIjoiQ0FST1VTRUxfSVRFTS5iZXN0X2ltYWdlX3VybGdlbi5DMyJ9&amp;_nc_ohc=m37vMCH-HzsQ7kNvwH0FqAX&amp;_nc_oc=AdqY4Xc5aXL7JcBOvHpkBIfjUoJq0sg_dN5Pq7iwOwSsKhO_37iTYQO9SF9ff31jObY&amp;_nc_zt=23&amp;_nc_ht=scontent-lhr8-1.cdninstagram.com&amp;edm=ANo9K5cEAAAA&amp;_nc_gid=fVWYxcAnk7tq524bhAI9BA&amp;_nc_tpa=Q5bMBQGrZPFUuUcNHTOteHRV2WTdZRndV2vzOT3qjV1BGOoTiUmMV-oSMERV21E2BiRF7m78B1w6KYDIMw&amp;oh=00_Af4uRgho-IWhbVOSLv7f2ygsjmJTaywnB2MGB6jvksGyFA&amp;oe=69FAC65C&quot;,&quot;640&quot;:&quot;https:\\\/\\\/scontent-lhr8-1.cdninstagram.com\\\/v\\\/t51.82787-15\\\/660641931_18082526294609580_4862984541305312921_n.jpg?stp=dst-jpg_e35_tt6&amp;_nc_cat=111&amp;ccb=7-5&amp;_nc_sid=18de74&amp;efg=eyJlZmdfdGFnIjoiQ0FST1VTRUxfSVRFTS5iZXN0X2ltYWdlX3VybGdlbi5DMyJ9&amp;_nc_ohc=m37vMCH-HzsQ7kNvwH0FqAX&amp;_nc_oc=AdqY4Xc5aXL7JcBOvHpkBIfjUoJq0sg_dN5Pq7iwOwSsKhO_37iTYQO9SF9ff31jObY&amp;_nc_zt=23&amp;_nc_ht=scontent-lhr8-1.cdninstagram.com&amp;edm=ANo9K5cEAAAA&amp;_nc_gid=fVWYxcAnk7tq524bhAI9BA&amp;_nc_tpa=Q5bMBQGrZPFUuUcNHTOteHRV2WTdZRndV2vzOT3qjV1BGOoTiUmMV-oSMERV21E2BiRF7m78B1w6KYDIMw&amp;oh=00_Af4uRgho-IWhbVOSLv7f2ygsjmJTaywnB2MGB6jvksGyFA&amp;oe=69FAC65C&quot;}\">\n        <img decoding=\"async\" src=\"https:\/\/fundacioferrergreenforgood.org\/wp-content\/plugins\/instagram-feed-pro\/img\/placeholder.png\" alt=\"El territori no \u00e9s infinit. I tampoc ho \u00e9s la seva capacitat de resistir.\n\r\nDes de la Fundaci\u00f3 Ferrer Green for Good compartim el comprom\u00eds de SOS Costa Brava (@soscostabrava) amb la defensa del territori, la biodiversitat i el patrimoni col\u00b7lectiu. El seu \u00faltim informe identifica els 10 focus de m\u00e9s risc que marcaran el futur de la Costa Brava aquest 2026, que us compartim en aquest carrusel: casos que evidencien com la pressi\u00f3 urban\u00edstica continua afectant espais fr\u00e0gils, sovint en contradicci\u00f3 amb criteris ambientals i normatives de protecci\u00f3.\n\r\nNo parlem nom\u00e9s de projectes a\u00efllats, sin\u00f3 d\u2019un model que encara posa en risc s\u00f2ls forestals, zones inundables o ecosistemes litorals d\u2019alt valor. Davant d\u2019aix\u00f2, cal repensar com volem habitar el territori i quines prioritats col\u00b7lectives volem defensar.\n\r\nDes de la Fundaci\u00f3 Ferrer Green for Good treballem per regenerar espais i reconnectar persones i natura. Per\u00f2 aquesta transformaci\u00f3 nom\u00e9s t\u00e9 sentit si tamb\u00e9 protegim all\u00f2 que encara es mant\u00e9 viu.\n\r\n\ud83c\udf31 Cuidar la terra \u00e9s cuidar el futur\r\n\ud83c\udf0d I fer-ho \u00e9s una responsabilitat compartida\r\n\r\n#GreenForGood #SOSCostaBrava #CostaBrava\">\n    <\/a>\n<\/div>\n\n\n\n\n\t    \n        <div class=\"sbi_info_wrapper\">\n            <div class=\"sbi_info \">\n\n\t\t        \n                <div class=\"sbi_meta_wrap\">\n\t\t        \n\t\t\t\t                <\/div>\n            <\/div>\n        <\/div>\n    <\/div>\n\n    <div class=\"sbi-divider\"><\/div>\n<\/div>\n<div class=\"sbi_item sbi_type_carousel sbi_new sbi_transition\" id=\"sbi_18057018569448947\" data-date=\"1773660426\" data-numcomments=\"0\"data-template=ft_simple_grid>\n    <div class=\"sbi_inner_wrap\" >\n        \n\t\t<div class=\"sbi_photo_wrap\"  style=\"border-radius: inherit;\">\n        <svg class=\"svg-inline--fa fa-clone fa-w-16 sbi_lightbox_carousel_icon\" aria-hidden=\"true\" aria-label=\"Clone\" data-fa-pro\u0192cessed=\"\" data-prefix=\"far\" data-icon=\"clone\" role=\"img\" xmlns=\"http:\/\/www.w3.org\/2000\/svg\" viewBox=\"0 0 512 512\">\n\t                <path fill=\"currentColor\" d=\"M464 0H144c-26.51 0-48 21.49-48 48v48H48c-26.51 0-48 21.49-48 48v320c0 26.51 21.49 48 48 48h320c26.51 0 48-21.49 48-48v-48h48c26.51 0 48-21.49 48-48V48c0-26.51-21.49-48-48-48zM362 464H54a6 6 0 0 1-6-6V150a6 6 0 0 1 6-6h42v224c0 26.51 21.49 48 48 48h224v42a6 6 0 0 1-6 6zm96-96H150a6 6 0 0 1-6-6V54a6 6 0 0 1 6-6h308a6 6 0 0 1 6 6v308a6 6 0 0 1-6 6z\"><\/path>\n\t            <\/svg>    \n    <div   class=\"sbi_link \" >\n        <div class=\"sbi_hover_top\">\n            \n            \n                <p class=\"sbi_hover_caption_wrap\" \n        >\n        <span class=\"sbi_caption\">\ud83e\udd66\ud83c\udf31 La riquesa de les brassic\u00e0cies<br><br><br>A l\u2019Hort La Florida (L\u2019Hospitalet de Llobregat) la biodiversitat tamb\u00e9 es veu\u2026 i es menja.<br><br><br>En aquestes imatges podeu veure algunes de les varietats que cultivem: coliflor lila, col llombarda, col setsetmanera, br\u00f2coli, i br\u00f2quil de Santa Teresa, totes elles de la fam\u00edlia de les brassic\u00e0cies.<br><br><br>Cada varietat t\u00e9 les seves particularitats de sabor, textura i valor nutricional, per\u00f2 totes comparteixen una gran capacitat d\u2019adaptaci\u00f3 i una extraordin\u00e0ria riquesa agr\u00edcola.<br><br><br>Cultivar diversitat \u00e9s clau per a una agricultura m\u00e9s resilient, saludable i connectada amb el territori. I als nostres horts urbans socials ho fem possible cada dia. \ud83c\udf0d\ud83d\udc9a<br><br><br>#GreenForGood #AgriculturaRegenerativa #Biodiversitat #HortsUrbansSocials<\/span>\n    <\/p>\n\n        <\/div>\n        \n        \n        <div class=\"sbi_hover_bottom \">\n\n            \n                            <div class=\"sbi_meta\">\n                    \n                        <span class=\"sbi_likes\" style=\"font-size: 13px;\" >\n        <svg  style=\"font-size: 13px;\" class=\"svg-inline--fa fa-heart fa-w-18\" aria-hidden=\"true\" data-fa-processed=\"\" data-prefix=\"fa\" data-icon=\"heart\" role=\"presentation\" xmlns=\"http:\/\/www.w3.org\/2000\/svg\" viewBox=\"0 0 576 512\"><path fill=\"currentColor\" d=\"M414.9 24C361.8 24 312 65.7 288 89.3 264 65.7 214.2 24 161.1 24 70.3 24 16 76.9 16 165.5c0 72.6 66.8 133.3 69.2 135.4l187 180.8c8.8 8.5 22.8 8.5 31.6 0l186.7-180.2c2.7-2.7 69.5-63.5 69.5-136C560 76.9 505.7 24 414.9 24z\"><\/path><\/svg>        33    <\/span>\n\n\n\n\n    <span class=\"sbi_comments\" style=\"font-size: 13px;\" >\n        <svg  style=\"font-size: 13px;\" class=\"svg-inline--fa fa-comment fa-w-18\" aria-hidden=\"true\" data-fa-processed=\"\" data-prefix=\"fa\" data-icon=\"comment\" role=\"presentation\" xmlns=\"http:\/\/www.w3.org\/2000\/svg\" viewBox=\"0 0 576 512\"><path fill=\"currentColor\" d=\"M576 240c0 115-129 208-288 208-48.3 0-93.9-8.6-133.9-23.8-40.3 31.2-89.8 50.3-142.4 55.7-5.2.6-10.2-2.8-11.5-7.7-1.3-5 2.7-8.1 6.6-11.8 19.3-18.4 42.7-32.8 51.9-94.6C21.9 330.9 0 287.3 0 240 0 125.1 129 32 288 32s288 93.1 288 208z\"><\/path><\/svg>        0    <\/span>\n\n\n\n\n                <\/div>\n            \n        <\/div>\n\n        <a class=\"sbi_link_area nofancybox\" rel=\"nofollow noopener\" href=\"https:\/\/scontent-lhr8-2.cdninstagram.com\/v\/t51.82787-15\/652325310_18079121792609580_3604563994589402586_n.jpg?stp=dst-jpg_e35_tt6&#038;_nc_cat=101&#038;ccb=7-5&#038;_nc_sid=18de74&#038;efg=eyJlZmdfdGFnIjoiQ0FST1VTRUxfSVRFTS5iZXN0X2ltYWdlX3VybGdlbi5DMyJ9&#038;_nc_ohc=tXGckFY6d2QQ7kNvwG0CDXv&#038;_nc_oc=AdqXSi-tuVgIvWz0PnDZGgWSVV626-JkNsNW0y5cBlphRHgmpjOz5OLQwjZnHUiPlvA&#038;_nc_zt=23&#038;_nc_ht=scontent-lhr8-2.cdninstagram.com&#038;edm=ANo9K5cEAAAA&#038;_nc_gid=fVWYxcAnk7tq524bhAI9BA&#038;_nc_tpa=Q5bMBQEqzkVy5CDvS10yYYYVKyqT0tQeVGOGRmtZd1D9JmyhuZD03V5Nt0oU4u1_bSEOjPXrZLhIpslj7g&#038;oh=00_Af7AsO84nxhfprQWSDmq8dPzLR3b9ce5CwIwAkpLinChdg&#038;oe=69FAE705\" data-lightbox-sbi=\"\" data-title=\"\ud83e\udd66\ud83c\udf31 La riquesa de les brassic\u00e0cies&lt;br&gt;\n\r&lt;br&gt;\nA l\u2019Hort La Florida (L\u2019Hospitalet de Llobregat) la biodiversitat tamb\u00e9 es veu\u2026 i es menja.&lt;br&gt;\n\r&lt;br&gt;\nEn aquestes imatges podeu veure algunes de les varietats que cultivem: coliflor lila, col llombarda, col setsetmanera, br\u00f2coli, i br\u00f2quil de Santa Teresa, totes elles de la fam\u00edlia de les brassic\u00e0cies.&lt;br&gt;\n\r&lt;br&gt;\nCada varietat t\u00e9 les seves particularitats de sabor, textura i valor nutricional, per\u00f2 totes comparteixen una gran capacitat d\u2019adaptaci\u00f3 i una extraordin\u00e0ria riquesa agr\u00edcola.&lt;br&gt;\n\r&lt;br&gt;\nCultivar diversitat \u00e9s clau per a una agricultura m\u00e9s resilient, saludable i connectada amb el territori. I als nostres horts urbans socials ho fem possible cada dia. \ud83c\udf0d\ud83d\udc9a&lt;br&gt;\n\r&lt;br&gt;\n#GreenForGood #AgriculturaRegenerativa #Biodiversitat #HortsUrbansSocials\" data-video=\"\" data-carousel=\"{&quot;data&quot;:[{&quot;type&quot;:&quot;image&quot;,&quot;media&quot;:&quot;https:\\\/\\\/scontent-lhr8-2.cdninstagram.com\\\/v\\\/t51.82787-15\\\/652325310_18079121792609580_3604563994589402586_n.jpg?stp=dst-jpg_e35_tt6&amp;_nc_cat=101&amp;ccb=7-5&amp;_nc_sid=18de74&amp;efg=eyJlZmdfdGFnIjoiQ0FST1VTRUxfSVRFTS5iZXN0X2ltYWdlX3VybGdlbi5DMyJ9&amp;_nc_ohc=tXGckFY6d2QQ7kNvwG0CDXv&amp;_nc_oc=AdqXSi-tuVgIvWz0PnDZGgWSVV626-JkNsNW0y5cBlphRHgmpjOz5OLQwjZnHUiPlvA&amp;_nc_zt=23&amp;_nc_ht=scontent-lhr8-2.cdninstagram.com&amp;edm=ANo9K5cEAAAA&amp;_nc_gid=fVWYxcAnk7tq524bhAI9BA&amp;_nc_tpa=Q5bMBQEbza73xTsh-y1Jm9MIkzozig-mIjm-aWroXGSos5bOsphx8EkmrZxQ9F1xQv0VE10QjQvADdIPaA&amp;oh=00_Af5Br0mODSPZNlOdQgAOrkMztGoK64Qc5k4r--XtPtzVXw&amp;oe=69FAE705&quot;},{&quot;type&quot;:&quot;image&quot;,&quot;media&quot;:&quot;https:\\\/\\\/scontent-lhr6-1.cdninstagram.com\\\/v\\\/t51.82787-15\\\/651912983_18079121774609580_6591634639040312647_n.jpg?stp=dst-jpg_e35_tt6&amp;_nc_cat=109&amp;ccb=7-5&amp;_nc_sid=18de74&amp;efg=eyJlZmdfdGFnIjoiQ0FST1VTRUxfSVRFTS5iZXN0X2ltYWdlX3VybGdlbi5DMyJ9&amp;_nc_ohc=OgmTfqfyoIEQ7kNvwF8lVnS&amp;_nc_oc=AdrMHWMupFXT2c8QdRADI7_iQjv9Btt0W8WXRbvu9t-QkRcJnAwN0jJ41WExhfdDTYg&amp;_nc_zt=23&amp;_nc_ht=scontent-lhr6-1.cdninstagram.com&amp;edm=ANo9K5cEAAAA&amp;_nc_gid=fVWYxcAnk7tq524bhAI9BA&amp;_nc_tpa=Q5bMBQEWpPmN9MJUOu_oCtxBr-UZCGeCrZQc6wN3x__dAFplfVVe5WKmcBf9MOH_NXE9riwVsDZeVty_5w&amp;oh=00_Af7VRphXnA9EvJbcl8iNsys_mrIQ2EaChXpUw2to40qWqA&amp;oe=69FABC62&quot;},{&quot;type&quot;:&quot;image&quot;,&quot;media&quot;:&quot;https:\\\/\\\/scontent-lhr6-2.cdninstagram.com\\\/v\\\/t51.82787-15\\\/653719180_18079121783609580_8058318829236058068_n.jpg?stp=dst-jpg_e35_tt6&amp;_nc_cat=100&amp;ccb=7-5&amp;_nc_sid=18de74&amp;efg=eyJlZmdfdGFnIjoiQ0FST1VTRUxfSVRFTS5iZXN0X2ltYWdlX3VybGdlbi5DMyJ9&amp;_nc_ohc=deA6lhP5cO8Q7kNvwG1GXPB&amp;_nc_oc=Adp7GqFhIilqyfyc47AbmR05XP5upqsmfyxXoWHTHT2wef3evCJzoFyxjK-xr4hwiFU&amp;_nc_zt=23&amp;_nc_ht=scontent-lhr6-2.cdninstagram.com&amp;edm=ANo9K5cEAAAA&amp;_nc_gid=fVWYxcAnk7tq524bhAI9BA&amp;_nc_tpa=Q5bMBQEscMc93Jj4ExULMNZ66yyBn3jooN0Yj7kIgZ0Rt4Ig3UJMM2r5BUmAgs_rmvJACuCeGcTH1C-Teg&amp;oh=00_Af4rnwztgOL4h0FrxVFnmuJaa8iTSopWalp4qmezINTUOw&amp;oe=69FACBCE&quot;},{&quot;type&quot;:&quot;image&quot;,&quot;media&quot;:&quot;https:\\\/\\\/scontent-lhr8-2.cdninstagram.com\\\/v\\\/t51.82787-15\\\/653060378_18079121810609580_2067616648274073488_n.jpg?stp=dst-jpg_e35_tt6&amp;_nc_cat=106&amp;ccb=7-5&amp;_nc_sid=18de74&amp;efg=eyJlZmdfdGFnIjoiQ0FST1VTRUxfSVRFTS5iZXN0X2ltYWdlX3VybGdlbi5DMyJ9&amp;_nc_ohc=AWE3gSccwFAQ7kNvwHMs9RN&amp;_nc_oc=Adr3ZH9UrqqjJ925pORjoSgR0GI8jj4ZL0-bNcoKAq3Gb83Sw8nekMFiuZs6HwfGlwM&amp;_nc_zt=23&amp;_nc_ht=scontent-lhr8-2.cdninstagram.com&amp;edm=ANo9K5cEAAAA&amp;_nc_gid=fVWYxcAnk7tq524bhAI9BA&amp;_nc_tpa=Q5bMBQGSJzOhi7QyD_70ltISYTTOy1ba7F6wHVU0XUT9FMZ-xP2IBdzGaLXWChI0bRVLD2sgdRGjTx3Fsw&amp;oh=00_Af4Ps74hQoWv5zzAsfUngZMIci6s8pqlQ2OauUO8JZWljQ&amp;oe=69FAC892&quot;},{&quot;type&quot;:&quot;image&quot;,&quot;media&quot;:&quot;https:\\\/\\\/scontent-lhr6-2.cdninstagram.com\\\/v\\\/t51.82787-15\\\/652571691_18079121801609580_8029376618111351517_n.jpg?stp=dst-jpg_e35_tt6&amp;_nc_cat=100&amp;ccb=7-5&amp;_nc_sid=18de74&amp;efg=eyJlZmdfdGFnIjoiQ0FST1VTRUxfSVRFTS5iZXN0X2ltYWdlX3VybGdlbi5DMyJ9&amp;_nc_ohc=Lck6-R0rHkMQ7kNvwFgHjiB&amp;_nc_oc=AdqQPr1sE3rs9eOmxn7WGC8A2Dg_S5z77_iE9PqVhGzOxBkMGb33XBIppAlkB6bvhO4&amp;_nc_zt=23&amp;_nc_ht=scontent-lhr6-2.cdninstagram.com&amp;edm=ANo9K5cEAAAA&amp;_nc_gid=fVWYxcAnk7tq524bhAI9BA&amp;_nc_tpa=Q5bMBQGPp0K8ypjnQ12xAT1aeswnTaOhA4udD2iJjNbBu-KOpCl7UAmxyuWo_hea_hDr9wv2TMOu8UcE_g&amp;oh=00_Af42Vo8lgL7IYiJsnO8lEObSi-ObepK9xuKQdiFxHLlS4g&amp;oe=69FAC8C1&quot;}],&quot;vid_first&quot;:false}\" data-id=\"sbi_18057018569448947\" data-user=\"ffgreenforgood\" data-url=\"https:\/\/www.instagram.com\/p\/DV8ZB1pCDdx\/\" data-avatar=\"https:\/\/scontent-lhr6-1.cdninstagram.com\/v\/t51.75761-19\/504492127_18047685233609580_190411476099131421_n.jpg?stp=dst-jpg_s206x206_tt6&amp;_nc_cat=110&amp;ccb=7-5&amp;_nc_sid=bf7eb4&amp;efg=eyJ2ZW5jb2RlX3RhZyI6InByb2ZpbGVfcGljLnd3dy44NjAuQzMifQ%3D%3D&amp;_nc_ohc=7YkQSxce17EQ7kNvwFdpDOZ&amp;_nc_oc=Adk16rbXONmv9WoHdZQ6qwrB-SI4h0Pl89pGYiCCrXk_p5kjOUbidaUs6DLVRGh4lj4&amp;_nc_zt=24&amp;_nc_ht=scontent-lhr6-1.cdninstagram.com&amp;edm=AP4hL3IEAAAA&amp;_nc_gid=SIr5PfSA7ZcpIXtSaB1j2g&amp;_nc_tpa=Q5bMBQFh7gIqpI5icvkMBqmYHv2zcze12n0V-rQbfu9oJ6z_JOBiGBZWoroPGjPqNGcroDUJtoFXe5lsww&amp;oh=00_AfkZidvXlctRYmWtOItTmCjbuHZga4nqIo46z71Zl-CqWQ&amp;oe=6934C17F\" data-account-type=\"business\" data-iframe='' data-media-type=\"feed\" data-posted-on=\"\" data-custom-avatar=\"\">\n            <span class=\"sbi-screenreader\">\n                Open            <\/span>\n                    <\/a>\n    <\/div>\n\n    <a class=\"sbi_photo\" target=\"_blank\" rel=\"nofollow noopener\" href=\"https:\/\/www.instagram.com\/p\/DV8ZB1pCDdx\/\" data-full-res=\"https:\/\/scontent-lhr8-2.cdninstagram.com\/v\/t51.82787-15\/652325310_18079121792609580_3604563994589402586_n.jpg?stp=dst-jpg_e35_tt6&#038;_nc_cat=101&#038;ccb=7-5&#038;_nc_sid=18de74&#038;efg=eyJlZmdfdGFnIjoiQ0FST1VTRUxfSVRFTS5iZXN0X2ltYWdlX3VybGdlbi5DMyJ9&#038;_nc_ohc=tXGckFY6d2QQ7kNvwG0CDXv&#038;_nc_oc=AdqXSi-tuVgIvWz0PnDZGgWSVV626-JkNsNW0y5cBlphRHgmpjOz5OLQwjZnHUiPlvA&#038;_nc_zt=23&#038;_nc_ht=scontent-lhr8-2.cdninstagram.com&#038;edm=ANo9K5cEAAAA&#038;_nc_gid=fVWYxcAnk7tq524bhAI9BA&#038;_nc_tpa=Q5bMBQEqzkVy5CDvS10yYYYVKyqT0tQeVGOGRmtZd1D9JmyhuZD03V5Nt0oU4u1_bSEOjPXrZLhIpslj7g&#038;oh=00_Af7AsO84nxhfprQWSDmq8dPzLR3b9ce5CwIwAkpLinChdg&#038;oe=69FAE705\" data-img-src-set=\"{&quot;d&quot;:&quot;https:\\\/\\\/scontent-lhr8-2.cdninstagram.com\\\/v\\\/t51.82787-15\\\/652325310_18079121792609580_3604563994589402586_n.jpg?stp=dst-jpg_e35_tt6&amp;_nc_cat=101&amp;ccb=7-5&amp;_nc_sid=18de74&amp;efg=eyJlZmdfdGFnIjoiQ0FST1VTRUxfSVRFTS5iZXN0X2ltYWdlX3VybGdlbi5DMyJ9&amp;_nc_ohc=tXGckFY6d2QQ7kNvwG0CDXv&amp;_nc_oc=AdqXSi-tuVgIvWz0PnDZGgWSVV626-JkNsNW0y5cBlphRHgmpjOz5OLQwjZnHUiPlvA&amp;_nc_zt=23&amp;_nc_ht=scontent-lhr8-2.cdninstagram.com&amp;edm=ANo9K5cEAAAA&amp;_nc_gid=fVWYxcAnk7tq524bhAI9BA&amp;_nc_tpa=Q5bMBQEqzkVy5CDvS10yYYYVKyqT0tQeVGOGRmtZd1D9JmyhuZD03V5Nt0oU4u1_bSEOjPXrZLhIpslj7g&amp;oh=00_Af7AsO84nxhfprQWSDmq8dPzLR3b9ce5CwIwAkpLinChdg&amp;oe=69FAE705&quot;,&quot;150&quot;:&quot;https:\\\/\\\/scontent-lhr8-2.cdninstagram.com\\\/v\\\/t51.82787-15\\\/652325310_18079121792609580_3604563994589402586_n.jpg?stp=dst-jpg_e35_tt6&amp;_nc_cat=101&amp;ccb=7-5&amp;_nc_sid=18de74&amp;efg=eyJlZmdfdGFnIjoiQ0FST1VTRUxfSVRFTS5iZXN0X2ltYWdlX3VybGdlbi5DMyJ9&amp;_nc_ohc=tXGckFY6d2QQ7kNvwG0CDXv&amp;_nc_oc=AdqXSi-tuVgIvWz0PnDZGgWSVV626-JkNsNW0y5cBlphRHgmpjOz5OLQwjZnHUiPlvA&amp;_nc_zt=23&amp;_nc_ht=scontent-lhr8-2.cdninstagram.com&amp;edm=ANo9K5cEAAAA&amp;_nc_gid=fVWYxcAnk7tq524bhAI9BA&amp;_nc_tpa=Q5bMBQEqzkVy5CDvS10yYYYVKyqT0tQeVGOGRmtZd1D9JmyhuZD03V5Nt0oU4u1_bSEOjPXrZLhIpslj7g&amp;oh=00_Af7AsO84nxhfprQWSDmq8dPzLR3b9ce5CwIwAkpLinChdg&amp;oe=69FAE705&quot;,&quot;320&quot;:&quot;https:\\\/\\\/scontent-lhr8-2.cdninstagram.com\\\/v\\\/t51.82787-15\\\/652325310_18079121792609580_3604563994589402586_n.jpg?stp=dst-jpg_e35_tt6&amp;_nc_cat=101&amp;ccb=7-5&amp;_nc_sid=18de74&amp;efg=eyJlZmdfdGFnIjoiQ0FST1VTRUxfSVRFTS5iZXN0X2ltYWdlX3VybGdlbi5DMyJ9&amp;_nc_ohc=tXGckFY6d2QQ7kNvwG0CDXv&amp;_nc_oc=AdqXSi-tuVgIvWz0PnDZGgWSVV626-JkNsNW0y5cBlphRHgmpjOz5OLQwjZnHUiPlvA&amp;_nc_zt=23&amp;_nc_ht=scontent-lhr8-2.cdninstagram.com&amp;edm=ANo9K5cEAAAA&amp;_nc_gid=fVWYxcAnk7tq524bhAI9BA&amp;_nc_tpa=Q5bMBQEqzkVy5CDvS10yYYYVKyqT0tQeVGOGRmtZd1D9JmyhuZD03V5Nt0oU4u1_bSEOjPXrZLhIpslj7g&amp;oh=00_Af7AsO84nxhfprQWSDmq8dPzLR3b9ce5CwIwAkpLinChdg&amp;oe=69FAE705&quot;,&quot;640&quot;:&quot;https:\\\/\\\/scontent-lhr8-2.cdninstagram.com\\\/v\\\/t51.82787-15\\\/652325310_18079121792609580_3604563994589402586_n.jpg?stp=dst-jpg_e35_tt6&amp;_nc_cat=101&amp;ccb=7-5&amp;_nc_sid=18de74&amp;efg=eyJlZmdfdGFnIjoiQ0FST1VTRUxfSVRFTS5iZXN0X2ltYWdlX3VybGdlbi5DMyJ9&amp;_nc_ohc=tXGckFY6d2QQ7kNvwG0CDXv&amp;_nc_oc=AdqXSi-tuVgIvWz0PnDZGgWSVV626-JkNsNW0y5cBlphRHgmpjOz5OLQwjZnHUiPlvA&amp;_nc_zt=23&amp;_nc_ht=scontent-lhr8-2.cdninstagram.com&amp;edm=ANo9K5cEAAAA&amp;_nc_gid=fVWYxcAnk7tq524bhAI9BA&amp;_nc_tpa=Q5bMBQEqzkVy5CDvS10yYYYVKyqT0tQeVGOGRmtZd1D9JmyhuZD03V5Nt0oU4u1_bSEOjPXrZLhIpslj7g&amp;oh=00_Af7AsO84nxhfprQWSDmq8dPzLR3b9ce5CwIwAkpLinChdg&amp;oe=69FAE705&quot;}\">\n        <img decoding=\"async\" src=\"https:\/\/fundacioferrergreenforgood.org\/wp-content\/plugins\/instagram-feed-pro\/img\/placeholder.png\" alt=\"\ud83e\udd66\ud83c\udf31 La riquesa de les brassic\u00e0cies\n\r\nA l\u2019Hort La Florida (L\u2019Hospitalet de Llobregat) la biodiversitat tamb\u00e9 es veu\u2026 i es menja.\n\r\nEn aquestes imatges podeu veure algunes de les varietats que cultivem: coliflor lila, col llombarda, col setsetmanera, br\u00f2coli, i br\u00f2quil de Santa Teresa, totes elles de la fam\u00edlia de les brassic\u00e0cies.\n\r\nCada varietat t\u00e9 les seves particularitats de sabor, textura i valor nutricional, per\u00f2 totes comparteixen una gran capacitat d\u2019adaptaci\u00f3 i una extraordin\u00e0ria riquesa agr\u00edcola.\n\r\nCultivar diversitat \u00e9s clau per a una agricultura m\u00e9s resilient, saludable i connectada amb el territori. I als nostres horts urbans socials ho fem possible cada dia. \ud83c\udf0d\ud83d\udc9a\n\r\n#GreenForGood #AgriculturaRegenerativa #Biodiversitat #HortsUrbansSocials\">\n    <\/a>\n<\/div>\n\n\n\n\n\t    \n        <div class=\"sbi_info_wrapper\">\n            <div class=\"sbi_info \">\n\n\t\t        \n                <div class=\"sbi_meta_wrap\">\n\t\t        \n\t\t\t\t                <\/div>\n            <\/div>\n        <\/div>\n    <\/div>\n\n    <div class=\"sbi-divider\"><\/div>\n<\/div>\n<div class=\"sbi_item sbi_type_image sbi_new sbi_transition\" id=\"sbi_18111767716654916\" data-date=\"1771575723\" data-numcomments=\"0\"data-template=ft_simple_grid>\n    <div class=\"sbi_inner_wrap\" >\n        \n\t\t<div class=\"sbi_photo_wrap\"  style=\"border-radius: inherit;\">\n            \n    <div   class=\"sbi_link \" >\n        <div class=\"sbi_hover_top\">\n            \n            \n                <p class=\"sbi_hover_caption_wrap\" \n        >\n        <span class=\"sbi_caption\">La just\u00edcia social tamb\u00e9 es cultiva \ud83c\udf31<br><br><br>En el Dia Mundial de la Just\u00edcia Social recordem que no hi pot haver societats justes sense entorns sans, ni drets garantits sense acc\u00e9s equitatiu a la natura, a l\u2019alimentaci\u00f3 saludable i a espais verds dignes.<br><br><br>A la Fundaci\u00f3 Ferrer Green for Good treballem per transformar espais urbans en horts vius, socials i regeneratius, perqu\u00e8 cuidar la terra \u00e9s tamb\u00e9 cuidar les persones i enfortir les comunitats.<br><br><br>\ud83c\udf0d Per ciutats m\u00e9s verdes<br><br>\ud83e\udd1d Per barris m\u00e9s inclusius<br><br>\ud83c\udf3f Per un futur m\u00e9s just per a tothom<\/span>\n    <\/p>\n\n        <\/div>\n        \n        \n        <div class=\"sbi_hover_bottom \">\n\n            \n                            <div class=\"sbi_meta\">\n                    \n                        <span class=\"sbi_likes\" style=\"font-size: 13px;\" >\n        <svg  style=\"font-size: 13px;\" class=\"svg-inline--fa fa-heart fa-w-18\" aria-hidden=\"true\" data-fa-processed=\"\" data-prefix=\"fa\" data-icon=\"heart\" role=\"presentation\" xmlns=\"http:\/\/www.w3.org\/2000\/svg\" viewBox=\"0 0 576 512\"><path fill=\"currentColor\" d=\"M414.9 24C361.8 24 312 65.7 288 89.3 264 65.7 214.2 24 161.1 24 70.3 24 16 76.9 16 165.5c0 72.6 66.8 133.3 69.2 135.4l187 180.8c8.8 8.5 22.8 8.5 31.6 0l186.7-180.2c2.7-2.7 69.5-63.5 69.5-136C560 76.9 505.7 24 414.9 24z\"><\/path><\/svg>        28    <\/span>\n\n\n\n\n    <span class=\"sbi_comments\" style=\"font-size: 13px;\" >\n        <svg  style=\"font-size: 13px;\" class=\"svg-inline--fa fa-comment fa-w-18\" aria-hidden=\"true\" data-fa-processed=\"\" data-prefix=\"fa\" data-icon=\"comment\" role=\"presentation\" xmlns=\"http:\/\/www.w3.org\/2000\/svg\" viewBox=\"0 0 576 512\"><path fill=\"currentColor\" d=\"M576 240c0 115-129 208-288 208-48.3 0-93.9-8.6-133.9-23.8-40.3 31.2-89.8 50.3-142.4 55.7-5.2.6-10.2-2.8-11.5-7.7-1.3-5 2.7-8.1 6.6-11.8 19.3-18.4 42.7-32.8 51.9-94.6C21.9 330.9 0 287.3 0 240 0 125.1 129 32 288 32s288 93.1 288 208z\"><\/path><\/svg>        0    <\/span>\n\n\n\n\n                <\/div>\n            \n        <\/div>\n\n        <a class=\"sbi_link_area nofancybox\" rel=\"nofollow noopener\" href=\"https:\/\/scontent-lhr8-2.cdninstagram.com\/v\/t51.82787-15\/639764468_18076219661609580_2066938839817422258_n.jpg?stp=dst-jpg_e35_tt6&#038;_nc_cat=106&#038;ccb=7-5&#038;_nc_sid=18de74&#038;efg=eyJlZmdfdGFnIjoiRkVFRC5iZXN0X2ltYWdlX3VybGdlbi5DMyJ9&#038;_nc_ohc=VcPzbInby8MQ7kNvwH0wHjg&#038;_nc_oc=Adr2P62hgs_WdzNDu3hGO6paqc8u5N-dm9ya6v7jKY2EZX-PvQOtYCpgxHAApyNz92w&#038;_nc_zt=23&#038;_nc_ht=scontent-lhr8-2.cdninstagram.com&#038;edm=ANo9K5cEAAAA&#038;_nc_gid=fVWYxcAnk7tq524bhAI9BA&#038;_nc_tpa=Q5bMBQGyzvrIZW-ZOX_diYOAr1INuzvswPH0EHx0ntZp91dmfDWnD8Ltw8QlcWLrGgPCH6eFnpeKALw6ag&#038;oh=00_Af7fx8nOrYqqMqJRL37AosvUY750mX5s6TMjxRpUJrVHGg&#038;oe=69FAC5E3\" data-lightbox-sbi=\"\" data-title=\"La just\u00edcia social tamb\u00e9 es cultiva \ud83c\udf31&lt;br&gt;\n\r&lt;br&gt;\nEn el Dia Mundial de la Just\u00edcia Social recordem que no hi pot haver societats justes sense entorns sans, ni drets garantits sense acc\u00e9s equitatiu a la natura, a l\u2019alimentaci\u00f3 saludable i a espais verds dignes.&lt;br&gt;\n\r&lt;br&gt;\nA la Fundaci\u00f3 Ferrer Green for Good treballem per transformar espais urbans en horts vius, socials i regeneratius, perqu\u00e8 cuidar la terra \u00e9s tamb\u00e9 cuidar les persones i enfortir les comunitats.&lt;br&gt;\n\r&lt;br&gt;\n\ud83c\udf0d Per ciutats m\u00e9s verdes&lt;br&gt;\r\n\ud83e\udd1d Per barris m\u00e9s inclusius&lt;br&gt;\r\n\ud83c\udf3f Per un futur m\u00e9s just per a tothom\" data-video=\"\" data-carousel=\"\" data-id=\"sbi_18111767716654916\" data-user=\"ffgreenforgood\" data-url=\"https:\/\/www.instagram.com\/p\/DU-QuyECO4U\/\" data-avatar=\"https:\/\/scontent-lhr6-1.cdninstagram.com\/v\/t51.75761-19\/504492127_18047685233609580_190411476099131421_n.jpg?stp=dst-jpg_s206x206_tt6&amp;_nc_cat=110&amp;ccb=7-5&amp;_nc_sid=bf7eb4&amp;efg=eyJ2ZW5jb2RlX3RhZyI6InByb2ZpbGVfcGljLnd3dy44NjAuQzMifQ%3D%3D&amp;_nc_ohc=7YkQSxce17EQ7kNvwFdpDOZ&amp;_nc_oc=Adk16rbXONmv9WoHdZQ6qwrB-SI4h0Pl89pGYiCCrXk_p5kjOUbidaUs6DLVRGh4lj4&amp;_nc_zt=24&amp;_nc_ht=scontent-lhr6-1.cdninstagram.com&amp;edm=AP4hL3IEAAAA&amp;_nc_gid=SIr5PfSA7ZcpIXtSaB1j2g&amp;_nc_tpa=Q5bMBQFh7gIqpI5icvkMBqmYHv2zcze12n0V-rQbfu9oJ6z_JOBiGBZWoroPGjPqNGcroDUJtoFXe5lsww&amp;oh=00_AfkZidvXlctRYmWtOItTmCjbuHZga4nqIo46z71Zl-CqWQ&amp;oe=6934C17F\" data-account-type=\"business\" data-iframe='' data-media-type=\"feed\" data-posted-on=\"\" data-custom-avatar=\"\">\n            <span class=\"sbi-screenreader\">\n                Open            <\/span>\n                    <\/a>\n    <\/div>\n\n    <a class=\"sbi_photo\" target=\"_blank\" rel=\"nofollow noopener\" href=\"https:\/\/www.instagram.com\/p\/DU-QuyECO4U\/\" data-full-res=\"https:\/\/scontent-lhr8-2.cdninstagram.com\/v\/t51.82787-15\/639764468_18076219661609580_2066938839817422258_n.jpg?stp=dst-jpg_e35_tt6&#038;_nc_cat=106&#038;ccb=7-5&#038;_nc_sid=18de74&#038;efg=eyJlZmdfdGFnIjoiRkVFRC5iZXN0X2ltYWdlX3VybGdlbi5DMyJ9&#038;_nc_ohc=VcPzbInby8MQ7kNvwH0wHjg&#038;_nc_oc=Adr2P62hgs_WdzNDu3hGO6paqc8u5N-dm9ya6v7jKY2EZX-PvQOtYCpgxHAApyNz92w&#038;_nc_zt=23&#038;_nc_ht=scontent-lhr8-2.cdninstagram.com&#038;edm=ANo9K5cEAAAA&#038;_nc_gid=fVWYxcAnk7tq524bhAI9BA&#038;_nc_tpa=Q5bMBQGyzvrIZW-ZOX_diYOAr1INuzvswPH0EHx0ntZp91dmfDWnD8Ltw8QlcWLrGgPCH6eFnpeKALw6ag&#038;oh=00_Af7fx8nOrYqqMqJRL37AosvUY750mX5s6TMjxRpUJrVHGg&#038;oe=69FAC5E3\" data-img-src-set=\"{&quot;d&quot;:&quot;https:\\\/\\\/scontent-lhr8-2.cdninstagram.com\\\/v\\\/t51.82787-15\\\/639764468_18076219661609580_2066938839817422258_n.jpg?stp=dst-jpg_e35_tt6&amp;_nc_cat=106&amp;ccb=7-5&amp;_nc_sid=18de74&amp;efg=eyJlZmdfdGFnIjoiRkVFRC5iZXN0X2ltYWdlX3VybGdlbi5DMyJ9&amp;_nc_ohc=VcPzbInby8MQ7kNvwH0wHjg&amp;_nc_oc=Adr2P62hgs_WdzNDu3hGO6paqc8u5N-dm9ya6v7jKY2EZX-PvQOtYCpgxHAApyNz92w&amp;_nc_zt=23&amp;_nc_ht=scontent-lhr8-2.cdninstagram.com&amp;edm=ANo9K5cEAAAA&amp;_nc_gid=fVWYxcAnk7tq524bhAI9BA&amp;_nc_tpa=Q5bMBQGyzvrIZW-ZOX_diYOAr1INuzvswPH0EHx0ntZp91dmfDWnD8Ltw8QlcWLrGgPCH6eFnpeKALw6ag&amp;oh=00_Af7fx8nOrYqqMqJRL37AosvUY750mX5s6TMjxRpUJrVHGg&amp;oe=69FAC5E3&quot;,&quot;150&quot;:&quot;https:\\\/\\\/scontent-lhr8-2.cdninstagram.com\\\/v\\\/t51.82787-15\\\/639764468_18076219661609580_2066938839817422258_n.jpg?stp=dst-jpg_e35_tt6&amp;_nc_cat=106&amp;ccb=7-5&amp;_nc_sid=18de74&amp;efg=eyJlZmdfdGFnIjoiRkVFRC5iZXN0X2ltYWdlX3VybGdlbi5DMyJ9&amp;_nc_ohc=VcPzbInby8MQ7kNvwH0wHjg&amp;_nc_oc=Adr2P62hgs_WdzNDu3hGO6paqc8u5N-dm9ya6v7jKY2EZX-PvQOtYCpgxHAApyNz92w&amp;_nc_zt=23&amp;_nc_ht=scontent-lhr8-2.cdninstagram.com&amp;edm=ANo9K5cEAAAA&amp;_nc_gid=fVWYxcAnk7tq524bhAI9BA&amp;_nc_tpa=Q5bMBQGyzvrIZW-ZOX_diYOAr1INuzvswPH0EHx0ntZp91dmfDWnD8Ltw8QlcWLrGgPCH6eFnpeKALw6ag&amp;oh=00_Af7fx8nOrYqqMqJRL37AosvUY750mX5s6TMjxRpUJrVHGg&amp;oe=69FAC5E3&quot;,&quot;320&quot;:&quot;https:\\\/\\\/scontent-lhr8-2.cdninstagram.com\\\/v\\\/t51.82787-15\\\/639764468_18076219661609580_2066938839817422258_n.jpg?stp=dst-jpg_e35_tt6&amp;_nc_cat=106&amp;ccb=7-5&amp;_nc_sid=18de74&amp;efg=eyJlZmdfdGFnIjoiRkVFRC5iZXN0X2ltYWdlX3VybGdlbi5DMyJ9&amp;_nc_ohc=VcPzbInby8MQ7kNvwH0wHjg&amp;_nc_oc=Adr2P62hgs_WdzNDu3hGO6paqc8u5N-dm9ya6v7jKY2EZX-PvQOtYCpgxHAApyNz92w&amp;_nc_zt=23&amp;_nc_ht=scontent-lhr8-2.cdninstagram.com&amp;edm=ANo9K5cEAAAA&amp;_nc_gid=fVWYxcAnk7tq524bhAI9BA&amp;_nc_tpa=Q5bMBQGyzvrIZW-ZOX_diYOAr1INuzvswPH0EHx0ntZp91dmfDWnD8Ltw8QlcWLrGgPCH6eFnpeKALw6ag&amp;oh=00_Af7fx8nOrYqqMqJRL37AosvUY750mX5s6TMjxRpUJrVHGg&amp;oe=69FAC5E3&quot;,&quot;640&quot;:&quot;https:\\\/\\\/scontent-lhr8-2.cdninstagram.com\\\/v\\\/t51.82787-15\\\/639764468_18076219661609580_2066938839817422258_n.jpg?stp=dst-jpg_e35_tt6&amp;_nc_cat=106&amp;ccb=7-5&amp;_nc_sid=18de74&amp;efg=eyJlZmdfdGFnIjoiRkVFRC5iZXN0X2ltYWdlX3VybGdlbi5DMyJ9&amp;_nc_ohc=VcPzbInby8MQ7kNvwH0wHjg&amp;_nc_oc=Adr2P62hgs_WdzNDu3hGO6paqc8u5N-dm9ya6v7jKY2EZX-PvQOtYCpgxHAApyNz92w&amp;_nc_zt=23&amp;_nc_ht=scontent-lhr8-2.cdninstagram.com&amp;edm=ANo9K5cEAAAA&amp;_nc_gid=fVWYxcAnk7tq524bhAI9BA&amp;_nc_tpa=Q5bMBQGyzvrIZW-ZOX_diYOAr1INuzvswPH0EHx0ntZp91dmfDWnD8Ltw8QlcWLrGgPCH6eFnpeKALw6ag&amp;oh=00_Af7fx8nOrYqqMqJRL37AosvUY750mX5s6TMjxRpUJrVHGg&amp;oe=69FAC5E3&quot;}\">\n        <img decoding=\"async\" src=\"https:\/\/fundacioferrergreenforgood.org\/wp-content\/plugins\/instagram-feed-pro\/img\/placeholder.png\" alt=\"La just\u00edcia social tamb\u00e9 es cultiva \ud83c\udf31\n\r\nEn el Dia Mundial de la Just\u00edcia Social recordem que no hi pot haver societats justes sense entorns sans, ni drets garantits sense acc\u00e9s equitatiu a la natura, a l\u2019alimentaci\u00f3 saludable i a espais verds dignes.\n\r\nA la Fundaci\u00f3 Ferrer Green for Good treballem per transformar espais urbans en horts vius, socials i regeneratius, perqu\u00e8 cuidar la terra \u00e9s tamb\u00e9 cuidar les persones i enfortir les comunitats.\n\r\n\ud83c\udf0d Per ciutats m\u00e9s verdes\r\n\ud83e\udd1d Per barris m\u00e9s inclusius\r\n\ud83c\udf3f Per un futur m\u00e9s just per a tothom\">\n    <\/a>\n<\/div>\n\n\n\n\n\t    \n        <div class=\"sbi_info_wrapper\">\n            <div class=\"sbi_info \">\n\n\t\t        \n                <div class=\"sbi_meta_wrap\">\n\t\t        \n\t\t\t\t                <\/div>\n            <\/div>\n        <\/div>\n    <\/div>\n\n    <div class=\"sbi-divider\"><\/div>\n<\/div>\n<div class=\"sbi_item sbi_type_image sbi_new sbi_transition\" id=\"sbi_18150149968444976\" data-date=\"1771404809\" data-numcomments=\"0\"data-template=ft_simple_grid>\n    <div class=\"sbi_inner_wrap\" >\n        \n\t\t<div class=\"sbi_photo_wrap\"  style=\"border-radius: inherit;\">\n            \n    <div   class=\"sbi_link \" >\n        <div class=\"sbi_hover_top\">\n            \n            \n                <p class=\"sbi_hover_caption_wrap\" \n        >\n        <span class=\"sbi_caption\">\ud83c\udf31 Les plantes tamb\u00e9 ens parlen de la salut de la ciutat.<br><br><br>Amb el projecte HealthyCities4All, la Fundaci\u00f3 Ferrer Green for Good i el CREAF (@creaf_ecologia) hem convertit dos horts urbans socials en aut\u00e8ntics laboratoris vius per entendre la qualitat ambiental de Barcelona i el seu impacte en la salut de les persones.<br><br><br>\ud83d\udccd Treballem a l\u2019Hort IE La Mina (Sant Adri\u00e0 de Bes\u00f2s) i a l\u2019Hort La Florida (L\u2019Hospitalet de Llobregat), espais abans degradats que avui s\u00f3n espais verds de comunitat, benestar i cohesi\u00f3 social.<br><br><br>\ud83e\udd6c Les protagonistes de l\u2019estudi s\u00f3n les bledes: ens ajuden a detectar contaminants com metalls pesants presents a l\u2019aire i al s\u00f2l, i ens permeten mesurar la salut ambiental dels barris.<br><br><br>\ud83e\udd1d Aquest projecte reflecteix el nostre model: portar l\u2019agricultura regenerativa i la permacultura a la ciutat, posant al centre el s\u00f2l, la biodiversitat i les persones.<br><br><br>\ud83c\udf0d L\u2019objectiu: generar coneixement cient\u00edfic i impulsar solucions replicables per construir ciutats m\u00e9s verdes, justes i inclusives.<br><br><br>#GreenForGood #AgriculturaRegenerativa #HortsUrbans #HealthyCities4All<\/span>\n    <\/p>\n\n        <\/div>\n        \n        \n        <div class=\"sbi_hover_bottom \">\n\n            \n                            <div class=\"sbi_meta\">\n                    \n                        <span class=\"sbi_likes\" style=\"font-size: 13px;\" >\n        <svg  style=\"font-size: 13px;\" class=\"svg-inline--fa fa-heart fa-w-18\" aria-hidden=\"true\" data-fa-processed=\"\" data-prefix=\"fa\" data-icon=\"heart\" role=\"presentation\" xmlns=\"http:\/\/www.w3.org\/2000\/svg\" viewBox=\"0 0 576 512\"><path fill=\"currentColor\" d=\"M414.9 24C361.8 24 312 65.7 288 89.3 264 65.7 214.2 24 161.1 24 70.3 24 16 76.9 16 165.5c0 72.6 66.8 133.3 69.2 135.4l187 180.8c8.8 8.5 22.8 8.5 31.6 0l186.7-180.2c2.7-2.7 69.5-63.5 69.5-136C560 76.9 505.7 24 414.9 24z\"><\/path><\/svg>        25    <\/span>\n\n\n\n\n    <span class=\"sbi_comments\" style=\"font-size: 13px;\" >\n        <svg  style=\"font-size: 13px;\" class=\"svg-inline--fa fa-comment fa-w-18\" aria-hidden=\"true\" data-fa-processed=\"\" data-prefix=\"fa\" data-icon=\"comment\" role=\"presentation\" xmlns=\"http:\/\/www.w3.org\/2000\/svg\" viewBox=\"0 0 576 512\"><path fill=\"currentColor\" d=\"M576 240c0 115-129 208-288 208-48.3 0-93.9-8.6-133.9-23.8-40.3 31.2-89.8 50.3-142.4 55.7-5.2.6-10.2-2.8-11.5-7.7-1.3-5 2.7-8.1 6.6-11.8 19.3-18.4 42.7-32.8 51.9-94.6C21.9 330.9 0 287.3 0 240 0 125.1 129 32 288 32s288 93.1 288 208z\"><\/path><\/svg>        0    <\/span>\n\n\n\n\n                <\/div>\n            \n        <\/div>\n\n        <a class=\"sbi_link_area nofancybox\" rel=\"nofollow noopener\" href=\"https:\/\/scontent-lhr8-1.cdninstagram.com\/v\/t51.82787-15\/638295411_18076007177609580_8529523431594098029_n.jpg?stp=dst-jpg_e35_tt6&#038;_nc_cat=111&#038;ccb=7-5&#038;_nc_sid=18de74&#038;efg=eyJlZmdfdGFnIjoiRkVFRC5iZXN0X2ltYWdlX3VybGdlbi5DMyJ9&#038;_nc_ohc=-YD1W-SmYEQQ7kNvwHsM8xI&#038;_nc_oc=Adr1ItMF0S4CbmEN_gnfgMTBRsE0Q8kfLnhO9AdcuFekTHeR1YOcRlrBuCiQhLGqQLU&#038;_nc_zt=23&#038;_nc_ht=scontent-lhr8-1.cdninstagram.com&#038;edm=ANo9K5cEAAAA&#038;_nc_gid=fVWYxcAnk7tq524bhAI9BA&#038;_nc_tpa=Q5bMBQHWPGI9RysJM_9xqbssWyGzBwiSl6u2_QHfhHh9Cp_GzvHsxl7rsXlsmfIWv9MCzDIQ3CxPj-sC3g&#038;oh=00_Af4ewe8FiLg7ZTO_K222-vFdBOenWGxdSYncjl9RmOYMFA&#038;oe=69FABBCD\" data-lightbox-sbi=\"\" data-title=\"\ud83c\udf31 Les plantes tamb\u00e9 ens parlen de la salut de la ciutat.&lt;br&gt;\n\r&lt;br&gt;\nAmb el projecte HealthyCities4All, la Fundaci\u00f3 Ferrer Green for Good i el CREAF (@creaf_ecologia) hem convertit dos horts urbans socials en aut\u00e8ntics laboratoris vius per entendre la qualitat ambiental de Barcelona i el seu impacte en la salut de les persones.&lt;br&gt;\r\n&lt;br&gt;\n\ud83d\udccd Treballem a l\u2019Hort IE La Mina (Sant Adri\u00e0 de Bes\u00f2s) i a l\u2019Hort La Florida (L\u2019Hospitalet de Llobregat), espais abans degradats que avui s\u00f3n espais verds de comunitat, benestar i cohesi\u00f3 social.&lt;br&gt;\n\r&lt;br&gt;\n\ud83e\udd6c Les protagonistes de l\u2019estudi s\u00f3n les bledes: ens ajuden a detectar contaminants com metalls pesants presents a l\u2019aire i al s\u00f2l, i ens permeten mesurar la salut ambiental dels barris.&lt;br&gt;\n\r&lt;br&gt;\n\ud83e\udd1d Aquest projecte reflecteix el nostre model: portar l\u2019agricultura regenerativa i la permacultura a la ciutat, posant al centre el s\u00f2l, la biodiversitat i les persones.&lt;br&gt;\r\n&lt;br&gt;\n\ud83c\udf0d L\u2019objectiu: generar coneixement cient\u00edfic i impulsar solucions replicables per construir ciutats m\u00e9s verdes, justes i inclusives.&lt;br&gt;\n\r&lt;br&gt;\n#GreenForGood #AgriculturaRegenerativa #HortsUrbans #HealthyCities4All\" data-video=\"\" data-carousel=\"\" data-id=\"sbi_18150149968444976\" data-user=\"ffgreenforgood\" data-url=\"https:\/\/www.instagram.com\/p\/DU5Ks7UCFMV\/\" data-avatar=\"https:\/\/scontent-lhr6-1.cdninstagram.com\/v\/t51.75761-19\/504492127_18047685233609580_190411476099131421_n.jpg?stp=dst-jpg_s206x206_tt6&amp;_nc_cat=110&amp;ccb=7-5&amp;_nc_sid=bf7eb4&amp;efg=eyJ2ZW5jb2RlX3RhZyI6InByb2ZpbGVfcGljLnd3dy44NjAuQzMifQ%3D%3D&amp;_nc_ohc=7YkQSxce17EQ7kNvwFdpDOZ&amp;_nc_oc=Adk16rbXONmv9WoHdZQ6qwrB-SI4h0Pl89pGYiCCrXk_p5kjOUbidaUs6DLVRGh4lj4&amp;_nc_zt=24&amp;_nc_ht=scontent-lhr6-1.cdninstagram.com&amp;edm=AP4hL3IEAAAA&amp;_nc_gid=SIr5PfSA7ZcpIXtSaB1j2g&amp;_nc_tpa=Q5bMBQFh7gIqpI5icvkMBqmYHv2zcze12n0V-rQbfu9oJ6z_JOBiGBZWoroPGjPqNGcroDUJtoFXe5lsww&amp;oh=00_AfkZidvXlctRYmWtOItTmCjbuHZga4nqIo46z71Zl-CqWQ&amp;oe=6934C17F\" data-account-type=\"business\" data-iframe='' data-media-type=\"feed\" data-posted-on=\"\" data-custom-avatar=\"\">\n            <span class=\"sbi-screenreader\">\n                Open            <\/span>\n                    <\/a>\n    <\/div>\n\n    <a class=\"sbi_photo\" target=\"_blank\" rel=\"nofollow noopener\" href=\"https:\/\/www.instagram.com\/p\/DU5Ks7UCFMV\/\" data-full-res=\"https:\/\/scontent-lhr8-1.cdninstagram.com\/v\/t51.82787-15\/638295411_18076007177609580_8529523431594098029_n.jpg?stp=dst-jpg_e35_tt6&#038;_nc_cat=111&#038;ccb=7-5&#038;_nc_sid=18de74&#038;efg=eyJlZmdfdGFnIjoiRkVFRC5iZXN0X2ltYWdlX3VybGdlbi5DMyJ9&#038;_nc_ohc=-YD1W-SmYEQQ7kNvwHsM8xI&#038;_nc_oc=Adr1ItMF0S4CbmEN_gnfgMTBRsE0Q8kfLnhO9AdcuFekTHeR1YOcRlrBuCiQhLGqQLU&#038;_nc_zt=23&#038;_nc_ht=scontent-lhr8-1.cdninstagram.com&#038;edm=ANo9K5cEAAAA&#038;_nc_gid=fVWYxcAnk7tq524bhAI9BA&#038;_nc_tpa=Q5bMBQHWPGI9RysJM_9xqbssWyGzBwiSl6u2_QHfhHh9Cp_GzvHsxl7rsXlsmfIWv9MCzDIQ3CxPj-sC3g&#038;oh=00_Af4ewe8FiLg7ZTO_K222-vFdBOenWGxdSYncjl9RmOYMFA&#038;oe=69FABBCD\" data-img-src-set=\"{&quot;d&quot;:&quot;https:\\\/\\\/scontent-lhr8-1.cdninstagram.com\\\/v\\\/t51.82787-15\\\/638295411_18076007177609580_8529523431594098029_n.jpg?stp=dst-jpg_e35_tt6&amp;_nc_cat=111&amp;ccb=7-5&amp;_nc_sid=18de74&amp;efg=eyJlZmdfdGFnIjoiRkVFRC5iZXN0X2ltYWdlX3VybGdlbi5DMyJ9&amp;_nc_ohc=-YD1W-SmYEQQ7kNvwHsM8xI&amp;_nc_oc=Adr1ItMF0S4CbmEN_gnfgMTBRsE0Q8kfLnhO9AdcuFekTHeR1YOcRlrBuCiQhLGqQLU&amp;_nc_zt=23&amp;_nc_ht=scontent-lhr8-1.cdninstagram.com&amp;edm=ANo9K5cEAAAA&amp;_nc_gid=fVWYxcAnk7tq524bhAI9BA&amp;_nc_tpa=Q5bMBQHWPGI9RysJM_9xqbssWyGzBwiSl6u2_QHfhHh9Cp_GzvHsxl7rsXlsmfIWv9MCzDIQ3CxPj-sC3g&amp;oh=00_Af4ewe8FiLg7ZTO_K222-vFdBOenWGxdSYncjl9RmOYMFA&amp;oe=69FABBCD&quot;,&quot;150&quot;:&quot;https:\\\/\\\/scontent-lhr8-1.cdninstagram.com\\\/v\\\/t51.82787-15\\\/638295411_18076007177609580_8529523431594098029_n.jpg?stp=dst-jpg_e35_tt6&amp;_nc_cat=111&amp;ccb=7-5&amp;_nc_sid=18de74&amp;efg=eyJlZmdfdGFnIjoiRkVFRC5iZXN0X2ltYWdlX3VybGdlbi5DMyJ9&amp;_nc_ohc=-YD1W-SmYEQQ7kNvwHsM8xI&amp;_nc_oc=Adr1ItMF0S4CbmEN_gnfgMTBRsE0Q8kfLnhO9AdcuFekTHeR1YOcRlrBuCiQhLGqQLU&amp;_nc_zt=23&amp;_nc_ht=scontent-lhr8-1.cdninstagram.com&amp;edm=ANo9K5cEAAAA&amp;_nc_gid=fVWYxcAnk7tq524bhAI9BA&amp;_nc_tpa=Q5bMBQHWPGI9RysJM_9xqbssWyGzBwiSl6u2_QHfhHh9Cp_GzvHsxl7rsXlsmfIWv9MCzDIQ3CxPj-sC3g&amp;oh=00_Af4ewe8FiLg7ZTO_K222-vFdBOenWGxdSYncjl9RmOYMFA&amp;oe=69FABBCD&quot;,&quot;320&quot;:&quot;https:\\\/\\\/scontent-lhr8-1.cdninstagram.com\\\/v\\\/t51.82787-15\\\/638295411_18076007177609580_8529523431594098029_n.jpg?stp=dst-jpg_e35_tt6&amp;_nc_cat=111&amp;ccb=7-5&amp;_nc_sid=18de74&amp;efg=eyJlZmdfdGFnIjoiRkVFRC5iZXN0X2ltYWdlX3VybGdlbi5DMyJ9&amp;_nc_ohc=-YD1W-SmYEQQ7kNvwHsM8xI&amp;_nc_oc=Adr1ItMF0S4CbmEN_gnfgMTBRsE0Q8kfLnhO9AdcuFekTHeR1YOcRlrBuCiQhLGqQLU&amp;_nc_zt=23&amp;_nc_ht=scontent-lhr8-1.cdninstagram.com&amp;edm=ANo9K5cEAAAA&amp;_nc_gid=fVWYxcAnk7tq524bhAI9BA&amp;_nc_tpa=Q5bMBQHWPGI9RysJM_9xqbssWyGzBwiSl6u2_QHfhHh9Cp_GzvHsxl7rsXlsmfIWv9MCzDIQ3CxPj-sC3g&amp;oh=00_Af4ewe8FiLg7ZTO_K222-vFdBOenWGxdSYncjl9RmOYMFA&amp;oe=69FABBCD&quot;,&quot;640&quot;:&quot;https:\\\/\\\/scontent-lhr8-1.cdninstagram.com\\\/v\\\/t51.82787-15\\\/638295411_18076007177609580_8529523431594098029_n.jpg?stp=dst-jpg_e35_tt6&amp;_nc_cat=111&amp;ccb=7-5&amp;_nc_sid=18de74&amp;efg=eyJlZmdfdGFnIjoiRkVFRC5iZXN0X2ltYWdlX3VybGdlbi5DMyJ9&amp;_nc_ohc=-YD1W-SmYEQQ7kNvwHsM8xI&amp;_nc_oc=Adr1ItMF0S4CbmEN_gnfgMTBRsE0Q8kfLnhO9AdcuFekTHeR1YOcRlrBuCiQhLGqQLU&amp;_nc_zt=23&amp;_nc_ht=scontent-lhr8-1.cdninstagram.com&amp;edm=ANo9K5cEAAAA&amp;_nc_gid=fVWYxcAnk7tq524bhAI9BA&amp;_nc_tpa=Q5bMBQHWPGI9RysJM_9xqbssWyGzBwiSl6u2_QHfhHh9Cp_GzvHsxl7rsXlsmfIWv9MCzDIQ3CxPj-sC3g&amp;oh=00_Af4ewe8FiLg7ZTO_K222-vFdBOenWGxdSYncjl9RmOYMFA&amp;oe=69FABBCD&quot;}\">\n        <img decoding=\"async\" src=\"https:\/\/fundacioferrergreenforgood.org\/wp-content\/plugins\/instagram-feed-pro\/img\/placeholder.png\" alt=\"\ud83c\udf31 Les plantes tamb\u00e9 ens parlen de la salut de la ciutat.\n\r\nAmb el projecte HealthyCities4All, la Fundaci\u00f3 Ferrer Green for Good i el CREAF (@creaf_ecologia) hem convertit dos horts urbans socials en aut\u00e8ntics laboratoris vius per entendre la qualitat ambiental de Barcelona i el seu impacte en la salut de les persones.\r\n\n\ud83d\udccd Treballem a l\u2019Hort IE La Mina (Sant Adri\u00e0 de Bes\u00f2s) i a l\u2019Hort La Florida (L\u2019Hospitalet de Llobregat), espais abans degradats que avui s\u00f3n espais verds de comunitat, benestar i cohesi\u00f3 social.\n\r\n\ud83e\udd6c Les protagonistes de l\u2019estudi s\u00f3n les bledes: ens ajuden a detectar contaminants com metalls pesants presents a l\u2019aire i al s\u00f2l, i ens permeten mesurar la salut ambiental dels barris.\n\r\n\ud83e\udd1d Aquest projecte reflecteix el nostre model: portar l\u2019agricultura regenerativa i la permacultura a la ciutat, posant al centre el s\u00f2l, la biodiversitat i les persones.\r\n\n\ud83c\udf0d L\u2019objectiu: generar coneixement cient\u00edfic i impulsar solucions replicables per construir ciutats m\u00e9s verdes, justes i inclusives.\n\r\n#GreenForGood #AgriculturaRegenerativa #HortsUrbans #HealthyCities4All\">\n    <\/a>\n<\/div>\n\n\n\n\n\t    \n        <div class=\"sbi_info_wrapper\">\n            <div class=\"sbi_info \">\n\n\t\t        \n                <div class=\"sbi_meta_wrap\">\n\t\t        \n\t\t\t\t                <\/div>\n            <\/div>\n        <\/div>\n    <\/div>\n\n    <div class=\"sbi-divider\"><\/div>\n<\/div>\n<div class=\"sbi_item sbi_type_image sbi_new sbi_transition\" id=\"sbi_17844762996676024\" data-date=\"1771231337\" data-numcomments=\"0\"data-template=ft_simple_grid>\n    <div class=\"sbi_inner_wrap\" >\n        \n\t\t<div class=\"sbi_photo_wrap\"  style=\"border-radius: inherit;\">\n            \n    <div   class=\"sbi_link \" >\n        <div class=\"sbi_hover_top\">\n            \n            \n                <p class=\"sbi_hover_caption_wrap\" \n        >\n        <span class=\"sbi_caption\">\ud83c\udf31Assistim a la presentaci\u00f3 dels criteris b\u00e0sics de l\u2019agricultura regenerativa<br><br><br>Nacho Peres, responsable de permacultura de la Fundaci\u00f3 Ferrer Green for Good, ha estat present en la presentaci\u00f3 oficial dels 10 criteris que defineixen l\u2019agricultura regenerativa. <br><br><br>Aquesta trobada, organitzada pel @creaf_ecologia i @agriculturaregenerativaiberica, ha comptat amb els principals representants del sector, aix\u00ed com productors pioners, representants d\u2019empreses del sector primari i la comunitat cient\u00edfica. <br><br><br>La presentaci\u00f3 d\u2019aquests 10 criteris \u00e9s de m\u00e0xima import\u00e0ncia, ja que permet establir que l\u2019agricultura regenerativa disposa d\u2019una definici\u00f3 i d\u2019un contingut consensuat amb m\u00e9s de 200 persones del m\u00f3n de la investigaci\u00f3 cient\u00edfica i del sector de la pagesia. <br><br><br>\u201cAquesta presentaci\u00f3 ha estat un esdeveniment valent que fa un pas endavant en definir i farcir de contingut i sentit l`agricultura regenerativa\u201d, afirma Nacho Peres. \u201cLa cooperaci\u00f3 amb el CREAF, aix\u00ed com tamb\u00e9 amb finques alineades amb aquests valors, ha donat com a resultat un projecte s\u00f2lid que estableix les bases pel treball conjunt a nivell nacional i internacional\u201d. <br><br><br>A la Fundaci\u00f3 Ferrer Green for Good creiem que la sostenibilitat nom\u00e9s \u00e9s transformadora quan \u00e9s mesurable, col\u00b7laborativa i fonamentada en el coneixement cient\u00edfic. Continuarem treballant per impulsar models agraris que regenerin s\u00f2ls, ecosistemes i comunitats.<br><br><br>Podeu consultar els 10 criteris que defineixen l\u2019agricultura regenerativa a l\u2019enlla\u00e7 seg\u00fcent:<br><br>https:\/\/zenodo.org\/records\/18495738<\/span>\n    <\/p>\n\n        <\/div>\n        \n        \n        <div class=\"sbi_hover_bottom \">\n\n            \n                            <div class=\"sbi_meta\">\n                    \n                        <span class=\"sbi_likes\" style=\"font-size: 13px;\" >\n        <svg  style=\"font-size: 13px;\" class=\"svg-inline--fa fa-heart fa-w-18\" aria-hidden=\"true\" data-fa-processed=\"\" data-prefix=\"fa\" data-icon=\"heart\" role=\"presentation\" xmlns=\"http:\/\/www.w3.org\/2000\/svg\" viewBox=\"0 0 576 512\"><path fill=\"currentColor\" d=\"M414.9 24C361.8 24 312 65.7 288 89.3 264 65.7 214.2 24 161.1 24 70.3 24 16 76.9 16 165.5c0 72.6 66.8 133.3 69.2 135.4l187 180.8c8.8 8.5 22.8 8.5 31.6 0l186.7-180.2c2.7-2.7 69.5-63.5 69.5-136C560 76.9 505.7 24 414.9 24z\"><\/path><\/svg>        28    <\/span>\n\n\n\n\n    <span class=\"sbi_comments\" style=\"font-size: 13px;\" >\n        <svg  style=\"font-size: 13px;\" class=\"svg-inline--fa fa-comment fa-w-18\" aria-hidden=\"true\" data-fa-processed=\"\" data-prefix=\"fa\" data-icon=\"comment\" role=\"presentation\" xmlns=\"http:\/\/www.w3.org\/2000\/svg\" viewBox=\"0 0 576 512\"><path fill=\"currentColor\" d=\"M576 240c0 115-129 208-288 208-48.3 0-93.9-8.6-133.9-23.8-40.3 31.2-89.8 50.3-142.4 55.7-5.2.6-10.2-2.8-11.5-7.7-1.3-5 2.7-8.1 6.6-11.8 19.3-18.4 42.7-32.8 51.9-94.6C21.9 330.9 0 287.3 0 240 0 125.1 129 32 288 32s288 93.1 288 208z\"><\/path><\/svg>        0    <\/span>\n\n\n\n\n                <\/div>\n            \n        <\/div>\n\n        <a class=\"sbi_link_area nofancybox\" rel=\"nofollow noopener\" href=\"https:\/\/scontent-lhr8-2.cdninstagram.com\/v\/t51.82787-15\/631781185_18075795047609580_6795560661065970817_n.jpg?stp=dst-jpg_e35_tt6&#038;_nc_cat=101&#038;ccb=7-5&#038;_nc_sid=18de74&#038;efg=eyJlZmdfdGFnIjoiRkVFRC5iZXN0X2ltYWdlX3VybGdlbi5DMyJ9&#038;_nc_ohc=eLoNFuf9QogQ7kNvwHxY9wI&#038;_nc_oc=AdpnEDLpna2OkIlCbVGVeEB_WmGUfEIPBksqKpybqJsDtNmOcepDEzPeM0hOpH0m39U&#038;_nc_zt=23&#038;_nc_ht=scontent-lhr8-2.cdninstagram.com&#038;edm=ANo9K5cEAAAA&#038;_nc_gid=fVWYxcAnk7tq524bhAI9BA&#038;_nc_tpa=Q5bMBQGRH0j7KUXYtDpvM5F7xCgollaZ4dCJzYLe7wmtOVW50iuIU4C7M19Yh-EMtorHSfyxyQgDHOVWfQ&#038;oh=00_Af4zmoGRpU_MFJcR_5s_h-kM1s5nHdcvB7XhG9Okh4W9jA&#038;oe=69FAE8D6\" data-lightbox-sbi=\"\" data-title=\"\ud83c\udf31Assistim a la presentaci\u00f3 dels criteris b\u00e0sics de l\u2019agricultura regenerativa&lt;br&gt;\n\r&lt;br&gt;\nNacho Peres, responsable de permacultura de la Fundaci\u00f3 Ferrer Green for Good, ha estat present en la presentaci\u00f3 oficial dels 10 criteris que defineixen l\u2019agricultura regenerativa. &lt;br&gt;\n\r&lt;br&gt;\nAquesta trobada, organitzada pel @creaf_ecologia i @agriculturaregenerativaiberica, ha comptat amb els principals representants del sector, aix\u00ed com productors pioners, representants d\u2019empreses del sector primari i la comunitat cient\u00edfica. &lt;br&gt;\n\r&lt;br&gt;\nLa presentaci\u00f3 d\u2019aquests 10 criteris \u00e9s de m\u00e0xima import\u00e0ncia, ja que permet establir que l\u2019agricultura regenerativa disposa d\u2019una definici\u00f3 i d\u2019un contingut consensuat amb m\u00e9s de 200 persones del m\u00f3n de la investigaci\u00f3 cient\u00edfica i del sector de la pagesia. &lt;br&gt;\n\r&lt;br&gt;\n\u201cAquesta presentaci\u00f3 ha estat un esdeveniment valent que fa un pas endavant en definir i farcir de contingut i sentit l&#039;agricultura regenerativa\u201d, afirma Nacho Peres. \u201cLa cooperaci\u00f3 amb el CREAF, aix\u00ed com tamb\u00e9 amb finques alineades amb aquests valors, ha donat com a resultat un projecte s\u00f2lid que estableix les bases pel treball conjunt a nivell nacional i internacional\u201d. &lt;br&gt;\n\r&lt;br&gt;\nA la Fundaci\u00f3 Ferrer Green for Good creiem que la sostenibilitat nom\u00e9s \u00e9s transformadora quan \u00e9s mesurable, col\u00b7laborativa i fonamentada en el coneixement cient\u00edfic. Continuarem treballant per impulsar models agraris que regenerin s\u00f2ls, ecosistemes i comunitats.&lt;br&gt;\n\r&lt;br&gt;\nPodeu consultar els 10 criteris que defineixen l\u2019agricultura regenerativa a l\u2019enlla\u00e7 seg\u00fcent:&lt;br&gt;\r\nhttps:\/\/zenodo.org\/records\/18495738\" data-video=\"\" data-carousel=\"\" data-id=\"sbi_17844762996676024\" data-user=\"ffgreenforgood\" data-url=\"https:\/\/www.instagram.com\/p\/DUz_10hCK08\/\" data-avatar=\"https:\/\/scontent-lhr6-1.cdninstagram.com\/v\/t51.75761-19\/504492127_18047685233609580_190411476099131421_n.jpg?stp=dst-jpg_s206x206_tt6&amp;_nc_cat=110&amp;ccb=7-5&amp;_nc_sid=bf7eb4&amp;efg=eyJ2ZW5jb2RlX3RhZyI6InByb2ZpbGVfcGljLnd3dy44NjAuQzMifQ%3D%3D&amp;_nc_ohc=7YkQSxce17EQ7kNvwFdpDOZ&amp;_nc_oc=Adk16rbXONmv9WoHdZQ6qwrB-SI4h0Pl89pGYiCCrXk_p5kjOUbidaUs6DLVRGh4lj4&amp;_nc_zt=24&amp;_nc_ht=scontent-lhr6-1.cdninstagram.com&amp;edm=AP4hL3IEAAAA&amp;_nc_gid=SIr5PfSA7ZcpIXtSaB1j2g&amp;_nc_tpa=Q5bMBQFh7gIqpI5icvkMBqmYHv2zcze12n0V-rQbfu9oJ6z_JOBiGBZWoroPGjPqNGcroDUJtoFXe5lsww&amp;oh=00_AfkZidvXlctRYmWtOItTmCjbuHZga4nqIo46z71Zl-CqWQ&amp;oe=6934C17F\" data-account-type=\"business\" data-iframe='' data-media-type=\"feed\" data-posted-on=\"\" data-custom-avatar=\"\">\n            <span class=\"sbi-screenreader\">\n                Open            <\/span>\n                    <\/a>\n    <\/div>\n\n    <a class=\"sbi_photo\" target=\"_blank\" rel=\"nofollow noopener\" href=\"https:\/\/www.instagram.com\/p\/DUz_10hCK08\/\" data-full-res=\"https:\/\/scontent-lhr8-2.cdninstagram.com\/v\/t51.82787-15\/631781185_18075795047609580_6795560661065970817_n.jpg?stp=dst-jpg_e35_tt6&#038;_nc_cat=101&#038;ccb=7-5&#038;_nc_sid=18de74&#038;efg=eyJlZmdfdGFnIjoiRkVFRC5iZXN0X2ltYWdlX3VybGdlbi5DMyJ9&#038;_nc_ohc=eLoNFuf9QogQ7kNvwHxY9wI&#038;_nc_oc=AdpnEDLpna2OkIlCbVGVeEB_WmGUfEIPBksqKpybqJsDtNmOcepDEzPeM0hOpH0m39U&#038;_nc_zt=23&#038;_nc_ht=scontent-lhr8-2.cdninstagram.com&#038;edm=ANo9K5cEAAAA&#038;_nc_gid=fVWYxcAnk7tq524bhAI9BA&#038;_nc_tpa=Q5bMBQGRH0j7KUXYtDpvM5F7xCgollaZ4dCJzYLe7wmtOVW50iuIU4C7M19Yh-EMtorHSfyxyQgDHOVWfQ&#038;oh=00_Af4zmoGRpU_MFJcR_5s_h-kM1s5nHdcvB7XhG9Okh4W9jA&#038;oe=69FAE8D6\" data-img-src-set=\"{&quot;d&quot;:&quot;https:\\\/\\\/scontent-lhr8-2.cdninstagram.com\\\/v\\\/t51.82787-15\\\/631781185_18075795047609580_6795560661065970817_n.jpg?stp=dst-jpg_e35_tt6&amp;_nc_cat=101&amp;ccb=7-5&amp;_nc_sid=18de74&amp;efg=eyJlZmdfdGFnIjoiRkVFRC5iZXN0X2ltYWdlX3VybGdlbi5DMyJ9&amp;_nc_ohc=eLoNFuf9QogQ7kNvwHxY9wI&amp;_nc_oc=AdpnEDLpna2OkIlCbVGVeEB_WmGUfEIPBksqKpybqJsDtNmOcepDEzPeM0hOpH0m39U&amp;_nc_zt=23&amp;_nc_ht=scontent-lhr8-2.cdninstagram.com&amp;edm=ANo9K5cEAAAA&amp;_nc_gid=fVWYxcAnk7tq524bhAI9BA&amp;_nc_tpa=Q5bMBQGRH0j7KUXYtDpvM5F7xCgollaZ4dCJzYLe7wmtOVW50iuIU4C7M19Yh-EMtorHSfyxyQgDHOVWfQ&amp;oh=00_Af4zmoGRpU_MFJcR_5s_h-kM1s5nHdcvB7XhG9Okh4W9jA&amp;oe=69FAE8D6&quot;,&quot;150&quot;:&quot;https:\\\/\\\/scontent-lhr8-2.cdninstagram.com\\\/v\\\/t51.82787-15\\\/631781185_18075795047609580_6795560661065970817_n.jpg?stp=dst-jpg_e35_tt6&amp;_nc_cat=101&amp;ccb=7-5&amp;_nc_sid=18de74&amp;efg=eyJlZmdfdGFnIjoiRkVFRC5iZXN0X2ltYWdlX3VybGdlbi5DMyJ9&amp;_nc_ohc=eLoNFuf9QogQ7kNvwHxY9wI&amp;_nc_oc=AdpnEDLpna2OkIlCbVGVeEB_WmGUfEIPBksqKpybqJsDtNmOcepDEzPeM0hOpH0m39U&amp;_nc_zt=23&amp;_nc_ht=scontent-lhr8-2.cdninstagram.com&amp;edm=ANo9K5cEAAAA&amp;_nc_gid=fVWYxcAnk7tq524bhAI9BA&amp;_nc_tpa=Q5bMBQGRH0j7KUXYtDpvM5F7xCgollaZ4dCJzYLe7wmtOVW50iuIU4C7M19Yh-EMtorHSfyxyQgDHOVWfQ&amp;oh=00_Af4zmoGRpU_MFJcR_5s_h-kM1s5nHdcvB7XhG9Okh4W9jA&amp;oe=69FAE8D6&quot;,&quot;320&quot;:&quot;https:\\\/\\\/scontent-lhr8-2.cdninstagram.com\\\/v\\\/t51.82787-15\\\/631781185_18075795047609580_6795560661065970817_n.jpg?stp=dst-jpg_e35_tt6&amp;_nc_cat=101&amp;ccb=7-5&amp;_nc_sid=18de74&amp;efg=eyJlZmdfdGFnIjoiRkVFRC5iZXN0X2ltYWdlX3VybGdlbi5DMyJ9&amp;_nc_ohc=eLoNFuf9QogQ7kNvwHxY9wI&amp;_nc_oc=AdpnEDLpna2OkIlCbVGVeEB_WmGUfEIPBksqKpybqJsDtNmOcepDEzPeM0hOpH0m39U&amp;_nc_zt=23&amp;_nc_ht=scontent-lhr8-2.cdninstagram.com&amp;edm=ANo9K5cEAAAA&amp;_nc_gid=fVWYxcAnk7tq524bhAI9BA&amp;_nc_tpa=Q5bMBQGRH0j7KUXYtDpvM5F7xCgollaZ4dCJzYLe7wmtOVW50iuIU4C7M19Yh-EMtorHSfyxyQgDHOVWfQ&amp;oh=00_Af4zmoGRpU_MFJcR_5s_h-kM1s5nHdcvB7XhG9Okh4W9jA&amp;oe=69FAE8D6&quot;,&quot;640&quot;:&quot;https:\\\/\\\/scontent-lhr8-2.cdninstagram.com\\\/v\\\/t51.82787-15\\\/631781185_18075795047609580_6795560661065970817_n.jpg?stp=dst-jpg_e35_tt6&amp;_nc_cat=101&amp;ccb=7-5&amp;_nc_sid=18de74&amp;efg=eyJlZmdfdGFnIjoiRkVFRC5iZXN0X2ltYWdlX3VybGdlbi5DMyJ9&amp;_nc_ohc=eLoNFuf9QogQ7kNvwHxY9wI&amp;_nc_oc=AdpnEDLpna2OkIlCbVGVeEB_WmGUfEIPBksqKpybqJsDtNmOcepDEzPeM0hOpH0m39U&amp;_nc_zt=23&amp;_nc_ht=scontent-lhr8-2.cdninstagram.com&amp;edm=ANo9K5cEAAAA&amp;_nc_gid=fVWYxcAnk7tq524bhAI9BA&amp;_nc_tpa=Q5bMBQGRH0j7KUXYtDpvM5F7xCgollaZ4dCJzYLe7wmtOVW50iuIU4C7M19Yh-EMtorHSfyxyQgDHOVWfQ&amp;oh=00_Af4zmoGRpU_MFJcR_5s_h-kM1s5nHdcvB7XhG9Okh4W9jA&amp;oe=69FAE8D6&quot;}\">\n        <img decoding=\"async\" src=\"https:\/\/fundacioferrergreenforgood.org\/wp-content\/plugins\/instagram-feed-pro\/img\/placeholder.png\" alt=\"\ud83c\udf31Assistim a la presentaci\u00f3 dels criteris b\u00e0sics de l\u2019agricultura regenerativa\n\r\nNacho Peres, responsable de permacultura de la Fundaci\u00f3 Ferrer Green for Good, ha estat present en la presentaci\u00f3 oficial dels 10 criteris que defineixen l\u2019agricultura regenerativa. \n\r\nAquesta trobada, organitzada pel @creaf_ecologia i @agriculturaregenerativaiberica, ha comptat amb els principals representants del sector, aix\u00ed com productors pioners, representants d\u2019empreses del sector primari i la comunitat cient\u00edfica. \n\r\nLa presentaci\u00f3 d\u2019aquests 10 criteris \u00e9s de m\u00e0xima import\u00e0ncia, ja que permet establir que l\u2019agricultura regenerativa disposa d\u2019una definici\u00f3 i d\u2019un contingut consensuat amb m\u00e9s de 200 persones del m\u00f3n de la investigaci\u00f3 cient\u00edfica i del sector de la pagesia. \n\r\n\u201cAquesta presentaci\u00f3 ha estat un esdeveniment valent que fa un pas endavant en definir i farcir de contingut i sentit l&#039;agricultura regenerativa\u201d, afirma Nacho Peres. \u201cLa cooperaci\u00f3 amb el CREAF, aix\u00ed com tamb\u00e9 amb finques alineades amb aquests valors, ha donat com a resultat un projecte s\u00f2lid que estableix les bases pel treball conjunt a nivell nacional i internacional\u201d. \n\r\nA la Fundaci\u00f3 Ferrer Green for Good creiem que la sostenibilitat nom\u00e9s \u00e9s transformadora quan \u00e9s mesurable, col\u00b7laborativa i fonamentada en el coneixement cient\u00edfic. Continuarem treballant per impulsar models agraris que regenerin s\u00f2ls, ecosistemes i comunitats.\n\r\nPodeu consultar els 10 criteris que defineixen l\u2019agricultura regenerativa a l\u2019enlla\u00e7 seg\u00fcent:\r\nhttps:\/\/zenodo.org\/records\/18495738\">\n    <\/a>\n<\/div>\n\n\n\n\n\t    \n        <div class=\"sbi_info_wrapper\">\n            <div class=\"sbi_info \">\n\n\t\t        \n                <div class=\"sbi_meta_wrap\">\n\t\t        \n\t\t\t\t                <\/div>\n            <\/div>\n        <\/div>\n    <\/div>\n\n    <div class=\"sbi-divider\"><\/div>\n<\/div>\n<div class=\"sbi_item sbi_type_carousel sbi_new sbi_transition\" id=\"sbi_18092475931983425\" data-date=\"1769413972\" data-numcomments=\"4\"data-template=ft_simple_grid>\n    <div class=\"sbi_inner_wrap\" >\n        \n\t\t<div class=\"sbi_photo_wrap\"  style=\"border-radius: inherit;\">\n        <svg class=\"svg-inline--fa fa-clone fa-w-16 sbi_lightbox_carousel_icon\" aria-hidden=\"true\" aria-label=\"Clone\" data-fa-pro\u0192cessed=\"\" data-prefix=\"far\" data-icon=\"clone\" role=\"img\" xmlns=\"http:\/\/www.w3.org\/2000\/svg\" viewBox=\"0 0 512 512\">\n\t                <path fill=\"currentColor\" d=\"M464 0H144c-26.51 0-48 21.49-48 48v48H48c-26.51 0-48 21.49-48 48v320c0 26.51 21.49 48 48 48h320c26.51 0 48-21.49 48-48v-48h48c26.51 0 48-21.49 48-48V48c0-26.51-21.49-48-48-48zM362 464H54a6 6 0 0 1-6-6V150a6 6 0 0 1 6-6h42v224c0 26.51 21.49 48 48 48h224v42a6 6 0 0 1-6 6zm96-96H150a6 6 0 0 1-6-6V54a6 6 0 0 1 6-6h308a6 6 0 0 1 6 6v308a6 6 0 0 1-6 6z\"><\/path>\n\t            <\/svg>    \n    <div   class=\"sbi_link \" >\n        <div class=\"sbi_hover_top\">\n            \n            \n                <p class=\"sbi_hover_caption_wrap\" \n        >\n        <span class=\"sbi_caption\">El 2025 de la Fundaci\u00f3 Ferrer Green for Good \ud83c\udf31<br><br><br>Els 5 Horts Green for Good han tancat el 2025 amb una producci\u00f3 de 6.888 kg de fruites i hortalisses ecol\u00f2giques.<br><br><br>Una collita que ha estat possible gr\u00e0cies a la implicaci\u00f3 de m\u00e9s de 200 persones que participen activament en els horts, practicant agricultura regenerativa i construint, alhora, vincles socials.<br><br><br>Al llarg de l\u2019any, tamb\u00e9 hem comptat amb la participaci\u00f3 de 242 persones volunt\u00e0ries, que han contribu\u00eft al manteniment d\u2019aquests horts urbans socials, sumant m\u00e9s de 940 hores de voluntariat. \ud83e\udd1d<br><br><br>Tota la collita s\u2019ha destinat a m\u00e9s de 970 persones en col\u00b7laboraci\u00f3 amb entitats com @centre.assis, @abd_ong i @centre_santmarti.<\/span>\n    <\/p>\n\n        <\/div>\n        \n        \n        <div class=\"sbi_hover_bottom \">\n\n            \n                            <div class=\"sbi_meta\">\n                    \n                        <span class=\"sbi_likes\" style=\"font-size: 13px;\" >\n        <svg  style=\"font-size: 13px;\" class=\"svg-inline--fa fa-heart fa-w-18\" aria-hidden=\"true\" data-fa-processed=\"\" data-prefix=\"fa\" data-icon=\"heart\" role=\"presentation\" xmlns=\"http:\/\/www.w3.org\/2000\/svg\" viewBox=\"0 0 576 512\"><path fill=\"currentColor\" d=\"M414.9 24C361.8 24 312 65.7 288 89.3 264 65.7 214.2 24 161.1 24 70.3 24 16 76.9 16 165.5c0 72.6 66.8 133.3 69.2 135.4l187 180.8c8.8 8.5 22.8 8.5 31.6 0l186.7-180.2c2.7-2.7 69.5-63.5 69.5-136C560 76.9 505.7 24 414.9 24z\"><\/path><\/svg>        53    <\/span>\n\n\n\n\n    <span class=\"sbi_comments\" style=\"font-size: 13px;\" >\n        <svg  style=\"font-size: 13px;\" class=\"svg-inline--fa fa-comment fa-w-18\" aria-hidden=\"true\" data-fa-processed=\"\" data-prefix=\"fa\" data-icon=\"comment\" role=\"presentation\" xmlns=\"http:\/\/www.w3.org\/2000\/svg\" viewBox=\"0 0 576 512\"><path fill=\"currentColor\" d=\"M576 240c0 115-129 208-288 208-48.3 0-93.9-8.6-133.9-23.8-40.3 31.2-89.8 50.3-142.4 55.7-5.2.6-10.2-2.8-11.5-7.7-1.3-5 2.7-8.1 6.6-11.8 19.3-18.4 42.7-32.8 51.9-94.6C21.9 330.9 0 287.3 0 240 0 125.1 129 32 288 32s288 93.1 288 208z\"><\/path><\/svg>        4    <\/span>\n\n\n\n\n                <\/div>\n            \n        <\/div>\n\n        <a class=\"sbi_link_area nofancybox\" rel=\"nofollow noopener\" href=\"https:\/\/scontent-lhr6-2.cdninstagram.com\/v\/t51.82787-15\/621151749_18073412477609580_1288190646791820835_n.jpg?stp=dst-jpg_e35_tt6&#038;_nc_cat=104&#038;ccb=7-5&#038;_nc_sid=18de74&#038;efg=eyJlZmdfdGFnIjoiQ0FST1VTRUxfSVRFTS5iZXN0X2ltYWdlX3VybGdlbi5DMyJ9&#038;_nc_ohc=3Vy0P-w4tSIQ7kNvwFxsq7V&#038;_nc_oc=AdoJeJw883Vsao88WYFFY5iAmWbgL13Vy4XqxcF4YED-3MTQSVy0V8SuVLglC8YzpzI&#038;_nc_zt=23&#038;_nc_ht=scontent-lhr6-2.cdninstagram.com&#038;edm=ANo9K5cEAAAA&#038;_nc_gid=fVWYxcAnk7tq524bhAI9BA&#038;_nc_tpa=Q5bMBQHj-up5va6HyfUN2hpnsp88DdvXwUY3ox28ElyKWgyCIXzwWnGyxlnHnwHz-SYphgyfVpapPtIzSQ&#038;oh=00_Af4B0rBBONCLPtba0DxC_OKWkWfB6CqXqF6yU1o6scJ_zQ&#038;oe=69FABD73\" data-lightbox-sbi=\"\" data-title=\"El 2025 de la Fundaci\u00f3 Ferrer Green for Good \ud83c\udf31&lt;br&gt;\n\r&lt;br&gt;\nEls 5 Horts Green for Good han tancat el 2025 amb una producci\u00f3 de 6.888 kg de fruites i hortalisses ecol\u00f2giques.&lt;br&gt;\n\r&lt;br&gt;\nUna collita que ha estat possible gr\u00e0cies a la implicaci\u00f3 de m\u00e9s de 200 persones que participen activament en els horts, practicant agricultura regenerativa i construint, alhora, vincles socials.&lt;br&gt;\n\r&lt;br&gt;\nAl llarg de l\u2019any, tamb\u00e9 hem comptat amb la participaci\u00f3 de 242 persones volunt\u00e0ries, que han contribu\u00eft al manteniment d\u2019aquests horts urbans socials, sumant m\u00e9s de 940 hores de voluntariat. \ud83e\udd1d&lt;br&gt;\n\r&lt;br&gt;\nTota la collita s\u2019ha destinat a m\u00e9s de 970 persones en col\u00b7laboraci\u00f3 amb entitats com @centre.assis, @abd_ong i @centre_santmarti.\" data-video=\"\" data-carousel=\"{&quot;data&quot;:[{&quot;type&quot;:&quot;image&quot;,&quot;media&quot;:&quot;https:\\\/\\\/scontent-lhr6-2.cdninstagram.com\\\/v\\\/t51.82787-15\\\/621151749_18073412477609580_1288190646791820835_n.jpg?stp=dst-jpg_e35_tt6&amp;_nc_cat=104&amp;ccb=7-5&amp;_nc_sid=18de74&amp;efg=eyJlZmdfdGFnIjoiQ0FST1VTRUxfSVRFTS5iZXN0X2ltYWdlX3VybGdlbi5DMyJ9&amp;_nc_ohc=3Vy0P-w4tSIQ7kNvwFxsq7V&amp;_nc_oc=AdoJeJw883Vsao88WYFFY5iAmWbgL13Vy4XqxcF4YED-3MTQSVy0V8SuVLglC8YzpzI&amp;_nc_zt=23&amp;_nc_ht=scontent-lhr6-2.cdninstagram.com&amp;edm=ANo9K5cEAAAA&amp;_nc_gid=fVWYxcAnk7tq524bhAI9BA&amp;_nc_tpa=Q5bMBQFfwI89nSHxbXJJH56jcBOjOof0O8K6fpEFFtaErvtLTqqSk_oU6HMw3ItKlB1h62wgHkb6eIb-xQ&amp;oh=00_Af4-6U7d37Oh-IuMfavyom_wEmsr7glRr-onRxGwsdc0-g&amp;oe=69FABD73&quot;},{&quot;type&quot;:&quot;image&quot;,&quot;media&quot;:&quot;https:\\\/\\\/scontent-lhr8-1.cdninstagram.com\\\/v\\\/t51.82787-15\\\/621088389_18073412480609580_6524140271563934443_n.jpg?stp=dst-jpg_e35_tt6&amp;_nc_cat=107&amp;ccb=7-5&amp;_nc_sid=18de74&amp;efg=eyJlZmdfdGFnIjoiQ0FST1VTRUxfSVRFTS5iZXN0X2ltYWdlX3VybGdlbi5DMyJ9&amp;_nc_ohc=O946eKx7ABwQ7kNvwHlZ6ol&amp;_nc_oc=Adp9d_LSLksGMXDWmsyUHuYSe5nMFT4lJnaJkYsXKOkKawORfhV1uYuMqJoUbCuvTMk&amp;_nc_zt=23&amp;_nc_ht=scontent-lhr8-1.cdninstagram.com&amp;edm=ANo9K5cEAAAA&amp;_nc_gid=fVWYxcAnk7tq524bhAI9BA&amp;_nc_tpa=Q5bMBQEXoo8gCp_BL0WaP3yJEI7OdQRNnQF0o0bD_hghYNac2Pl8tOg4r2Uz3pp0k-8eRgTgZJVOJD-QtA&amp;oh=00_Af5GyndcPhAguEwmwwP6h5ZTmcZx4DN73xKNj0IzJ6jL-A&amp;oe=69FAD691&quot;},{&quot;type&quot;:&quot;image&quot;,&quot;media&quot;:&quot;https:\\\/\\\/scontent-lhr8-2.cdninstagram.com\\\/v\\\/t51.82787-15\\\/621447020_18073412504609580_9184004143881302361_n.jpg?stp=dst-jpg_e35_tt6&amp;_nc_cat=101&amp;ccb=7-5&amp;_nc_sid=18de74&amp;efg=eyJlZmdfdGFnIjoiQ0FST1VTRUxfSVRFTS5iZXN0X2ltYWdlX3VybGdlbi5DMyJ9&amp;_nc_ohc=2DJRnHNBwdkQ7kNvwH53ZE2&amp;_nc_oc=AdqIRG5cTe60bvjpgK_tCRYxLNjY_q29ABUW3wybthhDT4mGv8IP1AV4-COVHvnk3fo&amp;_nc_zt=23&amp;_nc_ht=scontent-lhr8-2.cdninstagram.com&amp;edm=ANo9K5cEAAAA&amp;_nc_gid=fVWYxcAnk7tq524bhAI9BA&amp;_nc_tpa=Q5bMBQEQ5CXiXLO48j80XFWHhPGO2W0CD09957X3iERPSVEaRa5bG6iQHW-GD497wLAqdBFJWFcwLDun3A&amp;oh=00_Af6xqUjQ1_uQ9JFzMCuskvI-1j0nBh0C-wFaOqtA7_HTzw&amp;oe=69FAEE2D&quot;},{&quot;type&quot;:&quot;image&quot;,&quot;media&quot;:&quot;https:\\\/\\\/scontent-lhr6-2.cdninstagram.com\\\/v\\\/t51.82787-15\\\/621156627_18073412507609580_2338312034410955082_n.jpg?stp=dst-jpg_e35_tt6&amp;_nc_cat=104&amp;ccb=7-5&amp;_nc_sid=18de74&amp;efg=eyJlZmdfdGFnIjoiQ0FST1VTRUxfSVRFTS5iZXN0X2ltYWdlX3VybGdlbi5DMyJ9&amp;_nc_ohc=iq95kY5lCiUQ7kNvwHu9CKQ&amp;_nc_oc=AdpQ2bwcUnh3EJ4moP5HKCMU6Molv6jFn9hgsjrcCz0ezOwAkoGc0-MzwBo4Sib5VUg&amp;_nc_zt=23&amp;_nc_ht=scontent-lhr6-2.cdninstagram.com&amp;edm=ANo9K5cEAAAA&amp;_nc_gid=fVWYxcAnk7tq524bhAI9BA&amp;_nc_tpa=Q5bMBQGPa08gkDo_qKLFWHCxD9nTh83gJgAmxixEWNsOeW1EsTDcGoEN489Doit8p4MMO2Xrifgh44kbdA&amp;oh=00_Af6IIHHr8BCqgYWP4ZG9m5KT1UEoXIJZ7UgHHppnHFm83Q&amp;oe=69FAC732&quot;},{&quot;type&quot;:&quot;image&quot;,&quot;media&quot;:&quot;https:\\\/\\\/scontent-lhr6-2.cdninstagram.com\\\/v\\\/t51.82787-15\\\/622139884_18073412501609580_5815773230056317310_n.jpg?stp=dst-jpg_e35_tt6&amp;_nc_cat=100&amp;ccb=7-5&amp;_nc_sid=18de74&amp;efg=eyJlZmdfdGFnIjoiQ0FST1VTRUxfSVRFTS5iZXN0X2ltYWdlX3VybGdlbi5DMyJ9&amp;_nc_ohc=2v8K5sGgtHAQ7kNvwHtC1fk&amp;_nc_oc=AdoFkmeWkqRG7dnpW3KIE_2hn8Shln4fOnioUHGBPsw_2yxY8AChVnA17Kuc6H83LPU&amp;_nc_zt=23&amp;_nc_ht=scontent-lhr6-2.cdninstagram.com&amp;edm=ANo9K5cEAAAA&amp;_nc_gid=fVWYxcAnk7tq524bhAI9BA&amp;_nc_tpa=Q5bMBQHPLLXSQCCjsQSzODp1h8ZW_MevfBm_8_DleCHilmJogxKXOys4HJhh4GD2nCPCEjtK0Y_ShAXHIg&amp;oh=00_Af5xNbmVqvO_5x68K8bvufFrMJKX9bOMLo44reWbCpInZA&amp;oe=69FAE838&quot;}],&quot;vid_first&quot;:false}\" data-id=\"sbi_18092475931983425\" data-user=\"ffgreenforgood\" data-url=\"https:\/\/www.instagram.com\/p\/DT91jxiCFjt\/\" data-avatar=\"https:\/\/scontent-lhr6-1.cdninstagram.com\/v\/t51.75761-19\/504492127_18047685233609580_190411476099131421_n.jpg?stp=dst-jpg_s206x206_tt6&amp;_nc_cat=110&amp;ccb=7-5&amp;_nc_sid=bf7eb4&amp;efg=eyJ2ZW5jb2RlX3RhZyI6InByb2ZpbGVfcGljLnd3dy44NjAuQzMifQ%3D%3D&amp;_nc_ohc=7YkQSxce17EQ7kNvwFdpDOZ&amp;_nc_oc=Adk16rbXONmv9WoHdZQ6qwrB-SI4h0Pl89pGYiCCrXk_p5kjOUbidaUs6DLVRGh4lj4&amp;_nc_zt=24&amp;_nc_ht=scontent-lhr6-1.cdninstagram.com&amp;edm=AP4hL3IEAAAA&amp;_nc_gid=SIr5PfSA7ZcpIXtSaB1j2g&amp;_nc_tpa=Q5bMBQFh7gIqpI5icvkMBqmYHv2zcze12n0V-rQbfu9oJ6z_JOBiGBZWoroPGjPqNGcroDUJtoFXe5lsww&amp;oh=00_AfkZidvXlctRYmWtOItTmCjbuHZga4nqIo46z71Zl-CqWQ&amp;oe=6934C17F\" data-account-type=\"business\" data-iframe='' data-media-type=\"feed\" data-posted-on=\"\" data-custom-avatar=\"\">\n            <span class=\"sbi-screenreader\">\n                Open            <\/span>\n                    <\/a>\n    <\/div>\n\n    <a class=\"sbi_photo\" target=\"_blank\" rel=\"nofollow noopener\" href=\"https:\/\/www.instagram.com\/p\/DT91jxiCFjt\/\" data-full-res=\"https:\/\/scontent-lhr6-2.cdninstagram.com\/v\/t51.82787-15\/621151749_18073412477609580_1288190646791820835_n.jpg?stp=dst-jpg_e35_tt6&#038;_nc_cat=104&#038;ccb=7-5&#038;_nc_sid=18de74&#038;efg=eyJlZmdfdGFnIjoiQ0FST1VTRUxfSVRFTS5iZXN0X2ltYWdlX3VybGdlbi5DMyJ9&#038;_nc_ohc=3Vy0P-w4tSIQ7kNvwFxsq7V&#038;_nc_oc=AdoJeJw883Vsao88WYFFY5iAmWbgL13Vy4XqxcF4YED-3MTQSVy0V8SuVLglC8YzpzI&#038;_nc_zt=23&#038;_nc_ht=scontent-lhr6-2.cdninstagram.com&#038;edm=ANo9K5cEAAAA&#038;_nc_gid=fVWYxcAnk7tq524bhAI9BA&#038;_nc_tpa=Q5bMBQHj-up5va6HyfUN2hpnsp88DdvXwUY3ox28ElyKWgyCIXzwWnGyxlnHnwHz-SYphgyfVpapPtIzSQ&#038;oh=00_Af4B0rBBONCLPtba0DxC_OKWkWfB6CqXqF6yU1o6scJ_zQ&#038;oe=69FABD73\" data-img-src-set=\"{&quot;d&quot;:&quot;https:\\\/\\\/scontent-lhr6-2.cdninstagram.com\\\/v\\\/t51.82787-15\\\/621151749_18073412477609580_1288190646791820835_n.jpg?stp=dst-jpg_e35_tt6&amp;_nc_cat=104&amp;ccb=7-5&amp;_nc_sid=18de74&amp;efg=eyJlZmdfdGFnIjoiQ0FST1VTRUxfSVRFTS5iZXN0X2ltYWdlX3VybGdlbi5DMyJ9&amp;_nc_ohc=3Vy0P-w4tSIQ7kNvwFxsq7V&amp;_nc_oc=AdoJeJw883Vsao88WYFFY5iAmWbgL13Vy4XqxcF4YED-3MTQSVy0V8SuVLglC8YzpzI&amp;_nc_zt=23&amp;_nc_ht=scontent-lhr6-2.cdninstagram.com&amp;edm=ANo9K5cEAAAA&amp;_nc_gid=fVWYxcAnk7tq524bhAI9BA&amp;_nc_tpa=Q5bMBQHj-up5va6HyfUN2hpnsp88DdvXwUY3ox28ElyKWgyCIXzwWnGyxlnHnwHz-SYphgyfVpapPtIzSQ&amp;oh=00_Af4B0rBBONCLPtba0DxC_OKWkWfB6CqXqF6yU1o6scJ_zQ&amp;oe=69FABD73&quot;,&quot;150&quot;:&quot;https:\\\/\\\/scontent-lhr6-2.cdninstagram.com\\\/v\\\/t51.82787-15\\\/621151749_18073412477609580_1288190646791820835_n.jpg?stp=dst-jpg_e35_tt6&amp;_nc_cat=104&amp;ccb=7-5&amp;_nc_sid=18de74&amp;efg=eyJlZmdfdGFnIjoiQ0FST1VTRUxfSVRFTS5iZXN0X2ltYWdlX3VybGdlbi5DMyJ9&amp;_nc_ohc=3Vy0P-w4tSIQ7kNvwFxsq7V&amp;_nc_oc=AdoJeJw883Vsao88WYFFY5iAmWbgL13Vy4XqxcF4YED-3MTQSVy0V8SuVLglC8YzpzI&amp;_nc_zt=23&amp;_nc_ht=scontent-lhr6-2.cdninstagram.com&amp;edm=ANo9K5cEAAAA&amp;_nc_gid=fVWYxcAnk7tq524bhAI9BA&amp;_nc_tpa=Q5bMBQHj-up5va6HyfUN2hpnsp88DdvXwUY3ox28ElyKWgyCIXzwWnGyxlnHnwHz-SYphgyfVpapPtIzSQ&amp;oh=00_Af4B0rBBONCLPtba0DxC_OKWkWfB6CqXqF6yU1o6scJ_zQ&amp;oe=69FABD73&quot;,&quot;320&quot;:&quot;https:\\\/\\\/scontent-lhr6-2.cdninstagram.com\\\/v\\\/t51.82787-15\\\/621151749_18073412477609580_1288190646791820835_n.jpg?stp=dst-jpg_e35_tt6&amp;_nc_cat=104&amp;ccb=7-5&amp;_nc_sid=18de74&amp;efg=eyJlZmdfdGFnIjoiQ0FST1VTRUxfSVRFTS5iZXN0X2ltYWdlX3VybGdlbi5DMyJ9&amp;_nc_ohc=3Vy0P-w4tSIQ7kNvwFxsq7V&amp;_nc_oc=AdoJeJw883Vsao88WYFFY5iAmWbgL13Vy4XqxcF4YED-3MTQSVy0V8SuVLglC8YzpzI&amp;_nc_zt=23&amp;_nc_ht=scontent-lhr6-2.cdninstagram.com&amp;edm=ANo9K5cEAAAA&amp;_nc_gid=fVWYxcAnk7tq524bhAI9BA&amp;_nc_tpa=Q5bMBQHj-up5va6HyfUN2hpnsp88DdvXwUY3ox28ElyKWgyCIXzwWnGyxlnHnwHz-SYphgyfVpapPtIzSQ&amp;oh=00_Af4B0rBBONCLPtba0DxC_OKWkWfB6CqXqF6yU1o6scJ_zQ&amp;oe=69FABD73&quot;,&quot;640&quot;:&quot;https:\\\/\\\/scontent-lhr6-2.cdninstagram.com\\\/v\\\/t51.82787-15\\\/621151749_18073412477609580_1288190646791820835_n.jpg?stp=dst-jpg_e35_tt6&amp;_nc_cat=104&amp;ccb=7-5&amp;_nc_sid=18de74&amp;efg=eyJlZmdfdGFnIjoiQ0FST1VTRUxfSVRFTS5iZXN0X2ltYWdlX3VybGdlbi5DMyJ9&amp;_nc_ohc=3Vy0P-w4tSIQ7kNvwFxsq7V&amp;_nc_oc=AdoJeJw883Vsao88WYFFY5iAmWbgL13Vy4XqxcF4YED-3MTQSVy0V8SuVLglC8YzpzI&amp;_nc_zt=23&amp;_nc_ht=scontent-lhr6-2.cdninstagram.com&amp;edm=ANo9K5cEAAAA&amp;_nc_gid=fVWYxcAnk7tq524bhAI9BA&amp;_nc_tpa=Q5bMBQHj-up5va6HyfUN2hpnsp88DdvXwUY3ox28ElyKWgyCIXzwWnGyxlnHnwHz-SYphgyfVpapPtIzSQ&amp;oh=00_Af4B0rBBONCLPtba0DxC_OKWkWfB6CqXqF6yU1o6scJ_zQ&amp;oe=69FABD73&quot;}\">\n        <img decoding=\"async\" src=\"https:\/\/fundacioferrergreenforgood.org\/wp-content\/plugins\/instagram-feed-pro\/img\/placeholder.png\" alt=\"El 2025 de la Fundaci\u00f3 Ferrer Green for Good \ud83c\udf31\n\r\nEls 5 Horts Green for Good han tancat el 2025 amb una producci\u00f3 de 6.888 kg de fruites i hortalisses ecol\u00f2giques.\n\r\nUna collita que ha estat possible gr\u00e0cies a la implicaci\u00f3 de m\u00e9s de 200 persones que participen activament en els horts, practicant agricultura regenerativa i construint, alhora, vincles socials.\n\r\nAl llarg de l\u2019any, tamb\u00e9 hem comptat amb la participaci\u00f3 de 242 persones volunt\u00e0ries, que han contribu\u00eft al manteniment d\u2019aquests horts urbans socials, sumant m\u00e9s de 940 hores de voluntariat. \ud83e\udd1d\n\r\nTota la collita s\u2019ha destinat a m\u00e9s de 970 persones en col\u00b7laboraci\u00f3 amb entitats com @centre.assis, @abd_ong i @centre_santmarti.\">\n    <\/a>\n<\/div>\n\n\n\n\n\t    \n        <div class=\"sbi_info_wrapper\">\n            <div class=\"sbi_info \">\n\n\t\t        \n                <div class=\"sbi_meta_wrap\">\n\t\t        \n\t\t\t\t                <\/div>\n            <\/div>\n        <\/div>\n    <\/div>\n\n    <div class=\"sbi-divider\"><\/div>\n<\/div>\n<div class=\"sbi_item sbi_type_image sbi_new sbi_transition\" id=\"sbi_17951412489003427\" data-date=\"1767349362\" data-numcomments=\"0\"data-template=ft_simple_grid>\n    <div class=\"sbi_inner_wrap\" >\n        \n\t\t<div class=\"sbi_photo_wrap\"  style=\"border-radius: inherit;\">\n            \n    <div   class=\"sbi_link \" >\n        <div class=\"sbi_hover_top\">\n            \n            \n                <p class=\"sbi_hover_caption_wrap\" \n        >\n        <span class=\"sbi_caption\">\ud83c\udf31Qu\u00e8 fem a la Fundaci\u00f3 Ferrer Green for Good?<br><br><br>Impulsem horts urbans socials en r\u00e8gim de permacultura amb la vocaci\u00f3 de fomentar ciutats m\u00e9s verdes, justes i inclusives. Espais que cuiden la terra i les persones, on es practica l\u2019agricultura regenerativa i es desenvolupa tamb\u00e9 una activitat social, educativa i acad\u00e8mica. \ud83d\udc9a <br><br><br>Obrint tamb\u00e9 aquests espais a la investigaci\u00f3, la Fundaci\u00f3 Ferrer Green for Good \u00e9s alhora un propulsor de coneixement cient\u00edfic al servei de la societat davant dels reptes derivats de l`emerg\u00e8ncia ecoclim\u00e0tica i social. \ud83c\udf0d<\/span>\n    <\/p>\n\n        <\/div>\n        \n        \n        <div class=\"sbi_hover_bottom \">\n\n            \n                            <div class=\"sbi_meta\">\n                    \n                        <span class=\"sbi_likes\" style=\"font-size: 13px;\" >\n        <svg  style=\"font-size: 13px;\" class=\"svg-inline--fa fa-heart fa-w-18\" aria-hidden=\"true\" data-fa-processed=\"\" data-prefix=\"fa\" data-icon=\"heart\" role=\"presentation\" xmlns=\"http:\/\/www.w3.org\/2000\/svg\" viewBox=\"0 0 576 512\"><path fill=\"currentColor\" d=\"M414.9 24C361.8 24 312 65.7 288 89.3 264 65.7 214.2 24 161.1 24 70.3 24 16 76.9 16 165.5c0 72.6 66.8 133.3 69.2 135.4l187 180.8c8.8 8.5 22.8 8.5 31.6 0l186.7-180.2c2.7-2.7 69.5-63.5 69.5-136C560 76.9 505.7 24 414.9 24z\"><\/path><\/svg>        23    <\/span>\n\n\n\n\n    <span class=\"sbi_comments\" style=\"font-size: 13px;\" >\n        <svg  style=\"font-size: 13px;\" class=\"svg-inline--fa fa-comment fa-w-18\" aria-hidden=\"true\" data-fa-processed=\"\" data-prefix=\"fa\" data-icon=\"comment\" role=\"presentation\" xmlns=\"http:\/\/www.w3.org\/2000\/svg\" viewBox=\"0 0 576 512\"><path fill=\"currentColor\" d=\"M576 240c0 115-129 208-288 208-48.3 0-93.9-8.6-133.9-23.8-40.3 31.2-89.8 50.3-142.4 55.7-5.2.6-10.2-2.8-11.5-7.7-1.3-5 2.7-8.1 6.6-11.8 19.3-18.4 42.7-32.8 51.9-94.6C21.9 330.9 0 287.3 0 240 0 125.1 129 32 288 32s288 93.1 288 208z\"><\/path><\/svg>        0    <\/span>\n\n\n\n\n                <\/div>\n            \n        <\/div>\n\n        <a class=\"sbi_link_area nofancybox\" rel=\"nofollow noopener\" href=\"https:\/\/scontent-lhr6-2.cdninstagram.com\/v\/t51.82787-15\/609246417_18070904873609580_8643824231704689897_n.jpg?stp=dst-jpg_e35_tt6&#038;_nc_cat=100&#038;ccb=7-5&#038;_nc_sid=18de74&#038;efg=eyJlZmdfdGFnIjoiRkVFRC5iZXN0X2ltYWdlX3VybGdlbi5DMyJ9&#038;_nc_ohc=jjtdokM8JfUQ7kNvwGcNicW&#038;_nc_oc=AdqRDf7s6j6qJQOxIzHbxPPA7A9xr4Mfa9P6lo51GGbM6f5IJ_2KpPjjN2IzrReC26I&#038;_nc_zt=23&#038;_nc_ht=scontent-lhr6-2.cdninstagram.com&#038;edm=ANo9K5cEAAAA&#038;_nc_gid=fVWYxcAnk7tq524bhAI9BA&#038;_nc_tpa=Q5bMBQGBaIcp1jnnwVX03VKEU-Xez_LtjYoN7kaA8Leaevy4LnmPoIGJYoWSQyFPYzxjozAsxm94GzuUyw&#038;oh=00_Af7qGNbhv-B9FSO7HYQKYzq9J5xOa39nP5YiteRCXxEw2w&#038;oe=69FAEBEC\" data-lightbox-sbi=\"\" data-title=\"\ud83c\udf31Qu\u00e8 fem a la Fundaci\u00f3 Ferrer Green for Good?&lt;br&gt;\n\r&lt;br&gt;\nImpulsem horts urbans socials en r\u00e8gim de permacultura amb la vocaci\u00f3 de fomentar ciutats m\u00e9s verdes, justes i inclusives. Espais que cuiden la terra i les persones, on es practica l\u2019agricultura regenerativa i es desenvolupa tamb\u00e9 una activitat social, educativa i acad\u00e8mica. \ud83d\udc9a &lt;br&gt;\n\r&lt;br&gt;\nObrint tamb\u00e9 aquests espais a la investigaci\u00f3, la Fundaci\u00f3 Ferrer Green for Good \u00e9s alhora un propulsor de coneixement cient\u00edfic al servei de la societat davant dels reptes derivats de l&#039;emerg\u00e8ncia ecoclim\u00e0tica i social. \ud83c\udf0d\" data-video=\"\" data-carousel=\"\" data-id=\"sbi_17951412489003427\" data-user=\"ffgreenforgood\" data-url=\"https:\/\/www.instagram.com\/p\/DTAToM-iHax\/\" data-avatar=\"https:\/\/scontent-lhr6-1.cdninstagram.com\/v\/t51.75761-19\/504492127_18047685233609580_190411476099131421_n.jpg?stp=dst-jpg_s206x206_tt6&amp;_nc_cat=110&amp;ccb=7-5&amp;_nc_sid=bf7eb4&amp;efg=eyJ2ZW5jb2RlX3RhZyI6InByb2ZpbGVfcGljLnd3dy44NjAuQzMifQ%3D%3D&amp;_nc_ohc=7YkQSxce17EQ7kNvwFdpDOZ&amp;_nc_oc=Adk16rbXONmv9WoHdZQ6qwrB-SI4h0Pl89pGYiCCrXk_p5kjOUbidaUs6DLVRGh4lj4&amp;_nc_zt=24&amp;_nc_ht=scontent-lhr6-1.cdninstagram.com&amp;edm=AP4hL3IEAAAA&amp;_nc_gid=SIr5PfSA7ZcpIXtSaB1j2g&amp;_nc_tpa=Q5bMBQFh7gIqpI5icvkMBqmYHv2zcze12n0V-rQbfu9oJ6z_JOBiGBZWoroPGjPqNGcroDUJtoFXe5lsww&amp;oh=00_AfkZidvXlctRYmWtOItTmCjbuHZga4nqIo46z71Zl-CqWQ&amp;oe=6934C17F\" data-account-type=\"business\" data-iframe='' data-media-type=\"feed\" data-posted-on=\"\" data-custom-avatar=\"\">\n            <span class=\"sbi-screenreader\">\n                Open            <\/span>\n                    <\/a>\n    <\/div>\n\n    <a class=\"sbi_photo\" target=\"_blank\" rel=\"nofollow noopener\" href=\"https:\/\/www.instagram.com\/p\/DTAToM-iHax\/\" data-full-res=\"https:\/\/scontent-lhr6-2.cdninstagram.com\/v\/t51.82787-15\/609246417_18070904873609580_8643824231704689897_n.jpg?stp=dst-jpg_e35_tt6&#038;_nc_cat=100&#038;ccb=7-5&#038;_nc_sid=18de74&#038;efg=eyJlZmdfdGFnIjoiRkVFRC5iZXN0X2ltYWdlX3VybGdlbi5DMyJ9&#038;_nc_ohc=jjtdokM8JfUQ7kNvwGcNicW&#038;_nc_oc=AdqRDf7s6j6qJQOxIzHbxPPA7A9xr4Mfa9P6lo51GGbM6f5IJ_2KpPjjN2IzrReC26I&#038;_nc_zt=23&#038;_nc_ht=scontent-lhr6-2.cdninstagram.com&#038;edm=ANo9K5cEAAAA&#038;_nc_gid=fVWYxcAnk7tq524bhAI9BA&#038;_nc_tpa=Q5bMBQGBaIcp1jnnwVX03VKEU-Xez_LtjYoN7kaA8Leaevy4LnmPoIGJYoWSQyFPYzxjozAsxm94GzuUyw&#038;oh=00_Af7qGNbhv-B9FSO7HYQKYzq9J5xOa39nP5YiteRCXxEw2w&#038;oe=69FAEBEC\" data-img-src-set=\"{&quot;d&quot;:&quot;https:\\\/\\\/scontent-lhr6-2.cdninstagram.com\\\/v\\\/t51.82787-15\\\/609246417_18070904873609580_8643824231704689897_n.jpg?stp=dst-jpg_e35_tt6&amp;_nc_cat=100&amp;ccb=7-5&amp;_nc_sid=18de74&amp;efg=eyJlZmdfdGFnIjoiRkVFRC5iZXN0X2ltYWdlX3VybGdlbi5DMyJ9&amp;_nc_ohc=jjtdokM8JfUQ7kNvwGcNicW&amp;_nc_oc=AdqRDf7s6j6qJQOxIzHbxPPA7A9xr4Mfa9P6lo51GGbM6f5IJ_2KpPjjN2IzrReC26I&amp;_nc_zt=23&amp;_nc_ht=scontent-lhr6-2.cdninstagram.com&amp;edm=ANo9K5cEAAAA&amp;_nc_gid=fVWYxcAnk7tq524bhAI9BA&amp;_nc_tpa=Q5bMBQGBaIcp1jnnwVX03VKEU-Xez_LtjYoN7kaA8Leaevy4LnmPoIGJYoWSQyFPYzxjozAsxm94GzuUyw&amp;oh=00_Af7qGNbhv-B9FSO7HYQKYzq9J5xOa39nP5YiteRCXxEw2w&amp;oe=69FAEBEC&quot;,&quot;150&quot;:&quot;https:\\\/\\\/scontent-lhr6-2.cdninstagram.com\\\/v\\\/t51.82787-15\\\/609246417_18070904873609580_8643824231704689897_n.jpg?stp=dst-jpg_e35_tt6&amp;_nc_cat=100&amp;ccb=7-5&amp;_nc_sid=18de74&amp;efg=eyJlZmdfdGFnIjoiRkVFRC5iZXN0X2ltYWdlX3VybGdlbi5DMyJ9&amp;_nc_ohc=jjtdokM8JfUQ7kNvwGcNicW&amp;_nc_oc=AdqRDf7s6j6qJQOxIzHbxPPA7A9xr4Mfa9P6lo51GGbM6f5IJ_2KpPjjN2IzrReC26I&amp;_nc_zt=23&amp;_nc_ht=scontent-lhr6-2.cdninstagram.com&amp;edm=ANo9K5cEAAAA&amp;_nc_gid=fVWYxcAnk7tq524bhAI9BA&amp;_nc_tpa=Q5bMBQGBaIcp1jnnwVX03VKEU-Xez_LtjYoN7kaA8Leaevy4LnmPoIGJYoWSQyFPYzxjozAsxm94GzuUyw&amp;oh=00_Af7qGNbhv-B9FSO7HYQKYzq9J5xOa39nP5YiteRCXxEw2w&amp;oe=69FAEBEC&quot;,&quot;320&quot;:&quot;https:\\\/\\\/scontent-lhr6-2.cdninstagram.com\\\/v\\\/t51.82787-15\\\/609246417_18070904873609580_8643824231704689897_n.jpg?stp=dst-jpg_e35_tt6&amp;_nc_cat=100&amp;ccb=7-5&amp;_nc_sid=18de74&amp;efg=eyJlZmdfdGFnIjoiRkVFRC5iZXN0X2ltYWdlX3VybGdlbi5DMyJ9&amp;_nc_ohc=jjtdokM8JfUQ7kNvwGcNicW&amp;_nc_oc=AdqRDf7s6j6qJQOxIzHbxPPA7A9xr4Mfa9P6lo51GGbM6f5IJ_2KpPjjN2IzrReC26I&amp;_nc_zt=23&amp;_nc_ht=scontent-lhr6-2.cdninstagram.com&amp;edm=ANo9K5cEAAAA&amp;_nc_gid=fVWYxcAnk7tq524bhAI9BA&amp;_nc_tpa=Q5bMBQGBaIcp1jnnwVX03VKEU-Xez_LtjYoN7kaA8Leaevy4LnmPoIGJYoWSQyFPYzxjozAsxm94GzuUyw&amp;oh=00_Af7qGNbhv-B9FSO7HYQKYzq9J5xOa39nP5YiteRCXxEw2w&amp;oe=69FAEBEC&quot;,&quot;640&quot;:&quot;https:\\\/\\\/scontent-lhr6-2.cdninstagram.com\\\/v\\\/t51.82787-15\\\/609246417_18070904873609580_8643824231704689897_n.jpg?stp=dst-jpg_e35_tt6&amp;_nc_cat=100&amp;ccb=7-5&amp;_nc_sid=18de74&amp;efg=eyJlZmdfdGFnIjoiRkVFRC5iZXN0X2ltYWdlX3VybGdlbi5DMyJ9&amp;_nc_ohc=jjtdokM8JfUQ7kNvwGcNicW&amp;_nc_oc=AdqRDf7s6j6qJQOxIzHbxPPA7A9xr4Mfa9P6lo51GGbM6f5IJ_2KpPjjN2IzrReC26I&amp;_nc_zt=23&amp;_nc_ht=scontent-lhr6-2.cdninstagram.com&amp;edm=ANo9K5cEAAAA&amp;_nc_gid=fVWYxcAnk7tq524bhAI9BA&amp;_nc_tpa=Q5bMBQGBaIcp1jnnwVX03VKEU-Xez_LtjYoN7kaA8Leaevy4LnmPoIGJYoWSQyFPYzxjozAsxm94GzuUyw&amp;oh=00_Af7qGNbhv-B9FSO7HYQKYzq9J5xOa39nP5YiteRCXxEw2w&amp;oe=69FAEBEC&quot;}\">\n        <img decoding=\"async\" src=\"https:\/\/fundacioferrergreenforgood.org\/wp-content\/plugins\/instagram-feed-pro\/img\/placeholder.png\" alt=\"\ud83c\udf31Qu\u00e8 fem a la Fundaci\u00f3 Ferrer Green for Good?\n\r\nImpulsem horts urbans socials en r\u00e8gim de permacultura amb la vocaci\u00f3 de fomentar ciutats m\u00e9s verdes, justes i inclusives. Espais que cuiden la terra i les persones, on es practica l\u2019agricultura regenerativa i es desenvolupa tamb\u00e9 una activitat social, educativa i acad\u00e8mica. \ud83d\udc9a \n\r\nObrint tamb\u00e9 aquests espais a la investigaci\u00f3, la Fundaci\u00f3 Ferrer Green for Good \u00e9s alhora un propulsor de coneixement cient\u00edfic al servei de la societat davant dels reptes derivats de l&#039;emerg\u00e8ncia ecoclim\u00e0tica i social. \ud83c\udf0d\">\n    <\/a>\n<\/div>\n\n\n\n\n\t    \n        <div class=\"sbi_info_wrapper\">\n            <div class=\"sbi_info \">\n\n\t\t        \n                <div class=\"sbi_meta_wrap\">\n\t\t        \n\t\t\t\t                <\/div>\n            <\/div>\n        <\/div>\n    <\/div>\n\n    <div class=\"sbi-divider\"><\/div>\n<\/div>\n<div class=\"sbi_item sbi_type_carousel sbi_new sbi_transition\" id=\"sbi_18093572165506821\" data-date=\"1767349344\" data-numcomments=\"0\"data-template=ft_simple_grid>\n    <div class=\"sbi_inner_wrap\" >\n        \n\t\t<div class=\"sbi_photo_wrap\"  style=\"border-radius: inherit;\">\n        <svg class=\"svg-inline--fa fa-clone fa-w-16 sbi_lightbox_carousel_icon\" aria-hidden=\"true\" aria-label=\"Clone\" data-fa-pro\u0192cessed=\"\" data-prefix=\"far\" data-icon=\"clone\" role=\"img\" xmlns=\"http:\/\/www.w3.org\/2000\/svg\" viewBox=\"0 0 512 512\">\n\t                <path fill=\"currentColor\" d=\"M464 0H144c-26.51 0-48 21.49-48 48v48H48c-26.51 0-48 21.49-48 48v320c0 26.51 21.49 48 48 48h320c26.51 0 48-21.49 48-48v-48h48c26.51 0 48-21.49 48-48V48c0-26.51-21.49-48-48-48zM362 464H54a6 6 0 0 1-6-6V150a6 6 0 0 1 6-6h42v224c0 26.51 21.49 48 48 48h224v42a6 6 0 0 1-6 6zm96-96H150a6 6 0 0 1-6-6V54a6 6 0 0 1 6-6h308a6 6 0 0 1 6 6v308a6 6 0 0 1-6 6z\"><\/path>\n\t            <\/svg>    \n    <div   class=\"sbi_link \" >\n        <div class=\"sbi_hover_top\">\n            \n            \n                <p class=\"sbi_hover_caption_wrap\" \n        >\n        <span class=\"sbi_caption\">\ud83d\udcc8La Fundaci\u00f3 Ferrer Green for Good, en xifres <br><br><br>\ud83e\udd55 Nascut el 2022, el projecte d\u2019Horts Green for Good t\u00e9 actualment en funcionament cinc espais que sumen una superf\u00edcie de m\u00e9s de 7.200 metres quadrats de cultiu agroregeneratiu que ja han produ\u00eft m\u00e9s de 108 tones de fruites i hortalisses. <br><br><br>\ud83e\udd1d A la Fundaci\u00f3 Ferrer Green for Good treballem amb un equip que impulsa i coordina els nostres projectes amb una visi\u00f3 transversal per\u00f2 especialitzada. Alhora, establim aliances estrat\u00e8giques i col\u00b7laboracions amb institucions, entitats socials i centres acad\u00e8mics amb qui compartim valors i objectius.<br><br><br>\ud83e\uddd1\u200dM\u00e9s de 170 persones mantenen i cultiven regularment cada any els Horts Green for Good, que tamb\u00e9 han rebut gaireb\u00e9 un miler de persones volunt\u00e0ries des de la seva posada en marxa.<\/span>\n    <\/p>\n\n        <\/div>\n        \n        \n        <div class=\"sbi_hover_bottom \">\n\n            \n                            <div class=\"sbi_meta\">\n                    \n                        <span class=\"sbi_likes\" style=\"font-size: 13px;\" >\n        <svg  style=\"font-size: 13px;\" class=\"svg-inline--fa fa-heart fa-w-18\" aria-hidden=\"true\" data-fa-processed=\"\" data-prefix=\"fa\" data-icon=\"heart\" role=\"presentation\" xmlns=\"http:\/\/www.w3.org\/2000\/svg\" viewBox=\"0 0 576 512\"><path fill=\"currentColor\" d=\"M414.9 24C361.8 24 312 65.7 288 89.3 264 65.7 214.2 24 161.1 24 70.3 24 16 76.9 16 165.5c0 72.6 66.8 133.3 69.2 135.4l187 180.8c8.8 8.5 22.8 8.5 31.6 0l186.7-180.2c2.7-2.7 69.5-63.5 69.5-136C560 76.9 505.7 24 414.9 24z\"><\/path><\/svg>        29    <\/span>\n\n\n\n\n    <span class=\"sbi_comments\" style=\"font-size: 13px;\" >\n        <svg  style=\"font-size: 13px;\" class=\"svg-inline--fa fa-comment fa-w-18\" aria-hidden=\"true\" data-fa-processed=\"\" data-prefix=\"fa\" data-icon=\"comment\" role=\"presentation\" xmlns=\"http:\/\/www.w3.org\/2000\/svg\" viewBox=\"0 0 576 512\"><path fill=\"currentColor\" d=\"M576 240c0 115-129 208-288 208-48.3 0-93.9-8.6-133.9-23.8-40.3 31.2-89.8 50.3-142.4 55.7-5.2.6-10.2-2.8-11.5-7.7-1.3-5 2.7-8.1 6.6-11.8 19.3-18.4 42.7-32.8 51.9-94.6C21.9 330.9 0 287.3 0 240 0 125.1 129 32 288 32s288 93.1 288 208z\"><\/path><\/svg>        0    <\/span>\n\n\n\n\n                <\/div>\n            \n        <\/div>\n\n        <a class=\"sbi_link_area nofancybox\" rel=\"nofollow noopener\" href=\"https:\/\/scontent-lhr6-2.cdninstagram.com\/v\/t51.82787-15\/609942370_18070904729609580_1926850066320337492_n.jpg?stp=dst-jpg_e35_tt6&#038;_nc_cat=104&#038;ccb=7-5&#038;_nc_sid=18de74&#038;efg=eyJlZmdfdGFnIjoiQ0FST1VTRUxfSVRFTS5iZXN0X2ltYWdlX3VybGdlbi5DMyJ9&#038;_nc_ohc=a8IcV98dqvMQ7kNvwGKrfDh&#038;_nc_oc=AdpT4HWCkWZmYVERQssZXaVGtwpkSP8glb-a6dTpY1rQAr1K7QMwhVekWMKigWxOZVE&#038;_nc_zt=23&#038;_nc_ht=scontent-lhr6-2.cdninstagram.com&#038;edm=ANo9K5cEAAAA&#038;_nc_gid=fVWYxcAnk7tq524bhAI9BA&#038;_nc_tpa=Q5bMBQFa_KFWhy--kSeQHqY3TBJxbDWSsuYIpTadZobdw-ckiFs_Rkz3fgkTPeT__vxLVVTB4lYyL-RrdA&#038;oh=00_Af6mnoIPidO6_qO-8-zc_acxLrvUbJCM8Zum03FWcCz96g&#038;oe=69FAD3D3\" data-lightbox-sbi=\"\" data-title=\"\ud83d\udcc8La Fundaci\u00f3 Ferrer Green for Good, en xifres &lt;br&gt;\n\r&lt;br&gt;\n\ud83e\udd55 Nascut el 2022, el projecte d\u2019Horts Green for Good t\u00e9 actualment en funcionament cinc espais que sumen una superf\u00edcie de m\u00e9s de 7.200 metres quadrats de cultiu agroregeneratiu que ja han produ\u00eft m\u00e9s de 108 tones de fruites i hortalisses. &lt;br&gt;\n\r&lt;br&gt;\n\ud83e\udd1d A la Fundaci\u00f3 Ferrer Green for Good treballem amb un equip que impulsa i coordina els nostres projectes amb una visi\u00f3 transversal per\u00f2 especialitzada. Alhora, establim aliances estrat\u00e8giques i col\u00b7laboracions amb institucions, entitats socials i centres acad\u00e8mics amb qui compartim valors i objectius.&lt;br&gt;\n\r&lt;br&gt;\n\ud83e\uddd1\u200dM\u00e9s de 170 persones mantenen i cultiven regularment cada any els Horts Green for Good, que tamb\u00e9 han rebut gaireb\u00e9 un miler de persones volunt\u00e0ries des de la seva posada en marxa.\" data-video=\"\" data-carousel=\"{&quot;data&quot;:[{&quot;type&quot;:&quot;image&quot;,&quot;media&quot;:&quot;https:\\\/\\\/scontent-lhr6-2.cdninstagram.com\\\/v\\\/t51.82787-15\\\/609942370_18070904729609580_1926850066320337492_n.jpg?stp=dst-jpg_e35_tt6&amp;_nc_cat=104&amp;ccb=7-5&amp;_nc_sid=18de74&amp;efg=eyJlZmdfdGFnIjoiQ0FST1VTRUxfSVRFTS5iZXN0X2ltYWdlX3VybGdlbi5DMyJ9&amp;_nc_ohc=a8IcV98dqvMQ7kNvwGKrfDh&amp;_nc_oc=AdpT4HWCkWZmYVERQssZXaVGtwpkSP8glb-a6dTpY1rQAr1K7QMwhVekWMKigWxOZVE&amp;_nc_zt=23&amp;_nc_ht=scontent-lhr6-2.cdninstagram.com&amp;edm=ANo9K5cEAAAA&amp;_nc_gid=fVWYxcAnk7tq524bhAI9BA&amp;_nc_tpa=Q5bMBQGcsMkGBg6NSyKNCB2mEz0hSMVOJ_h_jD2gPEldk0BSfz_nHM8n-M2ARQD9PfIIaoBEuI5nQlxsxQ&amp;oh=00_Af5fkv3NM37H_ccB4OXgqJNujH6uj0JWXZtELi6ZpbkCQQ&amp;oe=69FAD3D3&quot;},{&quot;type&quot;:&quot;image&quot;,&quot;media&quot;:&quot;https:\\\/\\\/scontent-lhr8-2.cdninstagram.com\\\/v\\\/t51.82787-15\\\/610351387_18070904741609580_37386204982407427_n.jpg?stp=dst-jpg_e35_tt6&amp;_nc_cat=106&amp;ccb=7-5&amp;_nc_sid=18de74&amp;efg=eyJlZmdfdGFnIjoiQ0FST1VTRUxfSVRFTS5iZXN0X2ltYWdlX3VybGdlbi5DMyJ9&amp;_nc_ohc=vLRUP89DnkEQ7kNvwF-QGhN&amp;_nc_oc=AdpUBN9Y3gINYlGik19v4TRG_6-Gnr4jDLmC0kwm4MewP2A9fN4xBP7MUveV9qQFc3k&amp;_nc_zt=23&amp;_nc_ht=scontent-lhr8-2.cdninstagram.com&amp;edm=ANo9K5cEAAAA&amp;_nc_gid=fVWYxcAnk7tq524bhAI9BA&amp;_nc_tpa=Q5bMBQFDlDgm1VfIaOuNJOET8sMRYupo4jt1vbKi5MftVYlBbTW0ESxFxuxv4zJeuDqy03v4qd0lbVje1w&amp;oh=00_Af45PRfI5028_gqdnS-cs99kbXob3qzvrSJnBkm3mnttrw&amp;oe=69FAC844&quot;},{&quot;type&quot;:&quot;image&quot;,&quot;media&quot;:&quot;https:\\\/\\\/scontent-lhr8-1.cdninstagram.com\\\/v\\\/t51.82787-15\\\/609654191_18070904747609580_258532777002878103_n.jpg?stp=dst-jpg_e35_tt6&amp;_nc_cat=107&amp;ccb=7-5&amp;_nc_sid=18de74&amp;efg=eyJlZmdfdGFnIjoiQ0FST1VTRUxfSVRFTS5iZXN0X2ltYWdlX3VybGdlbi5DMyJ9&amp;_nc_ohc=U8Tvcw5R_0cQ7kNvwGko59R&amp;_nc_oc=Adr6I_FUWmXEE3G-_y2u3pT5css2PTXky9o6B_t3dLo5ghr1Ke_v1JVZQgt_mJZKyiM&amp;_nc_zt=23&amp;_nc_ht=scontent-lhr8-1.cdninstagram.com&amp;edm=ANo9K5cEAAAA&amp;_nc_gid=fVWYxcAnk7tq524bhAI9BA&amp;_nc_tpa=Q5bMBQHgS8ehOkJ6jB_wfceEboDpUbLnJGnl7mS16JvLed9GliUMcugWhE4CyPjVPIXQBT90psIqIimGSQ&amp;oh=00_Af5WzHTT83brYPkqkZYL_G9qJcvknVP5-Oi4hsO8r9FNjg&amp;oe=69FADB18&quot;},{&quot;type&quot;:&quot;image&quot;,&quot;media&quot;:&quot;https:\\\/\\\/scontent-lhr8-1.cdninstagram.com\\\/v\\\/t51.82787-15\\\/608851067_18070904774609580_12594019556945337_n.jpg?stp=dst-jpg_e35_tt6&amp;_nc_cat=107&amp;ccb=7-5&amp;_nc_sid=18de74&amp;efg=eyJlZmdfdGFnIjoiQ0FST1VTRUxfSVRFTS5iZXN0X2ltYWdlX3VybGdlbi5DMyJ9&amp;_nc_ohc=wrcQ0xKeOxoQ7kNvwHd7bi4&amp;_nc_oc=Ado-sKowHBA_ye_ssxkaDpQX_szgWMG_yNHxA0C4owkduWWQ5z6h7Z2RyrMfAlzOpJA&amp;_nc_zt=23&amp;_nc_ht=scontent-lhr8-1.cdninstagram.com&amp;edm=ANo9K5cEAAAA&amp;_nc_gid=fVWYxcAnk7tq524bhAI9BA&amp;_nc_tpa=Q5bMBQF03S11YOlUM48XSy5Ss3YvGd0BhfSHXebVhhGjX7iHpse-zCSCmnFN9lozp0xp-D5GjcOomseV1w&amp;oh=00_Af5l3xOJRL9mxsZyz1IqpVgxtv3yRVj188BqXw6l0vDWsA&amp;oe=69FABFA6&quot;},{&quot;type&quot;:&quot;image&quot;,&quot;media&quot;:&quot;https:\\\/\\\/scontent-lhr6-1.cdninstagram.com\\\/v\\\/t51.82787-15\\\/609237581_18070904771609580_8364904250636037603_n.jpg?stp=dst-jpg_e35_tt6&amp;_nc_cat=109&amp;ccb=7-5&amp;_nc_sid=18de74&amp;efg=eyJlZmdfdGFnIjoiQ0FST1VTRUxfSVRFTS5iZXN0X2ltYWdlX3VybGdlbi5DMyJ9&amp;_nc_ohc=axFSqMS3taEQ7kNvwFW57QN&amp;_nc_oc=AdpU6ZDMd9kNMvHIk_FbNcbcmFVk8uTIuRBVXVBxGT4JzhFRidd5QuV63Um43lZLQQ8&amp;_nc_zt=23&amp;_nc_ht=scontent-lhr6-1.cdninstagram.com&amp;edm=ANo9K5cEAAAA&amp;_nc_gid=fVWYxcAnk7tq524bhAI9BA&amp;_nc_tpa=Q5bMBQFQeda3V-g5EGuBtDTPgKeJ0m8tHj7glO6VtCU4E6Ln3bZMviZ5tMwvBw7FlpHOvaaBWW-Ot-MymQ&amp;oh=00_Af7miZ7MF2A1KcRqtnR3dORCmTa8yQFjL3iFn_Dv3wsnlA&amp;oe=69FAD50E&quot;},{&quot;type&quot;:&quot;image&quot;,&quot;media&quot;:&quot;https:\\\/\\\/scontent-lhr8-1.cdninstagram.com\\\/v\\\/t51.82787-15\\\/609668361_18070904765609580_5529462090206410558_n.jpg?stp=dst-jpg_e35_tt6&amp;_nc_cat=107&amp;ccb=7-5&amp;_nc_sid=18de74&amp;efg=eyJlZmdfdGFnIjoiQ0FST1VTRUxfSVRFTS5iZXN0X2ltYWdlX3VybGdlbi5DMyJ9&amp;_nc_ohc=ab1r-1AfvOcQ7kNvwG_OocL&amp;_nc_oc=AdrEsmdwGSV5euke1jnVSgRiHi5wgXICXZjJUj3LzmJ07FGjb9aiaBXRfAlSHSN6DUs&amp;_nc_zt=23&amp;_nc_ht=scontent-lhr8-1.cdninstagram.com&amp;edm=ANo9K5cEAAAA&amp;_nc_gid=fVWYxcAnk7tq524bhAI9BA&amp;_nc_tpa=Q5bMBQG4OZqdMB-3wbbxTMqC3AfaxjwhmeF2seXJ_wHIYJ9l0jqRymVlucMo1cmLsSwoE83lx8mlMxUxQQ&amp;oh=00_Af63W6lX6KWRh2UDJepiamhgryl5LsZwOUaBgvkEdHVJLg&amp;oe=69FAE3D6&quot;}],&quot;vid_first&quot;:false}\" data-id=\"sbi_18093572165506821\" data-user=\"ffgreenforgood\" data-url=\"https:\/\/www.instagram.com\/p\/DTATmBXCNCn\/\" data-avatar=\"https:\/\/scontent-lhr6-1.cdninstagram.com\/v\/t51.75761-19\/504492127_18047685233609580_190411476099131421_n.jpg?stp=dst-jpg_s206x206_tt6&amp;_nc_cat=110&amp;ccb=7-5&amp;_nc_sid=bf7eb4&amp;efg=eyJ2ZW5jb2RlX3RhZyI6InByb2ZpbGVfcGljLnd3dy44NjAuQzMifQ%3D%3D&amp;_nc_ohc=7YkQSxce17EQ7kNvwFdpDOZ&amp;_nc_oc=Adk16rbXONmv9WoHdZQ6qwrB-SI4h0Pl89pGYiCCrXk_p5kjOUbidaUs6DLVRGh4lj4&amp;_nc_zt=24&amp;_nc_ht=scontent-lhr6-1.cdninstagram.com&amp;edm=AP4hL3IEAAAA&amp;_nc_gid=SIr5PfSA7ZcpIXtSaB1j2g&amp;_nc_tpa=Q5bMBQFh7gIqpI5icvkMBqmYHv2zcze12n0V-rQbfu9oJ6z_JOBiGBZWoroPGjPqNGcroDUJtoFXe5lsww&amp;oh=00_AfkZidvXlctRYmWtOItTmCjbuHZga4nqIo46z71Zl-CqWQ&amp;oe=6934C17F\" data-account-type=\"business\" data-iframe='' data-media-type=\"feed\" data-posted-on=\"\" data-custom-avatar=\"\">\n            <span class=\"sbi-screenreader\">\n                Open            <\/span>\n                    <\/a>\n    <\/div>\n\n    <a class=\"sbi_photo\" target=\"_blank\" rel=\"nofollow noopener\" href=\"https:\/\/www.instagram.com\/p\/DTATmBXCNCn\/\" data-full-res=\"https:\/\/scontent-lhr6-2.cdninstagram.com\/v\/t51.82787-15\/609942370_18070904729609580_1926850066320337492_n.jpg?stp=dst-jpg_e35_tt6&#038;_nc_cat=104&#038;ccb=7-5&#038;_nc_sid=18de74&#038;efg=eyJlZmdfdGFnIjoiQ0FST1VTRUxfSVRFTS5iZXN0X2ltYWdlX3VybGdlbi5DMyJ9&#038;_nc_ohc=a8IcV98dqvMQ7kNvwGKrfDh&#038;_nc_oc=AdpT4HWCkWZmYVERQssZXaVGtwpkSP8glb-a6dTpY1rQAr1K7QMwhVekWMKigWxOZVE&#038;_nc_zt=23&#038;_nc_ht=scontent-lhr6-2.cdninstagram.com&#038;edm=ANo9K5cEAAAA&#038;_nc_gid=fVWYxcAnk7tq524bhAI9BA&#038;_nc_tpa=Q5bMBQFa_KFWhy--kSeQHqY3TBJxbDWSsuYIpTadZobdw-ckiFs_Rkz3fgkTPeT__vxLVVTB4lYyL-RrdA&#038;oh=00_Af6mnoIPidO6_qO-8-zc_acxLrvUbJCM8Zum03FWcCz96g&#038;oe=69FAD3D3\" data-img-src-set=\"{&quot;d&quot;:&quot;https:\\\/\\\/scontent-lhr6-2.cdninstagram.com\\\/v\\\/t51.82787-15\\\/609942370_18070904729609580_1926850066320337492_n.jpg?stp=dst-jpg_e35_tt6&amp;_nc_cat=104&amp;ccb=7-5&amp;_nc_sid=18de74&amp;efg=eyJlZmdfdGFnIjoiQ0FST1VTRUxfSVRFTS5iZXN0X2ltYWdlX3VybGdlbi5DMyJ9&amp;_nc_ohc=a8IcV98dqvMQ7kNvwGKrfDh&amp;_nc_oc=AdpT4HWCkWZmYVERQssZXaVGtwpkSP8glb-a6dTpY1rQAr1K7QMwhVekWMKigWxOZVE&amp;_nc_zt=23&amp;_nc_ht=scontent-lhr6-2.cdninstagram.com&amp;edm=ANo9K5cEAAAA&amp;_nc_gid=fVWYxcAnk7tq524bhAI9BA&amp;_nc_tpa=Q5bMBQFa_KFWhy--kSeQHqY3TBJxbDWSsuYIpTadZobdw-ckiFs_Rkz3fgkTPeT__vxLVVTB4lYyL-RrdA&amp;oh=00_Af6mnoIPidO6_qO-8-zc_acxLrvUbJCM8Zum03FWcCz96g&amp;oe=69FAD3D3&quot;,&quot;150&quot;:&quot;https:\\\/\\\/scontent-lhr6-2.cdninstagram.com\\\/v\\\/t51.82787-15\\\/609942370_18070904729609580_1926850066320337492_n.jpg?stp=dst-jpg_e35_tt6&amp;_nc_cat=104&amp;ccb=7-5&amp;_nc_sid=18de74&amp;efg=eyJlZmdfdGFnIjoiQ0FST1VTRUxfSVRFTS5iZXN0X2ltYWdlX3VybGdlbi5DMyJ9&amp;_nc_ohc=a8IcV98dqvMQ7kNvwGKrfDh&amp;_nc_oc=AdpT4HWCkWZmYVERQssZXaVGtwpkSP8glb-a6dTpY1rQAr1K7QMwhVekWMKigWxOZVE&amp;_nc_zt=23&amp;_nc_ht=scontent-lhr6-2.cdninstagram.com&amp;edm=ANo9K5cEAAAA&amp;_nc_gid=fVWYxcAnk7tq524bhAI9BA&amp;_nc_tpa=Q5bMBQFa_KFWhy--kSeQHqY3TBJxbDWSsuYIpTadZobdw-ckiFs_Rkz3fgkTPeT__vxLVVTB4lYyL-RrdA&amp;oh=00_Af6mnoIPidO6_qO-8-zc_acxLrvUbJCM8Zum03FWcCz96g&amp;oe=69FAD3D3&quot;,&quot;320&quot;:&quot;https:\\\/\\\/scontent-lhr6-2.cdninstagram.com\\\/v\\\/t51.82787-15\\\/609942370_18070904729609580_1926850066320337492_n.jpg?stp=dst-jpg_e35_tt6&amp;_nc_cat=104&amp;ccb=7-5&amp;_nc_sid=18de74&amp;efg=eyJlZmdfdGFnIjoiQ0FST1VTRUxfSVRFTS5iZXN0X2ltYWdlX3VybGdlbi5DMyJ9&amp;_nc_ohc=a8IcV98dqvMQ7kNvwGKrfDh&amp;_nc_oc=AdpT4HWCkWZmYVERQssZXaVGtwpkSP8glb-a6dTpY1rQAr1K7QMwhVekWMKigWxOZVE&amp;_nc_zt=23&amp;_nc_ht=scontent-lhr6-2.cdninstagram.com&amp;edm=ANo9K5cEAAAA&amp;_nc_gid=fVWYxcAnk7tq524bhAI9BA&amp;_nc_tpa=Q5bMBQFa_KFWhy--kSeQHqY3TBJxbDWSsuYIpTadZobdw-ckiFs_Rkz3fgkTPeT__vxLVVTB4lYyL-RrdA&amp;oh=00_Af6mnoIPidO6_qO-8-zc_acxLrvUbJCM8Zum03FWcCz96g&amp;oe=69FAD3D3&quot;,&quot;640&quot;:&quot;https:\\\/\\\/scontent-lhr6-2.cdninstagram.com\\\/v\\\/t51.82787-15\\\/609942370_18070904729609580_1926850066320337492_n.jpg?stp=dst-jpg_e35_tt6&amp;_nc_cat=104&amp;ccb=7-5&amp;_nc_sid=18de74&amp;efg=eyJlZmdfdGFnIjoiQ0FST1VTRUxfSVRFTS5iZXN0X2ltYWdlX3VybGdlbi5DMyJ9&amp;_nc_ohc=a8IcV98dqvMQ7kNvwGKrfDh&amp;_nc_oc=AdpT4HWCkWZmYVERQssZXaVGtwpkSP8glb-a6dTpY1rQAr1K7QMwhVekWMKigWxOZVE&amp;_nc_zt=23&amp;_nc_ht=scontent-lhr6-2.cdninstagram.com&amp;edm=ANo9K5cEAAAA&amp;_nc_gid=fVWYxcAnk7tq524bhAI9BA&amp;_nc_tpa=Q5bMBQFa_KFWhy--kSeQHqY3TBJxbDWSsuYIpTadZobdw-ckiFs_Rkz3fgkTPeT__vxLVVTB4lYyL-RrdA&amp;oh=00_Af6mnoIPidO6_qO-8-zc_acxLrvUbJCM8Zum03FWcCz96g&amp;oe=69FAD3D3&quot;}\">\n        <img decoding=\"async\" src=\"https:\/\/fundacioferrergreenforgood.org\/wp-content\/plugins\/instagram-feed-pro\/img\/placeholder.png\" alt=\"\ud83d\udcc8La Fundaci\u00f3 Ferrer Green for Good, en xifres \n\r\n\ud83e\udd55 Nascut el 2022, el projecte d\u2019Horts Green for Good t\u00e9 actualment en funcionament cinc espais que sumen una superf\u00edcie de m\u00e9s de 7.200 metres quadrats de cultiu agroregeneratiu que ja han produ\u00eft m\u00e9s de 108 tones de fruites i hortalisses. \n\r\n\ud83e\udd1d A la Fundaci\u00f3 Ferrer Green for Good treballem amb un equip que impulsa i coordina els nostres projectes amb una visi\u00f3 transversal per\u00f2 especialitzada. Alhora, establim aliances estrat\u00e8giques i col\u00b7laboracions amb institucions, entitats socials i centres acad\u00e8mics amb qui compartim valors i objectius.\n\r\n\ud83e\uddd1\u200dM\u00e9s de 170 persones mantenen i cultiven regularment cada any els Horts Green for Good, que tamb\u00e9 han rebut gaireb\u00e9 un miler de persones volunt\u00e0ries des de la seva posada en marxa.\">\n    <\/a>\n<\/div>\n\n\n\n\n\t    \n        <div class=\"sbi_info_wrapper\">\n            <div class=\"sbi_info \">\n\n\t\t        \n                <div class=\"sbi_meta_wrap\">\n\t\t        \n\t\t\t\t                <\/div>\n            <\/div>\n        <\/div>\n    <\/div>\n\n    <div class=\"sbi-divider\"><\/div>\n<\/div>\n    <\/div>\n\n\t<div id=\"sbi_load\" >\n\n\t\n\t\n<\/div>\n\n\t    <span class=\"sbi_resized_image_data\" data-feed-id=\"*1\" data-resized=\"{&quot;17951412489003427&quot;:{&quot;id&quot;:&quot;609246417_18070904873609580_8643824231704689897_n&quot;,&quot;ratio&quot;:&quot;0.80&quot;,&quot;sizes&quot;:{&quot;full&quot;:640,&quot;low&quot;:320,&quot;thumb&quot;:150},&quot;extension&quot;:&quot;.webp&quot;},&quot;18093572165506821&quot;:{&quot;id&quot;:&quot;609942370_18070904729609580_1926850066320337492_n&quot;,&quot;ratio&quot;:&quot;0.80&quot;,&quot;sizes&quot;:{&quot;full&quot;:640,&quot;low&quot;:320,&quot;thumb&quot;:150},&quot;extension&quot;:&quot;.webp&quot;},&quot;18092475931983425&quot;:{&quot;id&quot;:&quot;621151749_18073412477609580_1288190646791820835_n&quot;,&quot;ratio&quot;:&quot;0.80&quot;,&quot;sizes&quot;:{&quot;full&quot;:640,&quot;low&quot;:320,&quot;thumb&quot;:150},&quot;extension&quot;:&quot;.webp&quot;},&quot;17844762996676024&quot;:{&quot;id&quot;:&quot;631781185_18075795047609580_6795560661065970817_n&quot;,&quot;ratio&quot;:&quot;0.86&quot;,&quot;sizes&quot;:{&quot;full&quot;:640,&quot;low&quot;:320,&quot;thumb&quot;:150},&quot;extension&quot;:&quot;.webp&quot;},&quot;18150149968444976&quot;:{&quot;id&quot;:&quot;638295411_18076007177609580_8529523431594098029_n&quot;,&quot;ratio&quot;:&quot;0.80&quot;,&quot;sizes&quot;:{&quot;full&quot;:640,&quot;low&quot;:320,&quot;thumb&quot;:150},&quot;extension&quot;:&quot;.webp&quot;},&quot;18111767716654916&quot;:{&quot;id&quot;:&quot;639764468_18076219661609580_2066938839817422258_n&quot;,&quot;ratio&quot;:&quot;1.50&quot;,&quot;sizes&quot;:{&quot;full&quot;:640,&quot;low&quot;:320,&quot;thumb&quot;:150},&quot;extension&quot;:&quot;.webp&quot;},&quot;18057018569448947&quot;:{&quot;id&quot;:&quot;652325310_18079121792609580_3604563994589402586_n&quot;,&quot;ratio&quot;:&quot;1.25&quot;,&quot;sizes&quot;:{&quot;full&quot;:640,&quot;low&quot;:320,&quot;thumb&quot;:150},&quot;extension&quot;:&quot;.webp&quot;},&quot;18094435973139561&quot;:{&quot;id&quot;:&quot;660641931_18082526294609580_4862984541305312921_n&quot;,&quot;ratio&quot;:&quot;0.80&quot;,&quot;sizes&quot;:{&quot;full&quot;:640,&quot;low&quot;:320,&quot;thumb&quot;:150},&quot;extension&quot;:&quot;.webp&quot;},&quot;18078926429620032&quot;:{&quot;id&quot;:&quot;671036935_18083143283609580_1474921827273495995_n&quot;,&quot;ratio&quot;:&quot;1.25&quot;,&quot;sizes&quot;:{&quot;full&quot;:640,&quot;low&quot;:320,&quot;thumb&quot;:150},&quot;extension&quot;:&quot;.webp&quot;},&quot;18099228479282415&quot;:{&quot;id&quot;:&quot;672492699_18084028649609580_959217030170325185_n&quot;,&quot;ratio&quot;:&quot;0.80&quot;,&quot;sizes&quot;:{&quot;full&quot;:640,&quot;low&quot;:320,&quot;thumb&quot;:150},&quot;extension&quot;:&quot;.webp&quot;}}\">\n\t<\/span>\n\t\n<\/div>\n\n\t<style type=\"text\/css\">\n\t\t\t\t#sb_instagram #sbi_load .sbi_load_btn:hover{\n\t\t\toutline: none;\n\t\t\tbox-shadow: inset 0 0 20px 20px #E8E8EB;\n\t\t}\n\t\t\t\t\n\t\t#sb_instagram .sbi_follow_btn a:hover,\n\t\t#sb_instagram .sbi_follow_btn a:focus{\n\t\t\toutline: none;\n\t\t\tbox-shadow: inset 0 0 10px 20px #005B8C;\n\t\t}\n\t\t\t<\/style>\n\t\n<\/div><\/section><\/p><\/div><\/div><!--close column table wrapper. Autoclose: 1 -->\n\n","protected":false},"excerpt":{"rendered":"","protected":false},"author":3,"featured_media":0,"parent":0,"menu_order":0,"comment_status":"closed","ping_status":"closed","template":"","meta":{"inline_featured_image":false,"footnotes":""},"class_list":["post-4645","page","type-page","status-publish","hentry"],"yoast_head":"<!-- This site is optimized with the Yoast SEO plugin v26.5 - https:\/\/yoast.com\/wordpress\/plugins\/seo\/ -->\n<title>Inicio - Fundaci\u00f3 Ferrer Green for Good<\/title>\n<meta name=\"description\" content=\"La Fundaci\u00f3n Ferrer Green for Good tiene por objetivo fomentar ciudades m\u00e1s verdes, justas e inclusivas a trav\u00e9s de la creaci\u00f3n de huertos urbanos sociales en r\u00e9gimen de permacultura para la pr\u00e1ctica e investigaci\u00f3n en agricultura regenerativa.\" \/>\n<meta name=\"robots\" content=\"index, follow, max-snippet:-1, max-image-preview:large, max-video-preview:-1\" \/>\n<link rel=\"canonical\" href=\"https:\/\/fundacioferrergreenforgood.org\/es\/\" \/>\n<meta property=\"og:locale\" content=\"es_ES\" \/>\n<meta property=\"og:type\" content=\"article\" \/>\n<meta property=\"og:title\" content=\"Inicio - Fundaci\u00f3 Ferrer Green for Good\" \/>\n<meta property=\"og:description\" content=\"La Fundaci\u00f3n Ferrer Green for Good tiene por objetivo fomentar ciudades m\u00e1s verdes, justas e inclusivas a trav\u00e9s de la creaci\u00f3n de huertos urbanos sociales en r\u00e9gimen de permacultura para la pr\u00e1ctica e investigaci\u00f3n en agricultura regenerativa.\" \/>\n<meta property=\"og:url\" content=\"https:\/\/fundacioferrergreenforgood.org\/es\/\" \/>\n<meta property=\"og:site_name\" content=\"Fundaci\u00f3 Ferrer Green for Good\" \/>\n<meta property=\"article:modified_time\" content=\"2026-03-06T14:12:29+00:00\" \/>\n<meta name=\"twitter:card\" content=\"summary_large_image\" \/>\n<meta name=\"twitter:label1\" content=\"Tiempo de lectura\" \/>\n\t<meta name=\"twitter:data1\" content=\"21 minutos\" \/>\n<script type=\"application\/ld+json\" class=\"yoast-schema-graph\">{\"@context\":\"https:\/\/schema.org\",\"@graph\":[{\"@type\":\"WebPage\",\"@id\":\"https:\/\/fundacioferrergreenforgood.org\/es\/\",\"url\":\"https:\/\/fundacioferrergreenforgood.org\/es\/\",\"name\":\"Inicio - Fundaci\u00f3 Ferrer Green for Good\",\"isPartOf\":{\"@id\":\"https:\/\/fundacioferrergreenforgood.org\/#website\"},\"datePublished\":\"2024-02-01T16:43:04+00:00\",\"dateModified\":\"2026-03-06T14:12:29+00:00\",\"description\":\"La Fundaci\u00f3n Ferrer Green for Good tiene por objetivo fomentar ciudades m\u00e1s verdes, justas e inclusivas a trav\u00e9s de la creaci\u00f3n de huertos urbanos sociales en r\u00e9gimen de permacultura para la pr\u00e1ctica e investigaci\u00f3n en agricultura regenerativa.\",\"inLanguage\":\"es\",\"potentialAction\":[{\"@type\":\"ReadAction\",\"target\":[\"https:\/\/fundacioferrergreenforgood.org\/es\/\"]}]},{\"@type\":\"WebSite\",\"@id\":\"https:\/\/fundacioferrergreenforgood.org\/#website\",\"url\":\"https:\/\/fundacioferrergreenforgood.org\/\",\"name\":\"Fundaci\u00f3 Ferrer Green for Good\",\"description\":\"Fundaci\u00f3 Ferrer Green for Good\",\"potentialAction\":[{\"@type\":\"SearchAction\",\"target\":{\"@type\":\"EntryPoint\",\"urlTemplate\":\"https:\/\/fundacioferrergreenforgood.org\/?s={search_term_string}\"},\"query-input\":{\"@type\":\"PropertyValueSpecification\",\"valueRequired\":true,\"valueName\":\"search_term_string\"}}],\"inLanguage\":\"es\"}]}<\/script>\n<!-- \/ Yoast SEO plugin. -->","yoast_head_json":{"title":"Inicio - Fundaci\u00f3 Ferrer Green for Good","description":"La Fundaci\u00f3n Ferrer Green for Good tiene por objetivo fomentar ciudades m\u00e1s verdes, justas e inclusivas a trav\u00e9s de la creaci\u00f3n de huertos urbanos sociales en r\u00e9gimen de permacultura para la pr\u00e1ctica e investigaci\u00f3n en agricultura regenerativa.","robots":{"index":"index","follow":"follow","max-snippet":"max-snippet:-1","max-image-preview":"max-image-preview:large","max-video-preview":"max-video-preview:-1"},"canonical":"https:\/\/fundacioferrergreenforgood.org\/es\/","og_locale":"es_ES","og_type":"article","og_title":"Inicio - Fundaci\u00f3 Ferrer Green for Good","og_description":"La Fundaci\u00f3n Ferrer Green for Good tiene por objetivo fomentar ciudades m\u00e1s verdes, justas e inclusivas a trav\u00e9s de la creaci\u00f3n de huertos urbanos sociales en r\u00e9gimen de permacultura para la pr\u00e1ctica e investigaci\u00f3n en agricultura regenerativa.","og_url":"https:\/\/fundacioferrergreenforgood.org\/es\/","og_site_name":"Fundaci\u00f3 Ferrer Green for Good","article_modified_time":"2026-03-06T14:12:29+00:00","twitter_card":"summary_large_image","twitter_misc":{"Tiempo de lectura":"21 minutos"},"schema":{"@context":"https:\/\/schema.org","@graph":[{"@type":"WebPage","@id":"https:\/\/fundacioferrergreenforgood.org\/es\/","url":"https:\/\/fundacioferrergreenforgood.org\/es\/","name":"Inicio - Fundaci\u00f3 Ferrer Green for Good","isPartOf":{"@id":"https:\/\/fundacioferrergreenforgood.org\/#website"},"datePublished":"2024-02-01T16:43:04+00:00","dateModified":"2026-03-06T14:12:29+00:00","description":"La Fundaci\u00f3n Ferrer Green for Good tiene por objetivo fomentar ciudades m\u00e1s verdes, justas e inclusivas a trav\u00e9s de la creaci\u00f3n de huertos urbanos sociales en r\u00e9gimen de permacultura para la pr\u00e1ctica e investigaci\u00f3n en agricultura regenerativa.","inLanguage":"es","potentialAction":[{"@type":"ReadAction","target":["https:\/\/fundacioferrergreenforgood.org\/es\/"]}]},{"@type":"WebSite","@id":"https:\/\/fundacioferrergreenforgood.org\/#website","url":"https:\/\/fundacioferrergreenforgood.org\/","name":"Fundaci\u00f3 Ferrer Green for Good","description":"Fundaci\u00f3 Ferrer Green for Good","potentialAction":[{"@type":"SearchAction","target":{"@type":"EntryPoint","urlTemplate":"https:\/\/fundacioferrergreenforgood.org\/?s={search_term_string}"},"query-input":{"@type":"PropertyValueSpecification","valueRequired":true,"valueName":"search_term_string"}}],"inLanguage":"es"}]}},"_links":{"self":[{"href":"https:\/\/fundacioferrergreenforgood.org\/es\/wp-json\/wp\/v2\/pages\/4645","targetHints":{"allow":["GET"]}}],"collection":[{"href":"https:\/\/fundacioferrergreenforgood.org\/es\/wp-json\/wp\/v2\/pages"}],"about":[{"href":"https:\/\/fundacioferrergreenforgood.org\/es\/wp-json\/wp\/v2\/types\/page"}],"author":[{"embeddable":true,"href":"https:\/\/fundacioferrergreenforgood.org\/es\/wp-json\/wp\/v2\/users\/3"}],"replies":[{"embeddable":true,"href":"https:\/\/fundacioferrergreenforgood.org\/es\/wp-json\/wp\/v2\/comments?post=4645"}],"version-history":[{"count":69,"href":"https:\/\/fundacioferrergreenforgood.org\/es\/wp-json\/wp\/v2\/pages\/4645\/revisions"}],"predecessor-version":[{"id":7618,"href":"https:\/\/fundacioferrergreenforgood.org\/es\/wp-json\/wp\/v2\/pages\/4645\/revisions\/7618"}],"wp:attachment":[{"href":"https:\/\/fundacioferrergreenforgood.org\/es\/wp-json\/wp\/v2\/media?parent=4645"}],"curies":[{"name":"wp","href":"https:\/\/api.w.org\/{rel}","templated":true}]}}