{"id":5498,"date":"2024-03-12T17:55:43","date_gmt":"2024-03-12T17:55:43","guid":{"rendered":"https:\/\/fundacioferrersustainability.org\/el-jardi-fenix\/"},"modified":"2026-01-19T08:38:54","modified_gmt":"2026-01-19T08:38:54","slug":"el-jardi-fenix","status":"publish","type":"page","link":"https:\/\/fundacioferrergreenforgood.org\/es\/green-for-good\/el-jardi-fenix\/","title":{"rendered":"Jard\u00ed F\u00e8nix\u00a0(CAS Sarri\u00e0 &#8211; Barcelona)"},"content":{"rendered":"\n<style type=\"text\/css\" data-created_by=\"avia_inline_auto\" id=\"style-css-av-lu1u12tr-2ce05d95bc99b01ce050072796a5568c\">\n#top .hr.hr-invisible.av-lu1u12tr-2ce05d95bc99b01ce050072796a5568c{\nheight:90px;\n}\n<\/style>\n<div  class='hr av-lu1u12tr-2ce05d95bc99b01ce050072796a5568c hr-invisible  avia-builder-el-0  el_before_av_hr  avia-builder-el-first  av-desktop-hide av-medium-hide'><span class='hr-inner '><span class=\"hr-inner-style\"><\/span><\/span><\/div>\n\n<style type=\"text\/css\" data-created_by=\"avia_inline_auto\" id=\"style-css-av-11u2s-65d293a12acead75625664aaca126560\">\n#top .hr.av-11u2s-65d293a12acead75625664aaca126560{\nmargin-top:0px;\nmargin-bottom:20px;\n}\n.hr.av-11u2s-65d293a12acead75625664aaca126560 .hr-inner{\nwidth:100%;\nborder-color:#e2e7e1;\n}\n<\/style>\n<div  class='hr av-11u2s-65d293a12acead75625664aaca126560 hr-custom  avia-builder-el-1  el_after_av_hr  el_before_av_section  avia-builder-el-last  av-small-hide av-mini-hide hr-left hr-icon-no'><span class='hr-inner inner-border-av-border-thin'><span class=\"hr-inner-style\"><\/span><\/span><\/div>\n<\/div><\/div><\/div><!-- close content main div --><\/div><\/div><div id='av_section_1'  class='avia-section av-1awoq6y-eb9483fdf7fcef33d5d25e3105638716 main_color avia-section-default avia-no-border-styling  avia-builder-el-2  el_after_av_hr  el_before_av_section  avia-bg-style-scroll container_wrap fullsize'  ><div class='container av-section-cont-open' ><div class='template-page content  av-content-full alpha units'><div class='post-entry post-entry-type-page post-entry-5498'><div class='entry-content-wrapper clearfix'>\n<div  class='flex_column av-18z7vbu-6dc3a8db2fea35671303026739f9ac0a av_one_third  avia-builder-el-3  el_before_av_one_third  avia-builder-el-first  first flex_column_div  '     ><p>\n<style type=\"text\/css\" data-created_by=\"avia_inline_auto\" id=\"style-css-av-176c9je-c3e55753a894b23c22cf75f570c4d732\">\n.avia-image-container.av-176c9je-c3e55753a894b23c22cf75f570c4d732 img.avia_image{\nbox-shadow:none;\n}\n.avia-image-container.av-176c9je-c3e55753a894b23c22cf75f570c4d732 .av-image-caption-overlay-center{\ncolor:#ffffff;\n}\n<\/style>\n<div  class='avia-image-container av-176c9je-c3e55753a894b23c22cf75f570c4d732 av-styling-no-styling av-img-linked avia-align-center  avia-builder-el-4  el_before_av_textblock  avia-builder-el-first '   itemprop=\"image\" itemscope=\"itemscope\" itemtype=\"https:\/\/schema.org\/ImageObject\" ><div class=\"avia-image-container-inner\"><div class=\"avia-image-overlay-wrap\"><a href=\"https:\/\/fundacioferrergreenforgood.org\/es\/green-for-good\/huertosgreenforgood\/\" class='avia_image '  aria-label='Nuestra_apuesta_verde'><img decoding=\"async\" fetchpriority=\"high\" class='wp-image-3941 avia-img-lazy-loading-not-3941 avia_image ' src=\"https:\/\/fundacioferrergreenforgood.org\/wp-content\/uploads\/2024\/02\/00-icongfgapostaverda.png\" alt='Nuestra apuesta verde' title='Nuestra_apuesta_verde'  height=\"64\" width=\"64\"  itemprop=\"thumbnailUrl\" srcset=\"https:\/\/fundacioferrergreenforgood.org\/wp-content\/uploads\/2024\/02\/00-icongfgapostaverda.png 64w, https:\/\/fundacioferrergreenforgood.org\/wp-content\/uploads\/2024\/02\/00-icongfgapostaverda-36x36.png 36w\" sizes=\"(max-width: 64px) 100vw, 64px\" \/><\/a><\/div><\/div><\/div><br \/>\n<section  class='av_textblock_section av-16483e2-7a054c7442296004db3716a233a7ff04 '   itemscope=\"itemscope\" itemtype=\"https:\/\/schema.org\/CreativeWork\" ><div class='avia_textblock menunotabs'  itemprop=\"text\" ><p style=\"text-align: center;\"><a href=\"https:\/\/fundacioferrergreenforgood.org\/es\/green-for-good\/huertosgreenforgood\/\"><b>Nuestra apuesta verde<\/b><\/a><\/p>\n<\/div><\/section><\/p><\/div><div  class='flex_column av-142v9y2-1e838ae7d758251047b0dcc8d9dae841 av_one_third  avia-builder-el-6  el_after_av_one_third  el_before_av_one_third  flex_column_div  '     ><p>\n<style type=\"text\/css\" data-created_by=\"avia_inline_auto\" id=\"style-css-av-13br722-0ddb854123882d5b6ad0c023b5538ee9\">\n.avia-image-container.av-13br722-0ddb854123882d5b6ad0c023b5538ee9 img.avia_image{\nbox-shadow:none;\n}\n.avia-image-container.av-13br722-0ddb854123882d5b6ad0c023b5538ee9 .av-image-caption-overlay-center{\ncolor:#ffffff;\n}\n<\/style>\n<div  class='avia-image-container av-13br722-0ddb854123882d5b6ad0c023b5538ee9 av-styling-no-styling avia-align-center  avia-builder-el-7  el_before_av_textblock  avia-builder-el-first '   itemprop=\"image\" itemscope=\"itemscope\" itemtype=\"https:\/\/schema.org\/ImageObject\" ><div class=\"avia-image-container-inner\"><div class=\"avia-image-overlay-wrap\"><img decoding=\"async\" fetchpriority=\"high\" class='wp-image-3943 avia-img-lazy-loading-not-3943 avia_image ' src=\"https:\/\/fundacioferrergreenforgood.org\/wp-content\/uploads\/2024\/02\/00-icongfghorts.png\" alt='Huertos Green for Good' title='Huertos_Green_for_Good'  height=\"64\" width=\"64\"  itemprop=\"thumbnailUrl\" srcset=\"https:\/\/fundacioferrergreenforgood.org\/wp-content\/uploads\/2024\/02\/00-icongfghorts.png 64w, https:\/\/fundacioferrergreenforgood.org\/wp-content\/uploads\/2024\/02\/00-icongfghorts-36x36.png 36w\" sizes=\"(max-width: 64px) 100vw, 64px\" \/><\/div><\/div><\/div><br \/>\n\n<style type=\"text\/css\" data-created_by=\"avia_inline_auto\" id=\"style-css-av-lu1tgxwc-65381f3f8c1ab6619870eedede04d9e3\">\n#top .av_textblock_section.av-lu1tgxwc-65381f3f8c1ab6619870eedede04d9e3 .avia_textblock{\ncolor:#80b900;\n}\n<\/style>\n<section  class='av_textblock_section av-lu1tgxwc-65381f3f8c1ab6619870eedede04d9e3 '   itemscope=\"itemscope\" itemtype=\"https:\/\/schema.org\/CreativeWork\" ><div class='avia_textblock menunotabs av_inherit_color'  itemprop=\"text\" ><p style=\"text-align: center;\"><a href=\"https:\/\/fundacioferrergreenforgood.org\/es\/huertos\/\"><span style=\"color: #80b900;\"><b>Nuestros huertos<\/b><\/span><\/a><\/p>\n<\/div><\/section><\/p><\/div><div  class='flex_column av-10q9a7u-19a00d1e902d21bc238dca4dc78f6e2f av_one_third  avia-builder-el-9  el_after_av_one_third  el_before_av_hr  flex_column_div  '     ><p>\n<style type=\"text\/css\" data-created_by=\"avia_inline_auto\" id=\"style-css-av-3j45wa-f25a7fbf35d34424f83ef8ce596d3ddb\">\n.avia-image-container.av-3j45wa-f25a7fbf35d34424f83ef8ce596d3ddb img.avia_image{\nbox-shadow:none;\n}\n.avia-image-container.av-3j45wa-f25a7fbf35d34424f83ef8ce596d3ddb .av-image-caption-overlay-center{\ncolor:#ffffff;\n}\n<\/style>\n<div  class='avia-image-container av-3j45wa-f25a7fbf35d34424f83ef8ce596d3ddb av-styling-no-styling av-img-linked avia-align-center  avia-builder-el-10  el_before_av_textblock  avia-builder-el-first '   itemprop=\"image\" itemscope=\"itemscope\" itemtype=\"https:\/\/schema.org\/ImageObject\" ><div class=\"avia-image-container-inner\"><div class=\"avia-image-overlay-wrap\"><a href=\"https:\/\/fundacioferrergreenforgood.org\/es\/green-for-good\/investigacion\/\" class='avia_image '  aria-label='Manifiesto'><img decoding=\"async\" fetchpriority=\"high\" class='wp-image-3938 avia-img-lazy-loading-not-3938 avia_image ' src=\"https:\/\/fundacioferrergreenforgood.org\/wp-content\/uploads\/2024\/02\/00-icongfgmanifest3.png\" alt='Manifiesto' title='Manifiesto'  height=\"64\" width=\"64\"  itemprop=\"thumbnailUrl\" srcset=\"https:\/\/fundacioferrergreenforgood.org\/wp-content\/uploads\/2024\/02\/00-icongfgmanifest3.png 64w, https:\/\/fundacioferrergreenforgood.org\/wp-content\/uploads\/2024\/02\/00-icongfgmanifest3-36x36.png 36w\" sizes=\"(max-width: 64px) 100vw, 64px\" \/><\/a><\/div><\/div><\/div><br \/>\n<section  class='av_textblock_section av-xj54ei-30fe57116d9bfba5c0a8e6146b841af3 '   itemscope=\"itemscope\" itemtype=\"https:\/\/schema.org\/CreativeWork\" ><div class='avia_textblock menunotabs'  itemprop=\"text\" ><p style=\"text-align: center;\"><a href=\"https:\/\/fundacioferrergreenforgood.org\/es\/green-for-good\/investigacion\/\"><b>Investigaci\u00f3n<\/b><\/a><\/p>\n<\/div><\/section><\/p><\/div>\n<style type=\"text\/css\" data-created_by=\"avia_inline_auto\" id=\"style-css-av-wasbu2-87cf46d884fce23ea4063e101e96e66d\">\n#top .hr.av-wasbu2-87cf46d884fce23ea4063e101e96e66d{\nmargin-top:0px;\nmargin-bottom:30px;\n}\n.hr.av-wasbu2-87cf46d884fce23ea4063e101e96e66d .hr-inner{\nwidth:100%;\nborder-color:#e2e7e1;\n}\n<\/style>\n<div  class='hr av-wasbu2-87cf46d884fce23ea4063e101e96e66d hr-custom  avia-builder-el-12  el_after_av_one_third  avia-builder-el-last  hr-left hr-icon-no'><span class='hr-inner inner-border-av-border-thin'><span class=\"hr-inner-style\"><\/span><\/span><\/div>\n\n<\/div><\/div><\/div><!-- close content main div --><\/div><\/div>\n<style type=\"text\/css\" data-created_by=\"avia_inline_auto\" id=\"style-css-av-u0bku2-b9b2a8b45830ce282bc0226f807ed375\">\n.avia-section.av-u0bku2-b9b2a8b45830ce282bc0226f807ed375{\nmargin-top:30px;\nmargin-bottom:10px;\n}\n<\/style>\n<div id='av_section_2'  class='avia-section av-u0bku2-b9b2a8b45830ce282bc0226f807ed375 main_color avia-section-small avia-no-border-styling  avia-builder-el-13  el_after_av_section  avia-builder-el-last  avia-bg-style-scroll container_wrap fullsize'  ><div class='container av-section-cont-open' ><div class='template-page content  av-content-full alpha units'><div class='post-entry post-entry-type-page post-entry-5498'><div class='entry-content-wrapper clearfix'>\n<div class='flex_column_table av-2vobt6-aabbf497bccce95757537d2452742deb sc-av_one_fifth av-equal-height-column-flextable'><div  class='flex_column av-2vobt6-aabbf497bccce95757537d2452742deb av_one_fifth  avia-builder-el-14  el_before_av_three_fifth  avia-builder-el-first  first flex_column_table_cell av-equal-height-column av-align-top  '     ><\/div><div class='av-flex-placeholder'><\/div>\n<style type=\"text\/css\" data-created_by=\"avia_inline_auto\" id=\"style-css-av-r51xyi-a7eff0ba1fab4267d9113e1da28d2511\">\n.flex_column.av-r51xyi-a7eff0ba1fab4267d9113e1da28d2511{\nborder-radius:20px 20px 20px 20px;\n}\n<\/style>\n<div  class='flex_column av-r51xyi-a7eff0ba1fab4267d9113e1da28d2511 av_three_fifth  avia-builder-el-15  el_after_av_one_fifth  el_before_av_one_fifth  flex_column_table_cell av-equal-height-column av-align-top  '     ><section  class='av_textblock_section av-lu1t25zp-319eaeba6eee5b1e01558ae7e442836e '   itemscope=\"itemscope\" itemtype=\"https:\/\/schema.org\/CreativeWork\" ><div class='avia_textblock'  itemprop=\"text\" ><h3 style=\"text-align: center;\"><strong><img loading=\"lazy\" decoding=\"async\" class=\"alignnone wp-image-3633 size-full\" title=\"Jardi_Fenix\" src=\"https:\/\/fundacioferrergreenforgood.org\/wp-content\/uploads\/2024\/02\/011-gfghorts-02.png\" alt=\"Nuestro segundo jard\u00edn\" width=\"71\" height=\"51\" \/> <span data-olk-copy-source=\"MessageBody\">Jard\u00ed F\u00e8nix\u00a0<\/span><\/strong><\/h3>\n<h3 style=\"text-align: center;\"><strong><span data-olk-copy-source=\"MessageBody\">(CAS Sarri\u00e0 &#8211; Barcelona)<\/span><\/strong><\/h3>\n<\/div><\/section><\/div><div class='av-flex-placeholder'><\/div><div  class='flex_column av-q08gq2-c89d955bd4b70b09ad84702d20cd90f3 av_one_fifth  avia-builder-el-17  el_after_av_three_fifth  el_before_av_hr  flex_column_table_cell av-equal-height-column av-align-top  '     ><\/div><\/div><!--close column table wrapper. Autoclose: 1 -->\n<style type=\"text\/css\" data-created_by=\"avia_inline_auto\" id=\"style-css-av-4bubu2-8fc9a89951eb816ca845d58912f7f952\">\n#top .hr.av-4bubu2-8fc9a89951eb816ca845d58912f7f952{\nmargin-top:0px;\nmargin-bottom:30px;\n}\n.hr.av-4bubu2-8fc9a89951eb816ca845d58912f7f952 .hr-inner{\nwidth:100%;\nborder-color:#e2e7e1;\n}\n<\/style>\n<div  class='hr av-4bubu2-8fc9a89951eb816ca845d58912f7f952 hr-custom  avia-builder-el-18  el_after_av_one_fifth  el_before_av_one_third  hr-left hr-icon-no'><span class='hr-inner inner-border-av-border-thin'><span class=\"hr-inner-style\"><\/span><\/span><\/div>\n<div class='flex_column_table av-6sfud6-e62b290035a5160224708a574c6548ff sc-av_one_third av-equal-height-column-flextable'><div  class='flex_column av-6sfud6-e62b290035a5160224708a574c6548ff av_one_third  avia-builder-el-19  el_after_av_hr  el_before_av_one_third  first flex_column_table_cell av-equal-height-column av-align-top  '     ><div  class=\"avia-animated-number av-mieeellh-0be990d7526aaaacff0728fa900819f1 av-force-default-color avia_animate_when_visible  avia-builder-el-20  avia-builder-el-no-sibling  \" data-timer=\"3000\"><strong class=\"heading avia-animated-number-title\"><span class=\"avia-single-number __av-single-number\" data-number_format=\"\" data-number=\"1\" data-start_from=\"0\">1<\/span><span class=\"avia-no-number\">.<\/span><span class=\"avia-single-number __av-single-number\" data-number_format=\"\" data-number=\"000\" data-start_from=\"0\">000<\/span><\/strong><div class=\"avia-animated-number-content\"><p>METROS CUADRADOS DE SUPERFICIE<\/p>\n<\/div><\/div><\/div><div class='av-flex-placeholder'><\/div><div  class='flex_column av-5rjtq2-b31f1d3fd9b06fd09aabe5836ae7837d av_one_third  avia-builder-el-21  el_after_av_one_third  el_before_av_one_third  flex_column_table_cell av-equal-height-column av-align-top  '     ><div  class=\"avia-animated-number av-mieefb21-2ed8f90ac0d44e1699ec6cee9f42272e av-force-default-color avia_animate_when_visible  avia-builder-el-22  avia-builder-el-no-sibling  \" data-timer=\"3000\"><strong class=\"heading avia-animated-number-title\"><span class=\"avia-single-number __av-single-number\" data-number_format=\"\" data-number=\"2\" data-start_from=\"0\">2<\/span><span class=\"avia-no-number\">.<\/span><span class=\"avia-single-number __av-single-number\" data-number_format=\"\" data-number=\"849\" data-start_from=\"0\">849<\/span><\/strong><div class=\"avia-animated-number-content\"><p>KG. DE FRUTAS Y HORTALIZAS RECOLECTADAS DESDE 2022<\/p>\n<\/div><\/div><\/div><div class='av-flex-placeholder'><\/div><div  class='flex_column av-6vs32i-1800bf4901836d5583c14391d55819a0 av_one_third  avia-builder-el-23  el_after_av_one_third  el_before_av_one_fourth  flex_column_table_cell av-equal-height-column av-align-top  '     ><div  class=\"avia-animated-number av-mj9yw0yw-e557c55fc73db28bbd2b3fafe0d1ec94 av-force-default-color avia_animate_when_visible  avia-builder-el-24  avia-builder-el-no-sibling  \" data-timer=\"3000\"><strong class=\"heading avia-animated-number-title\"><span class=\"avia-single-number __av-single-number\" data-number_format=\"\" data-number=\"862\" data-start_from=\"0\">862<\/span><\/strong><div class=\"avia-animated-number-content\"><p>KG. DE FRUTAS Y HORTALIZAS RECOLECTADAS EN 2025<\/p>\n<\/div><\/div><\/div><\/div><!--close column table wrapper. Autoclose: 1 --><div class='flex_column_table av-46eusq-b3556ddf7b60c909e520472f05895645 sc-av_one_fourth av-equal-height-column-flextable'><div  class='flex_column av-46eusq-b3556ddf7b60c909e520472f05895645 av_one_fourth  avia-builder-el-25  el_after_av_one_third  el_before_av_one_fourth  first flex_column_table_cell av-equal-height-column av-align-top  column-top-margin'     ><\/div><div class='av-flex-placeholder'><\/div><div  class='flex_column av-5epxmy-23503d7f22e561730ef866d28bf4e4b5 av_one_fourth  avia-builder-el-26  el_after_av_one_fourth  el_before_av_one_fourth  flex_column_table_cell av-equal-height-column av-align-top  column-top-margin'     ><div  class=\"avia-animated-number av-difyi-4ab2f75e1b116905b61cf41936fe6de3 av-force-default-color avia_animate_when_visible  avia-builder-el-27  avia-builder-el-no-sibling  \" data-timer=\"3000\"><strong class=\"heading avia-animated-number-title\"><span class=\"avia-single-number __av-single-number\" data-number_format=\"\" data-number=\"243\" data-start_from=\"0\">243<\/span><\/strong><div class=\"avia-animated-number-content\"><p>PERSONAS VOLUNTARIAS DESDE 2022<\/p>\n<\/div><\/div><\/div><div class='av-flex-placeholder'><\/div><div  class='flex_column av-2vo43e-f8303befa514b91c3f48efce07f4c729 av_one_fourth  avia-builder-el-28  el_after_av_one_fourth  el_before_av_one_fourth  flex_column_table_cell av-equal-height-column av-align-top  column-top-margin'     ><div  class=\"avia-animated-number av-mieeg7ck-e9c85d33e880331c62578b9188375c78 av-force-default-color avia_animate_when_visible  avia-builder-el-29  avia-builder-el-no-sibling  \" data-timer=\"3000\"><strong class=\"heading avia-animated-number-title\"><span class=\"avia-single-number __av-single-number\" data-number_format=\"\" data-number=\"952\" data-start_from=\"0\">952<\/span><\/strong><div class=\"avia-animated-number-content\"><p>HORAS DE VOLUNTARIADO DESDE 2022<\/p>\n<\/div><\/div><\/div><div class='av-flex-placeholder'><\/div><div  class='flex_column av-2c7o1m-30e74fbce9e313124936c1a18d0c4279 av_one_fourth  avia-builder-el-30  el_after_av_one_fourth  el_before_av_hr  flex_column_table_cell av-equal-height-column av-align-top  column-top-margin'     ><\/div><\/div><!--close column table wrapper. Autoclose: 1 -->\n<style type=\"text\/css\" data-created_by=\"avia_inline_auto\" id=\"style-css-av-37tkju-d1edd4beb1024da09c80418588f2c6a6\">\n#top .hr.av-37tkju-d1edd4beb1024da09c80418588f2c6a6{\nmargin-top:0px;\nmargin-bottom:30px;\n}\n.hr.av-37tkju-d1edd4beb1024da09c80418588f2c6a6 .hr-inner{\nwidth:100%;\nborder-color:#e2e7e1;\n}\n<\/style>\n<div  class='hr av-37tkju-d1edd4beb1024da09c80418588f2c6a6 hr-custom  avia-builder-el-31  el_after_av_one_fourth  el_before_av_three_fifth  hr-left hr-icon-no'><span class='hr-inner inner-border-av-border-thin'><span class=\"hr-inner-style\"><\/span><\/span><\/div>\n<div class='flex_column_table av-nzy0ga-351c494101ea7d703a7c62feca5cc053 sc-av_three_fifth av-equal-height-column-flextable'>\n<style type=\"text\/css\" data-created_by=\"avia_inline_auto\" id=\"style-css-av-nzy0ga-351c494101ea7d703a7c62feca5cc053\">\n.flex_column.av-nzy0ga-351c494101ea7d703a7c62feca5cc053{\nwidth:56.8%;\nmargin-left:0;\nborder-radius:20px 20px 20px 20px;\n}\n#top .flex_column_table.av-equal-height-column-flextable.av-nzy0ga-351c494101ea7d703a7c62feca5cc053 .av-flex-placeholder{\nwidth:8%;\n}\n<\/style>\n<div  class='flex_column av-nzy0ga-351c494101ea7d703a7c62feca5cc053 av_three_fifth  avia-builder-el-32  el_after_av_hr  el_before_av_two_fifth  first flex_column_table_cell av-equal-height-column av-align-top  '     ><section  class='av_textblock_section av-mhsxd01u-0a07a55c3cac8341a24dd955178efcf0 '   itemscope=\"itemscope\" itemtype=\"https:\/\/schema.org\/CreativeWork\" ><div class='avia_textblock'  itemprop=\"text\" ><p>El Jard\u00ed F\u00e8nix, nuestro segundo huerto urbano terap\u00e9utico,<strong> tiene como objetivo empoderar a personas en tratamiento de drogodependencias<\/strong> en servicios CAS de Barcelona. Se trata de un espacio de 1.000m2 impulsado inicialmente por la Fundaci\u00f3n ABD en 2020, el cual se ha transformado completamente gracias al mecenazgo y a la intervenci\u00f3n de la Fundaci\u00f3 Ferrer Green for Good.<\/p>\n<p>Es un jard\u00edn comestible en r\u00e9gimen de permacultura y en el que se trabaja aplicando t\u00e9cnicas de cultivo regenerativo, dise\u00f1ado ad hoc con la instalaci\u00f3n de jardineras, sistemas de riego y planteles, seg\u00fan las necesidades y motivaciones del grupo de usuarios que se encargan de mantenerlo a diario.<\/p>\n<h5><\/h5>\n<\/div><\/section><\/div><div class='av-flex-placeholder'><\/div>\n<style type=\"text\/css\" data-created_by=\"avia_inline_auto\" id=\"style-css-av-lu1t57w4-f500e52d64915cd3701bace77e1e5d5c\">\n.flex_column.av-lu1t57w4-f500e52d64915cd3701bace77e1e5d5c{\nwidth:35.2%;\nmargin-left:0;\nborder-radius:0px 0px 0px 0px;\npadding:0px 0px 0px 0px;\nbackground-color:#f9ae22;\n}\n#top .flex_column_table.av-equal-height-column-flextable.av-lu1t57w4-f500e52d64915cd3701bace77e1e5d5c .av-flex-placeholder{\nwidth:8%;\n}\n<\/style>\n<div  class='flex_column av-lu1t57w4-f500e52d64915cd3701bace77e1e5d5c av_two_fifth  avia-builder-el-34  el_after_av_three_fifth  el_before_av_one_fifth  flex_column_table_cell av-equal-height-column av-align-top av-zero-column-padding  '     ><p>\n<style type=\"text\/css\" data-created_by=\"avia_inline_auto\" id=\"style-css-av-m9dkhm-c0da9013be5ca9df331575e58f63210f\">\n.avia-image-container.av-m9dkhm-c0da9013be5ca9df331575e58f63210f img.avia_image{\nbox-shadow:none;\n}\n.avia-image-container.av-m9dkhm-c0da9013be5ca9df331575e58f63210f .av-image-caption-overlay-center{\ncolor:#ffffff;\n}\n<\/style>\n<div  class='avia-image-container av-m9dkhm-c0da9013be5ca9df331575e58f63210f av-styling-no-styling avia-align-center  avia-builder-el-35  el_before_av_textblock  avia-builder-el-first '   itemprop=\"image\" itemscope=\"itemscope\" itemtype=\"https:\/\/schema.org\/ImageObject\" ><div class=\"avia-image-container-inner\"><div class=\"avia-image-overlay-wrap\"><img decoding=\"async\" fetchpriority=\"high\" class='wp-image-3640 avia-img-lazy-loading-not-3640 avia_image ' src=\"https:\/\/fundacioferrergreenforgood.org\/wp-content\/uploads\/2024\/02\/011-gfghorts-foto2.jpg\" alt='Nuestro Jard\u00edn F\u00e8nix en Pedralbes' title='Jardin_Fenix'  height=\"325\" width=\"528\"  itemprop=\"thumbnailUrl\" srcset=\"https:\/\/fundacioferrergreenforgood.org\/wp-content\/uploads\/2024\/02\/011-gfghorts-foto2.jpg 528w, https:\/\/fundacioferrergreenforgood.org\/wp-content\/uploads\/2024\/02\/011-gfghorts-foto2-300x185.jpg 300w\" sizes=\"(max-width: 528px) 100vw, 528px\" \/><\/div><\/div><\/div><br \/>\n<section  class='av_textblock_section av-kwmlh6-870af47f6beb13d2ebefbe828d736ba7 '   itemscope=\"itemscope\" itemtype=\"https:\/\/schema.org\/CreativeWork\" ><div class='avia_textblock textcaixesfotos'  itemprop=\"text\" ><p>Los alimentos que se obtienen se destinan a servicios sociales, concretamente al <strong>supermercado social gratuito La Botiga<\/strong>, en el Prat de Llobregat.<\/p>\n<\/div><\/section><br \/>\n\n<style type=\"text\/css\" data-created_by=\"avia_inline_auto\" id=\"style-css-av-jf7dd6-28531bf451c9ec88ce36cc01174959d9\">\n.avia-image-container.av-jf7dd6-28531bf451c9ec88ce36cc01174959d9 img.avia_image{\nbox-shadow:none;\n}\n.avia-image-container.av-jf7dd6-28531bf451c9ec88ce36cc01174959d9 .av-image-caption-overlay-center{\ncolor:#ffffff;\n}\n<\/style>\n<div  class='avia-image-container av-jf7dd6-28531bf451c9ec88ce36cc01174959d9 av-styling-no-styling avia-align-center  avia-builder-el-37  el_after_av_textblock  avia-builder-el-last '   itemprop=\"image\" itemscope=\"itemscope\" itemtype=\"https:\/\/schema.org\/ImageObject\" ><div class=\"avia-image-container-inner\"><div class=\"avia-image-overlay-wrap\"><img decoding=\"async\" fetchpriority=\"high\" class='wp-image-3253 avia-img-lazy-loading-not-3253 avia_image ' src=\"https:\/\/fundacioferrergreenforgood.org\/wp-content\/uploads\/2024\/02\/00-rasgatpetdalt.png\" alt='' title='00-rasgatpetdalt'  height=\"103\" width=\"444\"  itemprop=\"thumbnailUrl\" srcset=\"https:\/\/fundacioferrergreenforgood.org\/wp-content\/uploads\/2024\/02\/00-rasgatpetdalt.png 444w, https:\/\/fundacioferrergreenforgood.org\/wp-content\/uploads\/2024\/02\/00-rasgatpetdalt-300x70.png 300w\" sizes=\"(max-width: 444px) 100vw, 444px\" \/><\/div><\/div><\/div><\/p><\/div><\/div><!--close column table wrapper. Autoclose: 1 --><div class='flex_column_table av-hkb3u2-06f4cf84712d60f0d8df22f95b05540b sc-av_one_fifth av-equal-height-column-flextable'>\n<style type=\"text\/css\" data-created_by=\"avia_inline_auto\" id=\"style-css-av-hkb3u2-06f4cf84712d60f0d8df22f95b05540b\">\n#top .flex_column_table.av-equal-height-column-flextable.av-hkb3u2-06f4cf84712d60f0d8df22f95b05540b{\nmargin-top:0px;\nmargin-bottom:0px;\n}\n<\/style>\n<div  class='flex_column av-hkb3u2-06f4cf84712d60f0d8df22f95b05540b av_one_fifth  avia-builder-el-38  el_after_av_two_fifth  el_before_av_three_fifth  first no_margin flex_column_table_cell av-equal-height-column av-align-bottom  '     ><\/div>\n<style type=\"text\/css\" data-created_by=\"avia_inline_auto\" id=\"style-css-av-g2d8fe-473f733c84c115abd22d87e7a123193e\">\n#top .flex_column_table.av-equal-height-column-flextable.av-g2d8fe-473f733c84c115abd22d87e7a123193e{\nmargin-top:0px;\nmargin-bottom:0px;\n}\n<\/style>\n<div  class='flex_column av-g2d8fe-473f733c84c115abd22d87e7a123193e av_three_fifth  avia-builder-el-39  el_after_av_one_fifth  el_before_av_one_fifth  no_margin flex_column_table_cell av-equal-height-column av-align-bottom  '     ><section  class='av_textblock_section av-du4uy2-d1f12788e3f0d7779a66d564cf1764b5 '   itemscope=\"itemscope\" itemtype=\"https:\/\/schema.org\/CreativeWork\" ><div class='avia_textblock'  itemprop=\"text\" ><p><strong>Esta transformaci\u00f3n ha conseguido multiplicar el impacto social del huerto:<\/strong><\/p>\n<h5><\/h5>\n<\/div><\/section><\/div>\n<style type=\"text\/css\" data-created_by=\"avia_inline_auto\" id=\"style-css-av-cw20a2-32489cc607ef1dd3b1cafd3d12a99803\">\n#top .flex_column_table.av-equal-height-column-flextable.av-cw20a2-32489cc607ef1dd3b1cafd3d12a99803{\nmargin-top:0px;\nmargin-bottom:0px;\n}\n<\/style>\n<div  class='flex_column av-cw20a2-32489cc607ef1dd3b1cafd3d12a99803 av_one_fifth  avia-builder-el-41  el_after_av_three_fifth  el_before_av_one_fourth  no_margin flex_column_table_cell av-equal-height-column av-align-bottom  '     ><\/div><\/div><!--close column table wrapper. Autoclose: 1 --><div class='flex_column_table av-12b5ay-e42b4517aad71b80295cdce9b590557b sc-av_one_fourth av-equal-height-column-flextable'>\n<style type=\"text\/css\" data-created_by=\"avia_inline_auto\" id=\"style-css-av-12b5ay-e42b4517aad71b80295cdce9b590557b\">\n.flex_column.av-12b5ay-e42b4517aad71b80295cdce9b590557b{\nborder-radius:25px 25px 25px 25px;\npadding:25px 25px 0 25px;\nbackground-color:#e2e7e1;\n}\n<\/style>\n<div  class='flex_column av-12b5ay-e42b4517aad71b80295cdce9b590557b av_one_fourth  avia-builder-el-42  el_after_av_one_fifth  el_before_av_one_fourth  first flex_column_table_cell av-equal-height-column av-align-top  column-top-margin'     ><p>\n<style type=\"text\/css\" data-created_by=\"avia_inline_auto\" id=\"style-css-av-99nv2y-f7802449a47dd1bb1601c118679000e4\">\n.avia-image-container.av-99nv2y-f7802449a47dd1bb1601c118679000e4 img.avia_image{\nbox-shadow:none;\n}\n.avia-image-container.av-99nv2y-f7802449a47dd1bb1601c118679000e4 .av-image-caption-overlay-center{\ncolor:#ffffff;\n}\n<\/style>\n<div  class='avia-image-container av-99nv2y-f7802449a47dd1bb1601c118679000e4 av-styling-no-styling avia-align-center  avia-builder-el-43  el_before_av_textblock  avia-builder-el-first '   itemprop=\"image\" itemscope=\"itemscope\" itemtype=\"https:\/\/schema.org\/ImageObject\" ><div class=\"avia-image-container-inner\"><div class=\"avia-image-overlay-wrap\"><img decoding=\"async\" fetchpriority=\"high\" class='wp-image-5198 avia-img-lazy-loading-not-5198 avia_image ' src=\"https:\/\/fundacioferrergreenforgood.org\/wp-content\/uploads\/2024\/03\/011-gfg-horts-icon1.png\" alt='17 personas implicadas en los huertos Green for Good' title='17_personas_implicadas'  height=\"66\" width=\"64\"  itemprop=\"thumbnailUrl\" srcset=\"https:\/\/fundacioferrergreenforgood.org\/wp-content\/uploads\/2024\/03\/011-gfg-horts-icon1.png 64w, https:\/\/fundacioferrergreenforgood.org\/wp-content\/uploads\/2024\/03\/011-gfg-horts-icon1-36x36.png 36w\" sizes=\"(max-width: 64px) 100vw, 64px\" \/><\/div><\/div><\/div><br \/>\n<section  class='av_textblock_section av-lve9hu7u-53d1a819bda88b9f2fd1e67c8a6c94bb '   itemscope=\"itemscope\" itemtype=\"https:\/\/schema.org\/CreativeWork\" ><div class='avia_textblock'  itemprop=\"text\" ><p style=\"text-align: center;\"><strong>Actualmente 41 personas en tratamiento implicadas en la gesti\u00f3n y cultivo del jard\u00edn.<\/strong><\/p>\n<h5><\/h5>\n<\/div><\/section><\/p><\/div><div class='av-flex-placeholder'><\/div>\n<style type=\"text\/css\" data-created_by=\"avia_inline_auto\" id=\"style-css-av-7mhsze-c7b3f67b1f88832b8bcc725b2955e67c\">\n.flex_column.av-7mhsze-c7b3f67b1f88832b8bcc725b2955e67c{\nborder-radius:25px 25px 25px 25px;\npadding:25px 25px 0 25px;\nbackground-color:#e2e7e1;\n}\n<\/style>\n<div  class='flex_column av-7mhsze-c7b3f67b1f88832b8bcc725b2955e67c av_one_fourth  avia-builder-el-45  el_after_av_one_fourth  el_before_av_one_fourth  flex_column_table_cell av-equal-height-column av-align-top  column-top-margin'     ><p>\n<style type=\"text\/css\" data-created_by=\"avia_inline_auto\" id=\"style-css-av-63iup6-ecf3800c79adf8aa00804cad44ce7afa\">\n.avia-image-container.av-63iup6-ecf3800c79adf8aa00804cad44ce7afa img.avia_image{\nbox-shadow:none;\n}\n.avia-image-container.av-63iup6-ecf3800c79adf8aa00804cad44ce7afa .av-image-caption-overlay-center{\ncolor:#ffffff;\n}\n<\/style>\n<div  class='avia-image-container av-63iup6-ecf3800c79adf8aa00804cad44ce7afa av-styling-no-styling avia-align-center  avia-builder-el-46  el_before_av_textblock  avia-builder-el-first '   itemprop=\"image\" itemscope=\"itemscope\" itemtype=\"https:\/\/schema.org\/ImageObject\" ><div class=\"avia-image-container-inner\"><div class=\"avia-image-overlay-wrap\"><img decoding=\"async\" fetchpriority=\"high\" class='wp-image-4419 avia-img-lazy-loading-not-4419 avia_image ' src=\"https:\/\/fundacioferrergreenforgood.org\/wp-content\/uploads\/2024\/02\/011-gfg-horts-icon2.png\" alt='Augmento de la recurrencia al CAS' title='aumento_recurrencia_CAS'  height=\"66\" width=\"64\"  itemprop=\"thumbnailUrl\" srcset=\"https:\/\/fundacioferrergreenforgood.org\/wp-content\/uploads\/2024\/02\/011-gfg-horts-icon2.png 64w, https:\/\/fundacioferrergreenforgood.org\/wp-content\/uploads\/2024\/02\/011-gfg-horts-icon2-36x36.png 36w\" sizes=\"(max-width: 64px) 100vw, 64px\" \/><\/div><\/div><\/div><br \/>\n<section  class='av_textblock_section av-lve9hyhm-86da19bf1bd1edc280bed5639469846c '   itemscope=\"itemscope\" itemtype=\"https:\/\/schema.org\/CreativeWork\" ><div class='avia_textblock'  itemprop=\"text\" ><p style=\"text-align: center;\"><strong>Aumento de la recurrencia al CAS gracias a la actividad del huerto.<\/strong><\/p>\n<h5><\/h5>\n<\/div><\/section><\/p><\/div><div class='av-flex-placeholder'><\/div>\n<style type=\"text\/css\" data-created_by=\"avia_inline_auto\" id=\"style-css-av-3pv7wa-2e35b0260d249229b5c9c39d75b5fdc9\">\n.flex_column.av-3pv7wa-2e35b0260d249229b5c9c39d75b5fdc9{\nborder-radius:25px 25px 25px 25px;\npadding:25px 25px 0 25px;\nbackground-color:#e2e7e1;\n}\n<\/style>\n<div  class='flex_column av-3pv7wa-2e35b0260d249229b5c9c39d75b5fdc9 av_one_fourth  avia-builder-el-48  el_after_av_one_fourth  avia-builder-el-last  flex_column_table_cell av-equal-height-column av-align-top  column-top-margin'     ><p>\n<style type=\"text\/css\" data-created_by=\"avia_inline_auto\" id=\"style-css-av-26tp0q-d79542fb51b3e4cb085fe699a0a7134c\">\n.avia-image-container.av-26tp0q-d79542fb51b3e4cb085fe699a0a7134c img.avia_image{\nbox-shadow:none;\n}\n.avia-image-container.av-26tp0q-d79542fb51b3e4cb085fe699a0a7134c .av-image-caption-overlay-center{\ncolor:#ffffff;\n}\n<\/style>\n<div  class='avia-image-container av-26tp0q-d79542fb51b3e4cb085fe699a0a7134c av-styling-no-styling avia-align-center  avia-builder-el-49  el_before_av_textblock  avia-builder-el-first '   itemprop=\"image\" itemscope=\"itemscope\" itemtype=\"https:\/\/schema.org\/ImageObject\" ><div class=\"avia-image-container-inner\"><div class=\"avia-image-overlay-wrap\"><img decoding=\"async\" fetchpriority=\"high\" class='wp-image-4421 avia-img-lazy-loading-not-4421 avia_image ' src=\"https:\/\/fundacioferrergreenforgood.org\/wp-content\/uploads\/2024\/02\/011-gfg-horts-icon3.png\" alt='Aumento de la adherencia al tratamiento' title='aumento_adherencia_al_tratamiento'  height=\"66\" width=\"64\"  itemprop=\"thumbnailUrl\" srcset=\"https:\/\/fundacioferrergreenforgood.org\/wp-content\/uploads\/2024\/02\/011-gfg-horts-icon3.png 64w, https:\/\/fundacioferrergreenforgood.org\/wp-content\/uploads\/2024\/02\/011-gfg-horts-icon3-36x36.png 36w\" sizes=\"(max-width: 64px) 100vw, 64px\" \/><\/div><\/div><\/div><br \/>\n<section  class='av_textblock_section av-lve9i2un-fb07ab917de687e4e1c3cfb8bb486ba5 '   itemscope=\"itemscope\" itemtype=\"https:\/\/schema.org\/CreativeWork\" ><div class='avia_textblock'  itemprop=\"text\" ><p style=\"text-align: center;\"><strong>Aumento en la adherencia al tratamiento: m\u00e1s de la mitad de los pacientes est\u00e1n superando los 2 y 3 meses de continuidad.<\/strong><\/p>\n<h5><\/h5>\n<\/div><\/section><\/p><\/div><\/div><!--close column table wrapper. Autoclose: 1 -->\n","protected":false},"excerpt":{"rendered":"","protected":false},"author":3,"featured_media":0,"parent":5563,"menu_order":0,"comment_status":"closed","ping_status":"closed","template":"","meta":{"inline_featured_image":false,"footnotes":""},"class_list":["post-5498","page","type-page","status-publish","hentry"],"yoast_head":"<!-- This site is optimized with the Yoast SEO plugin v26.5 - https:\/\/yoast.com\/wordpress\/plugins\/seo\/ -->\n<title>Jard\u00ed F\u00e8nix\u00a0(CAS Sarri\u00e0 - Barcelona) - Fundaci\u00f3 Ferrer Green for Good<\/title>\n<meta name=\"description\" content=\"El Jard\u00ed F\u00e8nix, nuestro segundo huerto urbano terap\u00e9utico, tiene como objetivo empoderar a personas en tratamiento de drogodependencias en servicios CAS de Barcelona.\" \/>\n<meta name=\"robots\" content=\"index, follow, max-snippet:-1, max-image-preview:large, max-video-preview:-1\" \/>\n<link rel=\"canonical\" href=\"https:\/\/fundacioferrergreenforgood.org\/es\/green-for-good\/el-jardi-fenix\/\" \/>\n<meta property=\"og:locale\" content=\"es_ES\" \/>\n<meta property=\"og:type\" content=\"article\" \/>\n<meta property=\"og:title\" content=\"Jard\u00ed F\u00e8nix\u00a0(CAS Sarri\u00e0 - Barcelona) - Fundaci\u00f3 Ferrer Green for Good\" \/>\n<meta property=\"og:description\" content=\"El Jard\u00ed F\u00e8nix, nuestro segundo huerto urbano terap\u00e9utico, tiene como objetivo empoderar a personas en tratamiento de drogodependencias en servicios CAS de Barcelona.\" \/>\n<meta property=\"og:url\" content=\"https:\/\/fundacioferrergreenforgood.org\/es\/green-for-good\/el-jardi-fenix\/\" \/>\n<meta property=\"og:site_name\" content=\"Fundaci\u00f3 Ferrer Green for Good\" \/>\n<meta property=\"article:modified_time\" content=\"2026-01-19T08:38:54+00:00\" \/>\n<meta property=\"og:image\" content=\"https:\/\/fundacioferrergreenforgood.org\/wp-content\/uploads\/2024\/02\/011-gfghorts-02.png\" \/>\n<meta name=\"twitter:card\" content=\"summary_large_image\" \/>\n<meta name=\"twitter:label1\" content=\"Tiempo de lectura\" \/>\n\t<meta name=\"twitter:data1\" content=\"4 minutos\" \/>\n<script type=\"application\/ld+json\" class=\"yoast-schema-graph\">{\"@context\":\"https:\/\/schema.org\",\"@graph\":[{\"@type\":\"WebPage\",\"@id\":\"https:\/\/fundacioferrergreenforgood.org\/es\/green-for-good\/el-jardi-fenix\/\",\"url\":\"https:\/\/fundacioferrergreenforgood.org\/es\/green-for-good\/el-jardi-fenix\/\",\"name\":\"Jard\u00ed F\u00e8nix\u00a0(CAS Sarri\u00e0 - Barcelona) - Fundaci\u00f3 Ferrer Green for Good\",\"isPartOf\":{\"@id\":\"https:\/\/fundacioferrergreenforgood.org\/#website\"},\"primaryImageOfPage\":{\"@id\":\"https:\/\/fundacioferrergreenforgood.org\/es\/green-for-good\/el-jardi-fenix\/#primaryimage\"},\"image\":{\"@id\":\"https:\/\/fundacioferrergreenforgood.org\/es\/green-for-good\/el-jardi-fenix\/#primaryimage\"},\"thumbnailUrl\":\"https:\/\/fundacioferrergreenforgood.org\/wp-content\/uploads\/2024\/02\/011-gfghorts-02.png\",\"datePublished\":\"2024-03-12T17:55:43+00:00\",\"dateModified\":\"2026-01-19T08:38:54+00:00\",\"description\":\"El Jard\u00ed F\u00e8nix, nuestro segundo huerto urbano terap\u00e9utico, tiene como objetivo empoderar a personas en tratamiento de drogodependencias en servicios CAS de Barcelona.\",\"breadcrumb\":{\"@id\":\"https:\/\/fundacioferrergreenforgood.org\/es\/green-for-good\/el-jardi-fenix\/#breadcrumb\"},\"inLanguage\":\"es\",\"potentialAction\":[{\"@type\":\"ReadAction\",\"target\":[\"https:\/\/fundacioferrergreenforgood.org\/es\/green-for-good\/el-jardi-fenix\/\"]}]},{\"@type\":\"ImageObject\",\"inLanguage\":\"es\",\"@id\":\"https:\/\/fundacioferrergreenforgood.org\/es\/green-for-good\/el-jardi-fenix\/#primaryimage\",\"url\":\"https:\/\/fundacioferrergreenforgood.org\/wp-content\/uploads\/2024\/02\/011-gfghorts-02.png\",\"contentUrl\":\"https:\/\/fundacioferrergreenforgood.org\/wp-content\/uploads\/2024\/02\/011-gfghorts-02.png\"},{\"@type\":\"BreadcrumbList\",\"@id\":\"https:\/\/fundacioferrergreenforgood.org\/es\/green-for-good\/el-jardi-fenix\/#breadcrumb\",\"itemListElement\":[{\"@type\":\"ListItem\",\"position\":1,\"name\":\"Green for Good\",\"item\":\"https:\/\/fundacioferrergreenforgood.org\/es\/green-for-good\/\"},{\"@type\":\"ListItem\",\"position\":2,\"name\":\"Jard\u00ed F\u00e8nix\u00a0(CAS Sarri\u00e0 &#8211; Barcelona)\"}]},{\"@type\":\"WebSite\",\"@id\":\"https:\/\/fundacioferrergreenforgood.org\/#website\",\"url\":\"https:\/\/fundacioferrergreenforgood.org\/\",\"name\":\"Fundaci\u00f3 Ferrer Green for Good\",\"description\":\"Fundaci\u00f3 Ferrer Green for Good\",\"potentialAction\":[{\"@type\":\"SearchAction\",\"target\":{\"@type\":\"EntryPoint\",\"urlTemplate\":\"https:\/\/fundacioferrergreenforgood.org\/?s={search_term_string}\"},\"query-input\":{\"@type\":\"PropertyValueSpecification\",\"valueRequired\":true,\"valueName\":\"search_term_string\"}}],\"inLanguage\":\"es\"}]}<\/script>\n<!-- \/ Yoast SEO plugin. -->","yoast_head_json":{"title":"Jard\u00ed F\u00e8nix\u00a0(CAS Sarri\u00e0 - Barcelona) - Fundaci\u00f3 Ferrer Green for Good","description":"El Jard\u00ed F\u00e8nix, nuestro segundo huerto urbano terap\u00e9utico, tiene como objetivo empoderar a personas en tratamiento de drogodependencias en servicios CAS de Barcelona.","robots":{"index":"index","follow":"follow","max-snippet":"max-snippet:-1","max-image-preview":"max-image-preview:large","max-video-preview":"max-video-preview:-1"},"canonical":"https:\/\/fundacioferrergreenforgood.org\/es\/green-for-good\/el-jardi-fenix\/","og_locale":"es_ES","og_type":"article","og_title":"Jard\u00ed F\u00e8nix\u00a0(CAS Sarri\u00e0 - Barcelona) - Fundaci\u00f3 Ferrer Green for Good","og_description":"El Jard\u00ed F\u00e8nix, nuestro segundo huerto urbano terap\u00e9utico, tiene como objetivo empoderar a personas en tratamiento de drogodependencias en servicios CAS de Barcelona.","og_url":"https:\/\/fundacioferrergreenforgood.org\/es\/green-for-good\/el-jardi-fenix\/","og_site_name":"Fundaci\u00f3 Ferrer Green for Good","article_modified_time":"2026-01-19T08:38:54+00:00","og_image":[{"url":"https:\/\/fundacioferrergreenforgood.org\/wp-content\/uploads\/2024\/02\/011-gfghorts-02.png","type":"","width":"","height":""}],"twitter_card":"summary_large_image","twitter_misc":{"Tiempo de lectura":"4 minutos"},"schema":{"@context":"https:\/\/schema.org","@graph":[{"@type":"WebPage","@id":"https:\/\/fundacioferrergreenforgood.org\/es\/green-for-good\/el-jardi-fenix\/","url":"https:\/\/fundacioferrergreenforgood.org\/es\/green-for-good\/el-jardi-fenix\/","name":"Jard\u00ed F\u00e8nix\u00a0(CAS Sarri\u00e0 - Barcelona) - Fundaci\u00f3 Ferrer Green for Good","isPartOf":{"@id":"https:\/\/fundacioferrergreenforgood.org\/#website"},"primaryImageOfPage":{"@id":"https:\/\/fundacioferrergreenforgood.org\/es\/green-for-good\/el-jardi-fenix\/#primaryimage"},"image":{"@id":"https:\/\/fundacioferrergreenforgood.org\/es\/green-for-good\/el-jardi-fenix\/#primaryimage"},"thumbnailUrl":"https:\/\/fundacioferrergreenforgood.org\/wp-content\/uploads\/2024\/02\/011-gfghorts-02.png","datePublished":"2024-03-12T17:55:43+00:00","dateModified":"2026-01-19T08:38:54+00:00","description":"El Jard\u00ed F\u00e8nix, nuestro segundo huerto urbano terap\u00e9utico, tiene como objetivo empoderar a personas en tratamiento de drogodependencias en servicios CAS de Barcelona.","breadcrumb":{"@id":"https:\/\/fundacioferrergreenforgood.org\/es\/green-for-good\/el-jardi-fenix\/#breadcrumb"},"inLanguage":"es","potentialAction":[{"@type":"ReadAction","target":["https:\/\/fundacioferrergreenforgood.org\/es\/green-for-good\/el-jardi-fenix\/"]}]},{"@type":"ImageObject","inLanguage":"es","@id":"https:\/\/fundacioferrergreenforgood.org\/es\/green-for-good\/el-jardi-fenix\/#primaryimage","url":"https:\/\/fundacioferrergreenforgood.org\/wp-content\/uploads\/2024\/02\/011-gfghorts-02.png","contentUrl":"https:\/\/fundacioferrergreenforgood.org\/wp-content\/uploads\/2024\/02\/011-gfghorts-02.png"},{"@type":"BreadcrumbList","@id":"https:\/\/fundacioferrergreenforgood.org\/es\/green-for-good\/el-jardi-fenix\/#breadcrumb","itemListElement":[{"@type":"ListItem","position":1,"name":"Green for Good","item":"https:\/\/fundacioferrergreenforgood.org\/es\/green-for-good\/"},{"@type":"ListItem","position":2,"name":"Jard\u00ed F\u00e8nix\u00a0(CAS Sarri\u00e0 &#8211; Barcelona)"}]},{"@type":"WebSite","@id":"https:\/\/fundacioferrergreenforgood.org\/#website","url":"https:\/\/fundacioferrergreenforgood.org\/","name":"Fundaci\u00f3 Ferrer Green for Good","description":"Fundaci\u00f3 Ferrer Green for Good","potentialAction":[{"@type":"SearchAction","target":{"@type":"EntryPoint","urlTemplate":"https:\/\/fundacioferrergreenforgood.org\/?s={search_term_string}"},"query-input":{"@type":"PropertyValueSpecification","valueRequired":true,"valueName":"search_term_string"}}],"inLanguage":"es"}]}},"_links":{"self":[{"href":"https:\/\/fundacioferrergreenforgood.org\/es\/wp-json\/wp\/v2\/pages\/5498","targetHints":{"allow":["GET"]}}],"collection":[{"href":"https:\/\/fundacioferrergreenforgood.org\/es\/wp-json\/wp\/v2\/pages"}],"about":[{"href":"https:\/\/fundacioferrergreenforgood.org\/es\/wp-json\/wp\/v2\/types\/page"}],"author":[{"embeddable":true,"href":"https:\/\/fundacioferrergreenforgood.org\/es\/wp-json\/wp\/v2\/users\/3"}],"replies":[{"embeddable":true,"href":"https:\/\/fundacioferrergreenforgood.org\/es\/wp-json\/wp\/v2\/comments?post=5498"}],"version-history":[{"count":33,"href":"https:\/\/fundacioferrergreenforgood.org\/es\/wp-json\/wp\/v2\/pages\/5498\/revisions"}],"predecessor-version":[{"id":7518,"href":"https:\/\/fundacioferrergreenforgood.org\/es\/wp-json\/wp\/v2\/pages\/5498\/revisions\/7518"}],"up":[{"embeddable":true,"href":"https:\/\/fundacioferrergreenforgood.org\/es\/wp-json\/wp\/v2\/pages\/5563"}],"wp:attachment":[{"href":"https:\/\/fundacioferrergreenforgood.org\/es\/wp-json\/wp\/v2\/media?parent=5498"}],"curies":[{"name":"wp","href":"https:\/\/api.w.org\/{rel}","templated":true}]}}