{"id":6586,"date":"2021-03-24T21:41:11","date_gmt":"2021-03-24T21:41:11","guid":{"rendered":"https:\/\/fundacioferrergreenforgood.org\/politica-de-privacitat\/"},"modified":"2025-12-01T09:02:20","modified_gmt":"2025-12-01T09:02:20","slug":"politica-de-privacitat","status":"publish","type":"page","link":"https:\/\/fundacioferrergreenforgood.org\/es\/politica-de-privacitat\/","title":{"rendered":"Pol\u00edtica de privacitat"},"content":{"rendered":"\n<style type=\"text\/css\" data-created_by=\"avia_inline_auto\" id=\"style-css-av-z8ke-93b5f3a6a293975eabe6f07476dcac57\">\n.avia-section.av-z8ke-93b5f3a6a293975eabe6f07476dcac57{\nbackground-repeat:repeat-x;\nbackground-image:url(https:\/\/fundacioferrergreenforgood.org\/wp-content\/uploads\/2025\/12\/Prova-3.jpg);\nbackground-position:50% 0%;\nbackground-attachment:scroll;\nmargin-top:100px;\nmargin-bottom:70px;\n}\n<\/style>\n<div id='av_section_1'  class='avia-section av-z8ke-93b5f3a6a293975eabe6f07476dcac57 alternate_color avia-section-default avia-no-border-styling  avia-builder-el-0  el_before_av_textblock  avia-builder-el-first  avia-bg-style-scroll av-minimum-height av-minimum-height-custom av-height-custom  container_wrap fullsize'  data-section-bg-repeat='repeat-x' data-av_minimum_height_px='500'><div class='container av-section-cont-open' style='height:500px'><main  role=\"main\" itemprop=\"mainContentOfPage\"  class='template-page content  av-content-full alpha units'><div class='post-entry post-entry-type-page post-entry-6586'><div class='entry-content-wrapper clearfix'><\/div><\/div><\/main><!-- close content main element --><\/div><\/div><div id='after_section_1'  class='main_color av_default_container_wrap container_wrap fullsize'  ><div class='container av-section-cont-open' ><div class='template-page content  av-content-full alpha units'><div class='post-entry post-entry-type-page post-entry-6586'><div class='entry-content-wrapper clearfix'>\n<section  class='av_textblock_section av-lsiyurqx-dc6a62c290be264c43dee7f874a2e6ad '   itemscope=\"itemscope\" itemtype=\"https:\/\/schema.org\/CreativeWork\" ><div class='avia_textblock'  itemprop=\"text\" ><h1>Pol\u00edtica de privacidad<\/h1>\n<\/div><\/section>\n\n<style type=\"text\/css\" data-created_by=\"avia_inline_auto\" id=\"style-css-av-ny0a-015b518842a7ed05e34ff055d8d58fdc\">\n.flex_column.av-ny0a-015b518842a7ed05e34ff055d8d58fdc{\nborder-radius:0px 0px 0px 0px;\npadding:0px 0px 0px 0px;\n}\n<\/style>\n<div  class='flex_column av-ny0a-015b518842a7ed05e34ff055d8d58fdc av_two_third  avia-builder-el-2  el_after_av_textblock  avia-builder-el-last  first flex_column_div av-zero-column-padding  column-top-margin'     ><section  class='av_textblock_section av-kmv1a8cu-c57c3cfd63609236bde120d04db53c54 '   itemscope=\"itemscope\" itemtype=\"https:\/\/schema.org\/CreativeWork\" ><div class='avia_textblock'  itemprop=\"text\" ><p class=\"p1\"><span class=\"TextRun SCXW59264389 BCX8\" lang=\"ES-ES\" xml:lang=\"ES-ES\" data-contrast=\"auto\"><span class=\"NormalTextRun SCXW59264389 BCX8\">Mediante la presente Pol\u00edtica de Privacidad, le informamos sobre la recopilaci\u00f3n, tratamiento y uso de sus datos personales mediante la utilizaci\u00f3n de la P\u00e1gina web <a href=\"http:\/\/www.fundacioferrergreenforgood.org\">http:\/\/www.fundacioferrergreenforgood.org <\/a><\/span><span class=\"NormalTextRun SCXW59264389 BCX8\">(en adelante, la \u201c<\/span><\/span><span class=\"TextRun SCXW59264389 BCX8\" lang=\"ES-ES\" xml:lang=\"ES-ES\" data-contrast=\"auto\"><span class=\"NormalTextRun SCXW59264389 BCX8\">P\u00e1gina web<\/span><\/span><span class=\"TextRun SCXW59264389 BCX8\" lang=\"ES-ES\" xml:lang=\"ES-ES\" data-contrast=\"auto\"><span class=\"NormalTextRun SCXW59264389 BCX8\">\u201d).<\/span><\/span><span class=\"EOP SCXW59264389 BCX8\" data-ccp-props=\"{}\">\u00a0<\/span><\/p>\n<p class=\"p1\"><b><span class=\"TextRun SCXW128605487 BCX8\" lang=\"ES-ES\" xml:lang=\"ES-ES\" data-contrast=\"auto\"><span class=\"NormalTextRun SCXW128605487 BCX8\">\u00bfQui\u00e9n es el responsable del tratamiento de sus datos?<\/span><\/span><\/b><\/p>\n<ul class=\"ul1\">\n<li class=\"li3\"><span class=\"TextRun SCXW251698580 BCX8\" lang=\"ES-ES\" xml:lang=\"ES-ES\" data-contrast=\"auto\"><span class=\"NormalTextRun SCXW251698580 BCX8\">Identidad del responsable:\u202f<\/span><\/span><span class=\"TextRun SCXW251698580 BCX8\" lang=\"ES-ES\" xml:lang=\"ES-ES\" data-contrast=\"auto\"><span class=\"NormalTextRun SCXW251698580 BCX8\">FUNDACI\u00d3\u00a0<\/span><span class=\"NormalTextRun SCXW251698580 BCX8\">FERRER\u00a0<\/span><span class=\"NormalTextRun SCXW251698580 BCX8\">GREEN FOR GOOD<\/span><span class=\"NormalTextRun SCXW251698580 BCX8\">\u202f<\/span><\/span><span class=\"TextRun SCXW251698580 BCX8\" lang=\"ES-ES\" xml:lang=\"ES-ES\" data-contrast=\"auto\"><span class=\"NormalTextRun SCXW251698580 BCX8\">(en adelante,\u00a0<\/span><\/span><span class=\"TextRun SCXW251698580 BCX8\" lang=\"ES-ES\" xml:lang=\"ES-ES\" data-contrast=\"auto\"><span class=\"NormalTextRun SCXW251698580 BCX8\">\u201cla\u00a0<\/span><span class=\"NormalTextRun SpellingErrorV2Themed SCXW251698580 BCX8\">F<\/span><span class=\"NormalTextRun SpellingErrorV2Themed SCXW251698580 BCX8\">undaci\u00f3<\/span><span class=\"NormalTextRun SCXW251698580 BCX8\">\u00a0Ferrer\u201d<\/span><\/span><span class=\"TextRun SCXW251698580 BCX8\" lang=\"ES-ES\" xml:lang=\"ES-ES\" data-contrast=\"auto\"><span class=\"NormalTextRun SCXW251698580 BCX8\">), con NIF\u00a0<\/span><span class=\"NormalTextRun SCXW251698580 BCX8\">G75531145<\/span><\/span><span class=\"TextRun SCXW251698580 BCX8\" lang=\"CA-ES\" xml:lang=\"CA-ES\" data-contrast=\"auto\"><span class=\"NormalTextRun SCXW251698580 BCX8\">.<\/span><\/span><span class=\"EOP SCXW251698580 BCX8\" data-ccp-props=\"{}\">\u00a0<\/span><\/li>\n<li class=\"li3\"><span class=\"TextRun SCXW31439890 BCX8\" lang=\"ES-ES\" xml:lang=\"ES-ES\" data-contrast=\"auto\"><span class=\"NormalTextRun SCXW31439890 BCX8\">Direcci\u00f3n: Avenida Diagonal,\u00a0<\/span><span class=\"NormalTextRun SpellingErrorV2Themed SCXW31439890 BCX8\">n\u00ba<\/span><span class=\"NormalTextRun SCXW31439890 BCX8\">\u00a0549, 5\u00aa Planta, 08029, Barcelona (Espa\u00f1a)<\/span><\/span><span class=\"EOP SCXW31439890 BCX8\" data-ccp-props=\"{}\">\u00a0<\/span><\/li>\n<li class=\"li3\"><span class=\"TextRun SCXW44335866 BCX8\" lang=\"ES-ES\" xml:lang=\"ES-ES\" data-contrast=\"auto\"><span class=\"NormalTextRun SCXW44335866 BCX8\">Correo:<\/span><span class=\"NormalTextRun SCXW44335866 BCX8\">\u00a0<\/span><\/span><a class=\"Hyperlink SCXW44335866 BCX8\" href=\"mailto:lopd@fundacionsferrer.org\" target=\"_blank\" rel=\"noreferrer noopener\"><span class=\"TextRun Underlined SCXW44335866 BCX8\" lang=\"ES-ES\" xml:lang=\"ES-ES\" data-contrast=\"none\"><span class=\"NormalTextRun SCXW44335866 BCX8\" data-ccp-charstyle=\"Hyperlink\">lopd@fundacionsferrer.org<\/span><\/span><\/a><span class=\"TextRun SCXW44335866 BCX8\" lang=\"ES-ES\" xml:lang=\"ES-ES\" data-contrast=\"auto\"><span class=\"NormalTextRun SCXW44335866 BCX8\">\u00a0<\/span><\/span><span class=\"EOP SCXW44335866 BCX8\" data-ccp-props=\"{}\">\u00a0<\/span><\/li>\n<li><span class=\"TextRun SCXW209965817 BCX8\" lang=\"ES-ES\" xml:lang=\"ES-ES\" data-contrast=\"auto\"><span class=\"NormalTextRun SCXW209965817 BCX8\">Contacto del delegado de protecci\u00f3n de datos:<\/span><span class=\"NormalTextRun SCXW209965817 BCX8\">\u202f<\/span><span class=\"NormalTextRun SCXW209965817 BCX8\">\u00a0<\/span><\/span><a class=\"Hyperlink SCXW209965817 BCX8\" href=\"mailto:lopd@fundacionsferrer.org\" target=\"_blank\" rel=\"noreferrer noopener\"><span class=\"TextRun Underlined SCXW209965817 BCX8\" lang=\"ES-ES\" xml:lang=\"ES-ES\" data-contrast=\"none\"><span class=\"NormalTextRun SCXW209965817 BCX8\" data-ccp-charstyle=\"Hyperlink\">lopd@fundacionsferrer.org<\/span><\/span><\/a><\/li>\n<\/ul>\n<p class=\"p1\"><b><span class=\"TextRun SCXW217292248 BCX8\" lang=\"ES-ES\" xml:lang=\"ES-ES\" data-contrast=\"auto\"><span class=\"NormalTextRun SCXW217292248 BCX8\">\u00bfCon qu\u00e9 finalidad tratamos sus datos?\u202f<\/span><\/span><\/b><\/p>\n<p><span class=\"TextRun SCXW121821584 BCX8\" lang=\"ES-ES\" xml:lang=\"ES-ES\" data-contrast=\"auto\"><span class=\"NormalTextRun SCXW121821584 BCX8\">En la<\/span><span class=\"NormalTextRun SCXW121821584 BCX8\">\u00a0<\/span><span class=\"NormalTextRun SpellingErrorV2Themed SCXW121821584 BCX8\">F<\/span><span class=\"NormalTextRun SpellingErrorV2Themed SCXW121821584 BCX8\">undaci\u00f3<\/span><span class=\"NormalTextRun SCXW121821584 BCX8\">\u00a0Ferrer<\/span><span class=\"NormalTextRun SCXW121821584 BCX8\">\u202ftrataremos los datos personales que nos facilite, as\u00ed como todo aquellos que se recaben mediante el uso de la P\u00e1gina web, con la finalidad principal de enviarle nuestra\u202f<\/span><\/span><span class=\"TextRun SCXW121821584 BCX8\" lang=\"ES-ES\" xml:lang=\"ES-ES\" data-contrast=\"auto\"><span class=\"NormalTextRun SpellingErrorV2Themed SCXW121821584 BCX8\">newsletter<\/span><\/span><span class=\"TextRun SCXW121821584 BCX8\" lang=\"ES-ES\" xml:lang=\"ES-ES\" data-contrast=\"auto\"><span class=\"NormalTextRun SCXW121821584 BCX8\">\u202fcon informaci\u00f3n de inter\u00e9s sobre los hitos de\u00a0<\/span><span class=\"NormalTextRun SCXW121821584 BCX8\">la\u00a0<\/span><span class=\"NormalTextRun SpellingErrorV2Themed SCXW121821584 BCX8\">F<\/span><span class=\"NormalTextRun SpellingErrorV2Themed SCXW121821584 BCX8\">undaci\u00f3<\/span><span class=\"NormalTextRun SCXW121821584 BCX8\">\u00a0Ferrer<\/span><span class=\"NormalTextRun SCXW121821584 BCX8\">\u202fy\/o futuras oportunidades de voluntariado. Estas comunicaciones ser\u00e1n enviadas a la direcci\u00f3n de correo electr\u00f3nico informada por usted mediante el formulario de suscripci\u00f3n a la\u00a0<\/span><\/span><span class=\"TextRun SCXW121821584 BCX8\" lang=\"ES-ES\" xml:lang=\"ES-ES\" data-contrast=\"auto\"><span class=\"NormalTextRun SpellingErrorV2Themed SCXW121821584 BCX8\">newsletter<\/span><\/span><span class=\"TextRun SCXW121821584 BCX8\" lang=\"ES-ES\" xml:lang=\"ES-ES\" data-contrast=\"auto\"><span class=\"NormalTextRun SCXW121821584 BCX8\">.<\/span><\/span><span class=\"EOP SCXW121821584 BCX8\" data-ccp-props=\"{}\">\u00a0<\/span><\/p>\n<p class=\"p1\"><b><span class=\"TextRun SCXW248621354 BCX8\" lang=\"ES-ES\" xml:lang=\"ES-ES\" data-contrast=\"auto\"><span class=\"NormalTextRun SCXW248621354 BCX8\">\u00bfQu\u00e9 datos tratamos?<\/span><\/span><span class=\"EOP SCXW248621354 BCX8\" data-ccp-props=\"{}\">\u00a0<\/span><\/b><\/p>\n<p class=\"p2\"><span class=\"TextRun SCXW216268054 BCX8\" lang=\"ES-ES\" xml:lang=\"ES-ES\" data-contrast=\"auto\"><span class=\"NormalTextRun SCXW216268054 BCX8\">En el marco de la prestaci\u00f3n de los servicios que ofrece la P\u00e1gina web, en\u00a0<\/span><span class=\"NormalTextRun SCXW216268054 BCX8\">la\u00a0<\/span><span class=\"NormalTextRun SpellingErrorV2Themed SCXW216268054 BCX8\">F<\/span><span class=\"NormalTextRun SpellingErrorV2Themed SCXW216268054 BCX8\">undaci\u00f3<\/span><span class=\"NormalTextRun SCXW216268054 BCX8\">\u00a0Ferrer<\/span><span class=\"NormalTextRun SCXW216268054 BCX8\">\u202ftrataremos datos identificativos y de contacto.<\/span><\/span><span class=\"EOP SCXW216268054 BCX8\" data-ccp-props=\"{}\">\u00a0<\/span><\/p>\n<p class=\"p1\"><b><span class=\"TextRun SCXW176336509 BCX8\" lang=\"ES-ES\" xml:lang=\"ES-ES\" data-contrast=\"auto\"><span class=\"NormalTextRun SCXW176336509 BCX8\">\u00bfCu\u00e1l es la legitimaci\u00f3n para el tratamiento de sus datos?<\/span><\/span><\/b><\/p>\n<p><span class=\"TextRun SCXW248832263 BCX8\" lang=\"ES-ES\" xml:lang=\"ES-ES\" data-contrast=\"auto\"><span class=\"NormalTextRun SCXW248832263 BCX8\">La base legal que legitima el tratamiento de sus datos personales para el env\u00edo de la\u202f<\/span><\/span><span class=\"TextRun SCXW248832263 BCX8\" lang=\"ES-ES\" xml:lang=\"ES-ES\" data-contrast=\"auto\"><span class=\"NormalTextRun SpellingErrorV2Themed SCXW248832263 BCX8\">newsletter<\/span><\/span><span class=\"TextRun SCXW248832263 BCX8\" lang=\"ES-ES\" xml:lang=\"ES-ES\" data-contrast=\"auto\"><span class=\"NormalTextRun SCXW248832263 BCX8\">\u202fes\u202fsu consentimiento expreso\u202f(art. 6.1 a) del RGPD) otorgado en el momento de la suscripci\u00f3n. Puede retirar su consentimiento en el momento que desee dejar de recibir este tipo de informaci\u00f3n sin que, en ning\u00fan caso, la retirada de este consentimiento condicione las acciones anteriores a su retirada.<\/span><\/span><span class=\"EOP SCXW248832263 BCX8\" data-ccp-props=\"{}\">\u00a0<\/span><\/p>\n<p class=\"p1\"><b><span class=\"TextRun SCXW207253978 BCX8\" lang=\"ES-ES\" xml:lang=\"ES-ES\" data-contrast=\"auto\"><span class=\"NormalTextRun SCXW207253978 BCX8\">\u00bfA qu\u00e9 destinatarios se comunicar\u00e1n los datos?<\/span><\/span><span class=\"EOP SCXW207253978 BCX8\" data-ccp-props=\"{}\">\u00a0<\/span><\/b><\/p>\n<p><span data-contrast=\"auto\">La Fundaci\u00f3 Ferrer\u00a0no comunicar\u00e1 sus datos personales a terceros salvo en cumplimiento de las obligaciones legales que en cada caso correspondan.<\/span><span data-ccp-props=\"{}\">\u00a0<\/span><\/p>\n<p><span data-contrast=\"auto\">Del mismo modo, informarle de que sus datos personales podr\u00e1n ser accedidos por terceros que act\u00faen en nombre de la Fundaci\u00f3 Ferrer, siempre que dicho acceso y tratamiento de datos sea imprescindible para la prestaci\u00f3n de un servicio concreto a la Fundaci\u00f3 Ferrer. Bajo dicho escenario, estos terceros tratar\u00e1n sus datos personales exclusivamente para las finalidades que la Fundaci\u00f3 Ferrer determine en cada caso y, en ning\u00fan caso, para finalidades propias.<\/span><span data-ccp-props=\"{}\">\u00a0<\/span><\/p>\n<p class=\"p1\"><b><span class=\"TextRun SCXW75595127 BCX8\" lang=\"ES-ES\" xml:lang=\"ES-ES\" data-contrast=\"auto\"><span class=\"NormalTextRun SCXW75595127 BCX8\">\u00bfPor cu\u00e1nto tiempo conservaremos sus datos?<\/span><\/span><\/b><\/p>\n<p><span class=\"TextRun SCXW218915032 BCX8\" lang=\"ES-ES\" xml:lang=\"ES-ES\" data-contrast=\"auto\"><span class=\"NormalTextRun SCXW218915032 BCX8\">Sus datos personales ser\u00e1n conservados durante el plazo necesario para cumplir con el fin perseguido y mientras no solicite la supresi\u00f3n de los mismos, sin perjuicio de que, transcurrido el plazo, sean bloqueados durante el tiempo correspondiente para hacer frente a las acciones legales que pudiesen corresponder.<\/span><\/span><span class=\"EOP SCXW218915032 BCX8\" data-ccp-props=\"{}\">\u00a0<\/span><\/p>\n<p><b><span class=\"TextRun SCXW75595127 BCX8\" lang=\"ES-ES\" xml:lang=\"ES-ES\" data-contrast=\"auto\"><span class=\"NormalTextRun SCXW75595127 BCX8\">\u00bf<span class=\"TextRun SCXW30644539 BCX8\" lang=\"ES-ES\" xml:lang=\"ES-ES\" data-contrast=\"auto\"><span class=\"NormalTextRun SCXW30644539 BCX8\">Cu\u00e1les son sus derechos como titular de los datos?<\/span><\/span><span class=\"EOP SCXW30644539 BCX8\" data-ccp-props=\"{}\">\u00a0<\/span><\/span><\/span><\/b><\/p>\n<p class=\"p3\"><span class=\"TextRun SCXW103319518 BCX8\" lang=\"ES-ES\" xml:lang=\"ES-ES\" data-contrast=\"auto\"><span class=\"NormalTextRun SCXW103319518 BCX8\">Usted puede ejercer ante\u00a0<\/span><span class=\"NormalTextRun SCXW103319518 BCX8\">la\u00a0<\/span><span class=\"NormalTextRun SpellingErrorV2Themed SCXW103319518 BCX8\">F<\/span><span class=\"NormalTextRun SpellingErrorV2Themed SCXW103319518 BCX8\">undaci\u00f3<\/span><span class=\"NormalTextRun SCXW103319518 BCX8\">\u00a0Ferrer<\/span><span class=\"NormalTextRun SCXW103319518 BCX8\">, en cualquier momento, los siguientes derechos relacionados con sus datos personales:\u202f<\/span><\/span><span class=\"TextRun SCXW103319518 BCX8\" lang=\"ES-ES\" xml:lang=\"ES-ES\" data-contrast=\"auto\"><span class=\"NormalTextRun SCXW103319518 BCX8\">acceso; rectificaci\u00f3n; supresi\u00f3n; limitaci\u00f3n del tratamiento; portabilidad de los datos y oposici\u00f3n.\u202f<\/span><\/span><span class=\"TextRun SCXW103319518 BCX8\" lang=\"ES-ES\" xml:lang=\"ES-ES\" data-contrast=\"auto\"><span class=\"NormalTextRun SCXW103319518 BCX8\">A continuaci\u00f3n, detallamos a lo que le habilita cada uno de estos derechos:<\/span><\/span><span class=\"EOP SCXW103319518 BCX8\" data-ccp-props=\"{}\">\u00a0<\/span><\/p>\n<ul class=\"ul1\">\n<li class=\"li4\"><strong><span class=\"TextRun SCXW181343604 BCX8\" lang=\"ES-ES\" xml:lang=\"ES-ES\" data-contrast=\"auto\"><span class=\"NormalTextRun SCXW181343604 BCX8\">Acceso<\/span><\/span><\/strong><span class=\"TextRun SCXW181343604 BCX8\" lang=\"ES-ES\" xml:lang=\"ES-ES\" data-contrast=\"auto\"><span class=\"NormalTextRun SCXW181343604 BCX8\"><strong>:<\/strong> Podr\u00e1 obtener confirmaci\u00f3n si\u00a0<\/span><span class=\"NormalTextRun SCXW181343604 BCX8\">la\u00a0<\/span><span class=\"NormalTextRun SpellingErrorV2Themed SCXW181343604 BCX8\">F<\/span><span class=\"NormalTextRun SpellingErrorV2Themed SCXW181343604 BCX8\">undaci\u00f3<\/span><span class=\"NormalTextRun SCXW181343604 BCX8\">\u00a0Ferrer<\/span><span class=\"NormalTextRun SCXW181343604 BCX8\">\u202ftrata sus datos personales, as\u00ed como, consultar sus datos personales incluidos en los ficheros de\u00a0<\/span><span class=\"NormalTextRun SCXW181343604 BCX8\">la\u00a0<\/span><span class=\"NormalTextRun SpellingErrorV2Themed SCXW181343604 BCX8\">F<\/span><span class=\"NormalTextRun SpellingErrorV2Themed SCXW181343604 BCX8\">undaci\u00f3<\/span><span class=\"NormalTextRun SCXW181343604 BCX8\">\u00a0Ferrer.<\/span><\/span><span class=\"EOP SCXW181343604 BCX8\" data-ccp-props=\"{}\">\u00a0<\/span><\/li>\n<li class=\"li4\"><strong><span class=\"TextRun SCXW153387423 BCX8\" lang=\"ES-ES\" xml:lang=\"ES-ES\" data-contrast=\"auto\"><span class=\"NormalTextRun SCXW153387423 BCX8\">Rectificaci\u00f3n<\/span><\/span><\/strong><span class=\"TextRun SCXW153387423 BCX8\" lang=\"ES-ES\" xml:lang=\"ES-ES\" data-contrast=\"auto\"><span class=\"NormalTextRun SCXW153387423 BCX8\"><strong>:<\/strong> Podr\u00e1 modificar sus datos personales cuando sean inexactos o bien completar aquellos que sean incompletos.<\/span><\/span><span class=\"EOP SCXW153387423 BCX8\" data-ccp-props=\"{}\">\u00a0<\/span><\/li>\n<li class=\"li4\"><strong><span class=\"TextRun SCXW6208167 BCX8\" lang=\"ES-ES\" xml:lang=\"ES-ES\" data-contrast=\"auto\"><span class=\"NormalTextRun SCXW6208167 BCX8\">Supresi\u00f3n<\/span><\/span><\/strong><span class=\"TextRun SCXW6208167 BCX8\" lang=\"ES-ES\" xml:lang=\"ES-ES\" data-contrast=\"auto\"><span class=\"NormalTextRun SCXW6208167 BCX8\"><strong>:<\/strong> Podr\u00e1 solicitar la eliminaci\u00f3n de sus datos personales cuando, entre otros motivos, los datos ya no sean necesarios para los fines que fueron recogidos.<\/span><\/span><span class=\"EOP SCXW6208167 BCX8\" data-ccp-props=\"{}\">\u00a0<\/span><\/li>\n<li class=\"li4\"><strong><span class=\"TextRun SCXW221841545 BCX8\" lang=\"ES-ES\" xml:lang=\"ES-ES\" data-contrast=\"auto\"><span class=\"NormalTextRun SCXW221841545 BCX8\">Oposici\u00f3n<\/span><\/span><\/strong><span class=\"TextRun SCXW221841545 BCX8\" lang=\"ES-ES\" xml:lang=\"ES-ES\" data-contrast=\"auto\"><span class=\"NormalTextRun SCXW221841545 BCX8\"><strong>:<\/strong> Podr\u00e1 solicitar que no se traten sus datos personales.\u00a0<\/span><span class=\"NormalTextRun SCXW221841545 BCX8\">La\u00a0<\/span><span class=\"NormalTextRun SpellingErrorV2Themed SCXW221841545 BCX8\">F<\/span><span class=\"NormalTextRun SpellingErrorV2Themed SCXW221841545 BCX8\">undaci\u00f3<\/span><span class=\"NormalTextRun SCXW221841545 BCX8\">\u00a0Ferrer<\/span><span class=\"NormalTextRun SCXW221841545 BCX8\">\u202fdejar\u00e1 de tratar los datos, salvo la existencia de motivos leg\u00edtimos imperiosos o el ejercicio o la defensa de posibles reclamaciones.<\/span><\/span><span class=\"EOP SCXW221841545 BCX8\" data-ccp-props=\"{}\">\u00a0<\/span><\/li>\n<li class=\"li4\"><strong><span class=\"TextRun SCXW244373853 BCX8\" lang=\"ES-ES\" xml:lang=\"ES-ES\" data-contrast=\"auto\"><span class=\"NormalTextRun SCXW244373853 BCX8\">Limitaci\u00f3n del tratamiento<\/span><\/span><\/strong><span class=\"TextRun SCXW244373853 BCX8\" lang=\"ES-ES\" xml:lang=\"ES-ES\" data-contrast=\"auto\"><span class=\"NormalTextRun SCXW244373853 BCX8\"><strong>:<\/strong> Podr\u00e1 solicitar la limitaci\u00f3n al tratamiento de sus datos en los siguientes supuestos:<\/span><\/span><span class=\"EOP SCXW244373853 BCX8\" data-ccp-props=\"{}\">\u00a0<\/span>\n<ul class=\"ul1\">\n<li style=\"list-style-type: none;\">\n<ul class=\"ul1\">\n<li class=\"li5\"><span class=\"TextRun SCXW219180500 BCX8\" lang=\"ES-ES\" xml:lang=\"ES-ES\" data-contrast=\"auto\"><span class=\"NormalTextRun SCXW219180500 BCX8\">Mientras se compruebe la impugnaci\u00f3n de la exactitud de sus datos;<\/span><\/span><span class=\"EOP SCXW219180500 BCX8\" data-ccp-props=\"{}\">\u00a0<\/span><\/li>\n<li class=\"li5\"><span class=\"TextRun SCXW230400358 BCX8\" lang=\"ES-ES\" xml:lang=\"ES-ES\" data-contrast=\"auto\"><span class=\"NormalTextRun SCXW230400358 BCX8\">Cuando el tratamiento se considere il\u00edcito, como interesado podr\u00e1 oponerse a la supresi\u00f3n de sus datos y solicitar la limitaci\u00f3n de su uso;<\/span><\/span><span class=\"EOP SCXW230400358 BCX8\" data-ccp-props=\"{}\">\u00a0<\/span><\/li>\n<li class=\"li5\"><span class=\"TextRun SCXW5166033 BCX8\" lang=\"ES-ES\" xml:lang=\"ES-ES\" data-contrast=\"auto\"><span class=\"NormalTextRun SCXW5166033 BCX8\">Cuando\u00a0<\/span><span class=\"NormalTextRun SCXW5166033 BCX8\">la\u00a0<\/span><span class=\"NormalTextRun SpellingErrorV2Themed SCXW5166033 BCX8\">F<\/span><span class=\"NormalTextRun SpellingErrorV2Themed SCXW5166033 BCX8\">undaci\u00f3<\/span><span class=\"NormalTextRun SCXW5166033 BCX8\">\u00a0Ferrer\u00a0<\/span><span class=\"NormalTextRun SCXW5166033 BCX8\">no necesite tratar sus datos, pero usted los necesite para el ejercicio o defensa de reclamaciones;<\/span><\/span><span class=\"EOP SCXW5166033 BCX8\" data-ccp-props=\"{}\">\u00a0<\/span><\/li>\n<li class=\"li5\"><span class=\"TextRun SCXW40000845 BCX8\" lang=\"ES-ES\" xml:lang=\"ES-ES\" data-contrast=\"auto\"><span class=\"NormalTextRun SCXW40000845 BCX8\">Cuando se haya opuesto al tratamiento de sus datos para el cumplimiento de una misi\u00f3n de inter\u00e9s p\u00fablico o para la satisfacci\u00f3n de un inter\u00e9s leg\u00edtimo, la limitaci\u00f3n tendr\u00e1 lugar mientras se verifique si los motivos leg\u00edtimos para el tratamiento prevalecen sobre los suyos.<\/span><\/span><span class=\"EOP SCXW40000845 BCX8\" data-ccp-props=\"{}\">\u00a0<\/span><\/li>\n<\/ul>\n<\/li>\n<\/ul>\n<\/li>\n<li class=\"li4\"><strong><span class=\"TextRun SCXW229328644 BCX8\" lang=\"ES-ES\" xml:lang=\"ES-ES\" data-contrast=\"auto\"><span class=\"NormalTextRun SCXW229328644 BCX8\">Portabilidad<\/span><\/span><\/strong><span class=\"TextRun SCXW229328644 BCX8\" lang=\"ES-ES\" xml:lang=\"ES-ES\" data-contrast=\"auto\"><span class=\"NormalTextRun SCXW229328644 BCX8\"><strong>:<\/strong> Puede recibir, en formato electr\u00f3nico, los datos personales que nos haya facilitado y aquellos que se hayan obtenido de nuestra relaci\u00f3n, as\u00ed como transmitirlos a otra entidad responsable.<\/span><\/span><span class=\"EOP SCXW229328644 BCX8\" data-ccp-props=\"{}\">\u00a0<\/span><\/li>\n<\/ul>\n<p><span data-contrast=\"auto\">Para el ejercicio de tales derechos, puede enviar una solicitud escrita acompa\u00f1ada de documentaci\u00f3n y\/o informaci\u00f3n acreditativa de su identidad e\u00a0indicando expresamente qu\u00e9 derecho de entre los anteriormente relacionados desea ejercer mediante correo electr\u00f3nico a la direcci\u00f3n\u00a0<\/span><a href=\"mailto:lopd@fundacionsferrer.org\"><span data-contrast=\"none\">lopd@fundacionsferrer.org<\/span><\/a><span data-contrast=\"auto\">.\u00a0Tenga en cuenta, sin embargo, que el ejercicio de determinados derechos se podr\u00e1 ver limitado debido a la necesidad de dar cumplimiento a los intereses leg\u00edtimos de\u00a0la\u00a0Fundaci\u00f3\u00a0Ferrer, as\u00ed como en el caso de tener que cumplir con una obligaci\u00f3n legal.<\/span><span data-ccp-props=\"{}\">\u00a0<\/span><\/p>\n<p><span data-contrast=\"auto\">El ejercicio de estos derechos ser\u00e1 gratuito siempre que no se ejerzan de forma manifiestamente infundada o excesiva.<\/span><span data-ccp-props=\"{}\">\u00a0<\/span><\/p>\n<p><span data-contrast=\"auto\">Para terminar,\u00a0informarle\u00a0que tiene derecho a presentar una reclamaci\u00f3n ante la Agencia Espa\u00f1ola de Protecci\u00f3n de Datos (<\/span><a href=\"http:\/\/www.aepd.es\/\"><span data-contrast=\"none\">www.aepd.es<\/span><\/a><span data-contrast=\"auto\">), sita en la C\/Jorge Juan n\u00fam. 6 de 28001 Madrid, en el caso que considere que\u00a0la\u00a0Fundaci\u00f3\u00a0Ferrer\u202fno ha tratado sus datos conforme la normativa.<\/span><span data-ccp-props=\"{}\">\u00a0<\/span><\/p>\n<p><span data-contrast=\"auto\">Si tiene cualquier duda en relaci\u00f3n con el tratamiento de sus datos personales, puede contactar con nuestro delegado de protecci\u00f3n de datos a trav\u00e9s del siguiente e-mail:\u202f\u00a0<\/span><a href=\"mailto:lopd@fundacionsferrer.org\"><span data-contrast=\"none\">lopd@fundacionsferrer.org<\/span><\/a><span data-contrast=\"auto\">.\u00a0<\/span><span data-ccp-props=\"{}\">\u00a0<\/span><\/p>\n<\/div><\/section><\/div>\n","protected":false},"excerpt":{"rendered":"","protected":false},"author":1,"featured_media":0,"parent":0,"menu_order":0,"comment_status":"closed","ping_status":"closed","template":"","meta":{"inline_featured_image":false,"footnotes":""},"class_list":["post-6586","page","type-page","status-publish","hentry"],"yoast_head":"<!-- This site is optimized with the Yoast SEO plugin v26.5 - https:\/\/yoast.com\/wordpress\/plugins\/seo\/ -->\n<title>Pol\u00edtica de privacitat - Fundaci\u00f3 Ferrer Green for Good<\/title>\n<meta name=\"robots\" content=\"index, follow, max-snippet:-1, max-image-preview:large, max-video-preview:-1\" \/>\n<link rel=\"canonical\" href=\"https:\/\/fundacioferrergreenforgood.org\/politica-de-privacitat\/\" \/>\n<meta property=\"og:locale\" content=\"es_ES\" \/>\n<meta property=\"og:type\" content=\"article\" \/>\n<meta property=\"og:title\" content=\"Pol\u00edtica de privacitat - Fundaci\u00f3 Ferrer Green for Good\" \/>\n<meta property=\"og:url\" content=\"https:\/\/fundacioferrergreenforgood.org\/politica-de-privacitat\/\" \/>\n<meta property=\"og:site_name\" content=\"Fundaci\u00f3 Ferrer Green for Good\" \/>\n<meta property=\"article:modified_time\" content=\"2025-12-01T09:02:20+00:00\" \/>\n<meta name=\"twitter:card\" content=\"summary_large_image\" \/>\n<meta name=\"twitter:label1\" content=\"Tiempo de lectura\" \/>\n\t<meta name=\"twitter:data1\" content=\"5 minutos\" \/>\n<script type=\"application\/ld+json\" class=\"yoast-schema-graph\">{\"@context\":\"https:\/\/schema.org\",\"@graph\":[{\"@type\":\"WebPage\",\"@id\":\"https:\/\/fundacioferrergreenforgood.org\/politica-de-privacitat\/\",\"url\":\"https:\/\/fundacioferrergreenforgood.org\/politica-de-privacitat\/\",\"name\":\"Pol\u00edtica de privacitat - Fundaci\u00f3 Ferrer Green for Good\",\"isPartOf\":{\"@id\":\"https:\/\/fundacioferrergreenforgood.org\/#website\"},\"datePublished\":\"2021-03-24T21:41:11+00:00\",\"dateModified\":\"2025-12-01T09:02:20+00:00\",\"inLanguage\":\"es\",\"potentialAction\":[{\"@type\":\"ReadAction\",\"target\":[\"https:\/\/fundacioferrergreenforgood.org\/politica-de-privacitat\/\"]}]},{\"@type\":\"WebSite\",\"@id\":\"https:\/\/fundacioferrergreenforgood.org\/#website\",\"url\":\"https:\/\/fundacioferrergreenforgood.org\/\",\"name\":\"Fundaci\u00f3 Ferrer Green for Good\",\"description\":\"Fundaci\u00f3 Ferrer Green for Good\",\"potentialAction\":[{\"@type\":\"SearchAction\",\"target\":{\"@type\":\"EntryPoint\",\"urlTemplate\":\"https:\/\/fundacioferrergreenforgood.org\/?s={search_term_string}\"},\"query-input\":{\"@type\":\"PropertyValueSpecification\",\"valueRequired\":true,\"valueName\":\"search_term_string\"}}],\"inLanguage\":\"es\"}]}<\/script>\n<!-- \/ Yoast SEO plugin. -->","yoast_head_json":{"title":"Pol\u00edtica de privacitat - Fundaci\u00f3 Ferrer Green for Good","robots":{"index":"index","follow":"follow","max-snippet":"max-snippet:-1","max-image-preview":"max-image-preview:large","max-video-preview":"max-video-preview:-1"},"canonical":"https:\/\/fundacioferrergreenforgood.org\/politica-de-privacitat\/","og_locale":"es_ES","og_type":"article","og_title":"Pol\u00edtica de privacitat - Fundaci\u00f3 Ferrer Green for Good","og_url":"https:\/\/fundacioferrergreenforgood.org\/politica-de-privacitat\/","og_site_name":"Fundaci\u00f3 Ferrer Green for Good","article_modified_time":"2025-12-01T09:02:20+00:00","twitter_card":"summary_large_image","twitter_misc":{"Tiempo de lectura":"5 minutos"},"schema":{"@context":"https:\/\/schema.org","@graph":[{"@type":"WebPage","@id":"https:\/\/fundacioferrergreenforgood.org\/politica-de-privacitat\/","url":"https:\/\/fundacioferrergreenforgood.org\/politica-de-privacitat\/","name":"Pol\u00edtica de privacitat - Fundaci\u00f3 Ferrer Green for Good","isPartOf":{"@id":"https:\/\/fundacioferrergreenforgood.org\/#website"},"datePublished":"2021-03-24T21:41:11+00:00","dateModified":"2025-12-01T09:02:20+00:00","inLanguage":"es","potentialAction":[{"@type":"ReadAction","target":["https:\/\/fundacioferrergreenforgood.org\/politica-de-privacitat\/"]}]},{"@type":"WebSite","@id":"https:\/\/fundacioferrergreenforgood.org\/#website","url":"https:\/\/fundacioferrergreenforgood.org\/","name":"Fundaci\u00f3 Ferrer Green for Good","description":"Fundaci\u00f3 Ferrer Green for Good","potentialAction":[{"@type":"SearchAction","target":{"@type":"EntryPoint","urlTemplate":"https:\/\/fundacioferrergreenforgood.org\/?s={search_term_string}"},"query-input":{"@type":"PropertyValueSpecification","valueRequired":true,"valueName":"search_term_string"}}],"inLanguage":"es"}]}},"_links":{"self":[{"href":"https:\/\/fundacioferrergreenforgood.org\/es\/wp-json\/wp\/v2\/pages\/6586","targetHints":{"allow":["GET"]}}],"collection":[{"href":"https:\/\/fundacioferrergreenforgood.org\/es\/wp-json\/wp\/v2\/pages"}],"about":[{"href":"https:\/\/fundacioferrergreenforgood.org\/es\/wp-json\/wp\/v2\/types\/page"}],"author":[{"embeddable":true,"href":"https:\/\/fundacioferrergreenforgood.org\/es\/wp-json\/wp\/v2\/users\/1"}],"replies":[{"embeddable":true,"href":"https:\/\/fundacioferrergreenforgood.org\/es\/wp-json\/wp\/v2\/comments?post=6586"}],"version-history":[{"count":4,"href":"https:\/\/fundacioferrergreenforgood.org\/es\/wp-json\/wp\/v2\/pages\/6586\/revisions"}],"predecessor-version":[{"id":6980,"href":"https:\/\/fundacioferrergreenforgood.org\/es\/wp-json\/wp\/v2\/pages\/6586\/revisions\/6980"}],"wp:attachment":[{"href":"https:\/\/fundacioferrergreenforgood.org\/es\/wp-json\/wp\/v2\/media?parent=6586"}],"curies":[{"name":"wp","href":"https:\/\/api.w.org\/{rel}","templated":true}]}}